{"id":27542,"date":"2025-01-07T16:25:57","date_gmt":"2025-01-07T19:25:57","guid":{"rendered":"https:\/\/curriculo.sedu.es.gov.br\/curriculo\/?page_id=27542"},"modified":"2026-03-09T15:54:27","modified_gmt":"2026-03-09T18:54:27","slug":"orientacoescurriculares2024","status":"publish","type":"page","link":"https:\/\/curriculo.sedu.es.gov.br\/curriculo\/orientacoescurriculares2024\/","title":{"rendered":"Orienta\u00e7\u00f5es Curriculares 2024"},"content":{"rendered":"\t\t<div data-elementor-type=\"wp-page\" data-elementor-id=\"27542\" class=\"elementor elementor-27542\" data-elementor-post-type=\"page\">\n\t\t\t\t<div class=\"elementor-element elementor-element-828cb7c e-flex e-con-boxed e-con e-parent\" data-id=\"828cb7c\" data-element_type=\"container\" data-e-type=\"container\" data-settings=\"{&quot;background_background&quot;:&quot;classic&quot;}\">\n\t\t\t\t\t<div class=\"e-con-inner\">\n\t\t<div class=\"elementor-element elementor-element-6b80547e e-con-full e-flex e-con e-child\" data-id=\"6b80547e\" data-element_type=\"container\" data-e-type=\"container\">\n\t\t\t\t<div class=\"elementor-element elementor-element-6ac417f3 elementor-widget elementor-widget-image\" data-id=\"6ac417f3\" data-element_type=\"widget\" data-e-type=\"widget\" data-widget_type=\"image.default\">\n\t\t\t\t\t\t\t\t\t\t\t\t\t\t\t<img fetchpriority=\"high\" decoding=\"async\" width=\"4623\" height=\"237\" src=\"https:\/\/curriculo.sedu.es.gov.br\/curriculo\/wp-content\/uploads\/2024\/08\/001-1teste-1.png\" class=\"attachment-full size-full wp-image-23481\" alt=\"\" srcset=\"https:\/\/curriculo.sedu.es.gov.br\/curriculo\/wp-content\/uploads\/2024\/08\/001-1teste-1.png 4623w, https:\/\/curriculo.sedu.es.gov.br\/curriculo\/wp-content\/uploads\/2024\/08\/001-1teste-1-300x15.png 300w, https:\/\/curriculo.sedu.es.gov.br\/curriculo\/wp-content\/uploads\/2024\/08\/001-1teste-1-1024x52.png 1024w, https:\/\/curriculo.sedu.es.gov.br\/curriculo\/wp-content\/uploads\/2024\/08\/001-1teste-1-768x39.png 768w, https:\/\/curriculo.sedu.es.gov.br\/curriculo\/wp-content\/uploads\/2024\/08\/001-1teste-1-1536x79.png 1536w, https:\/\/curriculo.sedu.es.gov.br\/curriculo\/wp-content\/uploads\/2024\/08\/001-1teste-1-2048x105.png 2048w, https:\/\/curriculo.sedu.es.gov.br\/curriculo\/wp-content\/uploads\/2024\/08\/001-1teste-1-500x26.png 500w, https:\/\/curriculo.sedu.es.gov.br\/curriculo\/wp-content\/uploads\/2024\/08\/001-1teste-1-800x41.png 800w, https:\/\/curriculo.sedu.es.gov.br\/curriculo\/wp-content\/uploads\/2024\/08\/001-1teste-1-1280x66.png 1280w, https:\/\/curriculo.sedu.es.gov.br\/curriculo\/wp-content\/uploads\/2024\/08\/001-1teste-1-1920x98.png 1920w\" sizes=\"(max-width: 4623px) 100vw, 4623px\" \/>\t\t\t\t\t\t\t\t\t\t\t\t\t\t\t<\/div>\n\t\t\t\t<\/div>\n\t\t\t\t<div class=\"elementor-element elementor-element-62a6d6da elementor-widget elementor-widget-text-editor\" data-id=\"62a6d6da\" data-element_type=\"widget\" data-e-type=\"widget\" data-widget_type=\"text-editor.default\">\n\t\t\t\t\t\t\t\t\t<p><em><span style=\"color: #3b4381;\">Caro(a)<\/span><span style=\"color: #3b4381;\"> Professor(a)!<\/span><\/em><br \/><em><span style=\"color: #3b4381;\">A Ger\u00eancia de Curr\u00edculo da Educa\u00e7\u00e3o B\u00e1sica (GECEB), da Secretaria de Estado da Educa\u00e7\u00e3o do Esp\u00edrito Santo (SEDU), convida voc\u00eas a conhecerem as Orienta\u00e7\u00f5es Curriculares, elaboradas por Etapas de Ensino e Componentes Curriculares a partir do Curr\u00edculo do nosso estado.<\/span><\/em><\/p>\t\t\t\t\t\t\t\t<\/div>\n\t\t<div class=\"elementor-element elementor-element-5cdc65e3 e-con-full e-flex e-con e-child\" data-id=\"5cdc65e3\" data-element_type=\"container\" data-e-type=\"container\">\n\t\t<div class=\"elementor-element elementor-element-67e00dac e-con-full e-flex e-con e-child\" data-id=\"67e00dac\" data-element_type=\"container\" data-e-type=\"container\">\n\t\t\t\t<div class=\"elementor-element elementor-element-114187d0 elementor-widget elementor-widget-text-editor\" data-id=\"114187d0\" data-element_type=\"widget\" data-e-type=\"widget\" data-widget_type=\"text-editor.default\">\n\t\t\t\t\t\t\t\t\t<h1><strong>Orienta\u00e7\u00f5es Curriculares 2024<\/strong><\/h1>\t\t\t\t\t\t\t\t<\/div>\n\t\t\t\t<\/div>\n\t\t<div class=\"elementor-element elementor-element-6b1103ec e-con-full e-flex e-con e-child\" data-id=\"6b1103ec\" data-element_type=\"container\" data-e-type=\"container\">\n\t\t<div class=\"elementor-element elementor-element-130183a3 e-grid e-con-full e-con e-child\" data-id=\"130183a3\" data-element_type=\"container\" data-e-type=\"container\">\n\t\t\t\t<div class=\"elementor-element elementor-element-3eab897 elementor-widget elementor-widget-n-accordion\" data-id=\"3eab897\" data-element_type=\"widget\" data-e-type=\"widget\" data-settings=\"{&quot;default_state&quot;:&quot;expanded&quot;,&quot;max_items_expended&quot;:&quot;one&quot;,&quot;n_accordion_animation_duration&quot;:{&quot;unit&quot;:&quot;ms&quot;,&quot;size&quot;:400,&quot;sizes&quot;:[]}}\" data-widget_type=\"nested-accordion.default\">\n\t\t\t\t\t\t\t<div class=\"e-n-accordion\" aria-label=\"Accordion. Open links with Enter or Space, close with Escape, and navigate with Arrow Keys\">\n\t\t\t\t\t\t<details id=\"e-n-accordion-item-6570\" class=\"e-n-accordion-item\" open>\n\t\t\t\t<summary class=\"e-n-accordion-item-title\" data-accordion-index=\"1\" tabindex=\"0\" aria-expanded=\"true\" aria-controls=\"e-n-accordion-item-6570\" >\n\t\t\t\t\t<span class='e-n-accordion-item-title-header'><div class=\"e-n-accordion-item-title-text\"> ENSINO FUNDAMENTAL ANOS INICIAIS <\/div><\/span>\n\t\t\t\t\t\t\t<span class='e-n-accordion-item-title-icon'>\n\t\t\t<span class='e-opened' ><svg aria-hidden=\"true\" class=\"e-font-icon-svg e-fas-arrow-circle-down\" viewBox=\"0 0 512 512\" xmlns=\"http:\/\/www.w3.org\/2000\/svg\"><path d=\"M504 256c0 137-111 248-248 248S8 393 8 256 119 8 256 8s248 111 248 248zm-143.6-28.9L288 302.6V120c0-13.3-10.7-24-24-24h-16c-13.3 0-24 10.7-24 24v182.6l-72.4-75.5c-9.3-9.7-24.8-9.9-34.3-.4l-10.9 11c-9.4 9.4-9.4 24.6 0 33.9L239 404.3c9.4 9.4 24.6 9.4 33.9 0l132.7-132.7c9.4-9.4 9.4-24.6 0-33.9l-10.9-11c-9.5-9.5-25-9.3-34.3.4z\"><\/path><\/svg><\/span>\n\t\t\t<span class='e-closed'><svg aria-hidden=\"true\" class=\"e-font-icon-svg e-fas-arrow-circle-down\" viewBox=\"0 0 512 512\" xmlns=\"http:\/\/www.w3.org\/2000\/svg\"><path d=\"M504 256c0 137-111 248-248 248S8 393 8 256 119 8 256 8s248 111 248 248zm-143.6-28.9L288 302.6V120c0-13.3-10.7-24-24-24h-16c-13.3 0-24 10.7-24 24v182.6l-72.4-75.5c-9.3-9.7-24.8-9.9-34.3-.4l-10.9 11c-9.4 9.4-9.4 24.6 0 33.9L239 404.3c9.4 9.4 24.6 9.4 33.9 0l132.7-132.7c9.4-9.4 9.4-24.6 0-33.9l-10.9-11c-9.5-9.5-25-9.3-34.3.4z\"><\/path><\/svg><\/span>\n\t\t<\/span>\n\n\t\t\t\t\t\t<\/summary>\n\t\t\t\t<div role=\"region\" aria-labelledby=\"e-n-accordion-item-6570\" class=\"elementor-element elementor-element-41781143 e-con-full e-flex e-con e-child\" data-id=\"41781143\" data-element_type=\"container\" data-e-type=\"container\">\n\t\t<div role=\"region\" aria-labelledby=\"e-n-accordion-item-6570\" class=\"elementor-element elementor-element-6adecbb0 e-flex e-con-boxed e-con e-child\" data-id=\"6adecbb0\" data-element_type=\"container\" data-e-type=\"container\">\n\t\t\t\t\t<div class=\"e-con-inner\">\n\t\t\t\t<div class=\"elementor-element elementor-element-201d1903 elementor-widget elementor-widget-n-accordion\" data-id=\"201d1903\" data-element_type=\"widget\" data-e-type=\"widget\" data-settings=\"{&quot;default_state&quot;:&quot;all_collapsed&quot;,&quot;max_items_expended&quot;:&quot;one&quot;,&quot;n_accordion_animation_duration&quot;:{&quot;unit&quot;:&quot;ms&quot;,&quot;size&quot;:400,&quot;sizes&quot;:[]}}\" data-widget_type=\"nested-accordion.default\">\n\t\t\t\t\t\t\t<div class=\"e-n-accordion\" aria-label=\"Accordion. Open links with Enter or Space, close with Escape, and navigate with Arrow Keys\">\n\t\t\t\t\t\t<details id=\"e-n-accordion-item-5380\" class=\"e-n-accordion-item\" >\n\t\t\t\t<summary class=\"e-n-accordion-item-title\" data-accordion-index=\"1\" tabindex=\"0\" aria-expanded=\"false\" aria-controls=\"e-n-accordion-item-5380\" >\n\t\t\t\t\t<span class='e-n-accordion-item-title-header'><div class=\"e-n-accordion-item-title-text\"> ARTE <\/div><\/span>\n\t\t\t\t\t\t\t<span class='e-n-accordion-item-title-icon'>\n\t\t\t<span class='e-opened' ><svg aria-hidden=\"true\" class=\"e-font-icon-svg e-fas-arrow-circle-down\" viewBox=\"0 0 512 512\" xmlns=\"http:\/\/www.w3.org\/2000\/svg\"><path d=\"M504 256c0 137-111 248-248 248S8 393 8 256 119 8 256 8s248 111 248 248zm-143.6-28.9L288 302.6V120c0-13.3-10.7-24-24-24h-16c-13.3 0-24 10.7-24 24v182.6l-72.4-75.5c-9.3-9.7-24.8-9.9-34.3-.4l-10.9 11c-9.4 9.4-9.4 24.6 0 33.9L239 404.3c9.4 9.4 24.6 9.4 33.9 0l132.7-132.7c9.4-9.4 9.4-24.6 0-33.9l-10.9-11c-9.5-9.5-25-9.3-34.3.4z\"><\/path><\/svg><\/span>\n\t\t\t<span class='e-closed'><svg aria-hidden=\"true\" class=\"e-font-icon-svg e-fas-arrow-circle-down\" viewBox=\"0 0 512 512\" xmlns=\"http:\/\/www.w3.org\/2000\/svg\"><path d=\"M504 256c0 137-111 248-248 248S8 393 8 256 119 8 256 8s248 111 248 248zm-143.6-28.9L288 302.6V120c0-13.3-10.7-24-24-24h-16c-13.3 0-24 10.7-24 24v182.6l-72.4-75.5c-9.3-9.7-24.8-9.9-34.3-.4l-10.9 11c-9.4 9.4-9.4 24.6 0 33.9L239 404.3c9.4 9.4 24.6 9.4 33.9 0l132.7-132.7c9.4-9.4 9.4-24.6 0-33.9l-10.9-11c-9.5-9.5-25-9.3-34.3.4z\"><\/path><\/svg><\/span>\n\t\t<\/span>\n\n\t\t\t\t\t\t<\/summary>\n\t\t\t\t<div role=\"region region\" aria-labelledby=\"e-n-accordion-item-6570 e-n-accordion-item-5380\" class=\"elementor-element elementor-element-15876244 e-con-full e-flex e-con e-child\" data-id=\"15876244\" data-element_type=\"container\" data-e-type=\"container\">\n\t\t\t\t<div class=\"elementor-element elementor-element-1852ce68 elementor-widget elementor-widget-text-editor\" data-id=\"1852ce68\" data-element_type=\"widget\" data-e-type=\"widget\" data-widget_type=\"text-editor.default\">\n\t\t\t\t\t\t\t\t\t<p><a href=\"https:\/\/curriculo.sedu.es.gov.br\/curriculo\/wp-content\/uploads\/2024\/05\/ARTE-OCA2024-1oTRI-EFAI-300424.pdf\" target=\"_blank\" rel=\"noopener\">1\u00ba TRIMESTRE\u00a0<\/a><\/p><p><a href=\"https:\/\/curriculo.sedu.es.gov.br\/curriculo\/wp-content\/uploads\/2024\/05\/ARTE-OCA2024-2oTRI-EFAI-300424.pdf\" target=\"_blank\" rel=\"noopener\">2\u00ba TRIMESTRE\u00a0<\/a><\/p><p><a href=\"https:\/\/curriculo.sedu.es.gov.br\/curriculo\/wp-content\/uploads\/2024\/05\/ARTE-OCA2024-3oTRI-EFAI-300424.pdf\" target=\"_blank\" rel=\"noopener\">3\u00ba TRIMESTRE<\/a><\/p>\t\t\t\t\t\t\t\t<\/div>\n\t\t\t\t<\/div>\n\t\t\t\t\t<\/details>\n\t\t\t\t\t\t<details id=\"e-n-accordion-item-5381\" class=\"e-n-accordion-item\" >\n\t\t\t\t<summary class=\"e-n-accordion-item-title\" data-accordion-index=\"2\" tabindex=\"-1\" aria-expanded=\"false\" aria-controls=\"e-n-accordion-item-5381\" >\n\t\t\t\t\t<span class='e-n-accordion-item-title-header'><div class=\"e-n-accordion-item-title-text\"> CI\u00caNCIAS <\/div><\/span>\n\t\t\t\t\t\t\t<span class='e-n-accordion-item-title-icon'>\n\t\t\t<span class='e-opened' ><svg aria-hidden=\"true\" class=\"e-font-icon-svg e-fas-arrow-circle-down\" viewBox=\"0 0 512 512\" xmlns=\"http:\/\/www.w3.org\/2000\/svg\"><path d=\"M504 256c0 137-111 248-248 248S8 393 8 256 119 8 256 8s248 111 248 248zm-143.6-28.9L288 302.6V120c0-13.3-10.7-24-24-24h-16c-13.3 0-24 10.7-24 24v182.6l-72.4-75.5c-9.3-9.7-24.8-9.9-34.3-.4l-10.9 11c-9.4 9.4-9.4 24.6 0 33.9L239 404.3c9.4 9.4 24.6 9.4 33.9 0l132.7-132.7c9.4-9.4 9.4-24.6 0-33.9l-10.9-11c-9.5-9.5-25-9.3-34.3.4z\"><\/path><\/svg><\/span>\n\t\t\t<span class='e-closed'><svg aria-hidden=\"true\" class=\"e-font-icon-svg e-fas-arrow-circle-down\" viewBox=\"0 0 512 512\" xmlns=\"http:\/\/www.w3.org\/2000\/svg\"><path d=\"M504 256c0 137-111 248-248 248S8 393 8 256 119 8 256 8s248 111 248 248zm-143.6-28.9L288 302.6V120c0-13.3-10.7-24-24-24h-16c-13.3 0-24 10.7-24 24v182.6l-72.4-75.5c-9.3-9.7-24.8-9.9-34.3-.4l-10.9 11c-9.4 9.4-9.4 24.6 0 33.9L239 404.3c9.4 9.4 24.6 9.4 33.9 0l132.7-132.7c9.4-9.4 9.4-24.6 0-33.9l-10.9-11c-9.5-9.5-25-9.3-34.3.4z\"><\/path><\/svg><\/span>\n\t\t<\/span>\n\n\t\t\t\t\t\t<\/summary>\n\t\t\t\t<div role=\"region region\" aria-labelledby=\"e-n-accordion-item-6570 e-n-accordion-item-5381\" class=\"elementor-element elementor-element-a78e86f e-con-full e-flex e-con e-child\" data-id=\"a78e86f\" data-element_type=\"container\" data-e-type=\"container\">\n\t\t\t\t<div class=\"elementor-element elementor-element-545c772b elementor-widget elementor-widget-text-editor\" data-id=\"545c772b\" data-element_type=\"widget\" data-e-type=\"widget\" data-widget_type=\"text-editor.default\">\n\t\t\t\t\t\t\t\t\t<p><a href=\"https:\/\/curriculo.sedu.es.gov.br\/curriculo\/wp-content\/uploads\/2024\/03\/OC-CIENCIAS-EFAI-1oTRI-2024.pdf\" target=\"_blank\" rel=\"noopener\">1\u00ba TRIMESTRE\u00a0<\/a><\/p><p><a href=\"https:\/\/curriculo.sedu.es.gov.br\/curriculo\/wp-content\/uploads\/2024\/03\/OC-CIENCIAS-EFAI-2oTRI-2024.pdf\" target=\"_blank\" rel=\"noopener\">2\u00ba TRIMESTRE\u00a0<\/a><\/p><p><a href=\"https:\/\/curriculo.sedu.es.gov.br\/curriculo\/wp-content\/uploads\/2024\/03\/OC-CIENCIAS-EFAI-3oTRI-2024.pdf\" target=\"_blank\" rel=\"noopener\">3\u00ba TRIMESTRE<\/a><\/p>\t\t\t\t\t\t\t\t<\/div>\n\t\t\t\t<\/div>\n\t\t\t\t\t<\/details>\n\t\t\t\t\t\t<details id=\"e-n-accordion-item-5382\" class=\"e-n-accordion-item\" >\n\t\t\t\t<summary class=\"e-n-accordion-item-title\" data-accordion-index=\"3\" tabindex=\"-1\" aria-expanded=\"false\" aria-controls=\"e-n-accordion-item-5382\" >\n\t\t\t\t\t<span class='e-n-accordion-item-title-header'><div class=\"e-n-accordion-item-title-text\"> EDUCA\u00c7\u00c3O F\u00cdSICA <\/div><\/span>\n\t\t\t\t\t\t\t<span class='e-n-accordion-item-title-icon'>\n\t\t\t<span class='e-opened' ><svg aria-hidden=\"true\" class=\"e-font-icon-svg e-fas-arrow-circle-down\" viewBox=\"0 0 512 512\" xmlns=\"http:\/\/www.w3.org\/2000\/svg\"><path d=\"M504 256c0 137-111 248-248 248S8 393 8 256 119 8 256 8s248 111 248 248zm-143.6-28.9L288 302.6V120c0-13.3-10.7-24-24-24h-16c-13.3 0-24 10.7-24 24v182.6l-72.4-75.5c-9.3-9.7-24.8-9.9-34.3-.4l-10.9 11c-9.4 9.4-9.4 24.6 0 33.9L239 404.3c9.4 9.4 24.6 9.4 33.9 0l132.7-132.7c9.4-9.4 9.4-24.6 0-33.9l-10.9-11c-9.5-9.5-25-9.3-34.3.4z\"><\/path><\/svg><\/span>\n\t\t\t<span class='e-closed'><svg aria-hidden=\"true\" class=\"e-font-icon-svg e-fas-arrow-circle-down\" viewBox=\"0 0 512 512\" xmlns=\"http:\/\/www.w3.org\/2000\/svg\"><path d=\"M504 256c0 137-111 248-248 248S8 393 8 256 119 8 256 8s248 111 248 248zm-143.6-28.9L288 302.6V120c0-13.3-10.7-24-24-24h-16c-13.3 0-24 10.7-24 24v182.6l-72.4-75.5c-9.3-9.7-24.8-9.9-34.3-.4l-10.9 11c-9.4 9.4-9.4 24.6 0 33.9L239 404.3c9.4 9.4 24.6 9.4 33.9 0l132.7-132.7c9.4-9.4 9.4-24.6 0-33.9l-10.9-11c-9.5-9.5-25-9.3-34.3.4z\"><\/path><\/svg><\/span>\n\t\t<\/span>\n\n\t\t\t\t\t\t<\/summary>\n\t\t\t\t<div role=\"region region\" aria-labelledby=\"e-n-accordion-item-6570 e-n-accordion-item-5382\" class=\"elementor-element elementor-element-446422bf e-con-full e-flex e-con e-child\" data-id=\"446422bf\" data-element_type=\"container\" data-e-type=\"container\">\n\t\t\t\t<div class=\"elementor-element elementor-element-42a01961 elementor-widget elementor-widget-text-editor\" data-id=\"42a01961\" data-element_type=\"widget\" data-e-type=\"widget\" data-widget_type=\"text-editor.default\">\n\t\t\t\t\t\t\t\t\t<p><a href=\"https:\/\/curriculo.sedu.es.gov.br\/curriculo\/wp-content\/uploads\/2024\/04\/EDUCACAO-FISICA-Ensino-Fundamental-Anos-Iniciais-1o-TRI.pdf\" target=\"_blank\" rel=\"noopener\">1\u00ba TRIMESTRE<\/a><\/p><p><a href=\"https:\/\/curriculo.sedu.es.gov.br\/curriculo\/wp-content\/uploads\/2024\/04\/EDUCACAOFISICAEFAI2oTRI010424.pdf\" target=\"_blank\" rel=\"noopener\">2\u00ba TRIMESTRE\u00a0<\/a><\/p><p><a href=\"https:\/\/curriculo.sedu.es.gov.br\/curriculo\/wp-content\/uploads\/2024\/04\/EDUCACAOFISICAEFAI3oTRI010424.pdf\" target=\"_blank\" rel=\"noopener\">3\u00ba TRIMESTRE<\/a><\/p>\t\t\t\t\t\t\t\t<\/div>\n\t\t\t\t<\/div>\n\t\t\t\t\t<\/details>\n\t\t\t\t\t\t<details id=\"e-n-accordion-item-5383\" class=\"e-n-accordion-item\" >\n\t\t\t\t<summary class=\"e-n-accordion-item-title\" data-accordion-index=\"4\" tabindex=\"-1\" aria-expanded=\"false\" aria-controls=\"e-n-accordion-item-5383\" >\n\t\t\t\t\t<span class='e-n-accordion-item-title-header'><div class=\"e-n-accordion-item-title-text\"> ENSINO RELIGIOSO <\/div><\/span>\n\t\t\t\t\t\t\t<span class='e-n-accordion-item-title-icon'>\n\t\t\t<span class='e-opened' ><svg aria-hidden=\"true\" class=\"e-font-icon-svg e-fas-arrow-circle-down\" viewBox=\"0 0 512 512\" xmlns=\"http:\/\/www.w3.org\/2000\/svg\"><path d=\"M504 256c0 137-111 248-248 248S8 393 8 256 119 8 256 8s248 111 248 248zm-143.6-28.9L288 302.6V120c0-13.3-10.7-24-24-24h-16c-13.3 0-24 10.7-24 24v182.6l-72.4-75.5c-9.3-9.7-24.8-9.9-34.3-.4l-10.9 11c-9.4 9.4-9.4 24.6 0 33.9L239 404.3c9.4 9.4 24.6 9.4 33.9 0l132.7-132.7c9.4-9.4 9.4-24.6 0-33.9l-10.9-11c-9.5-9.5-25-9.3-34.3.4z\"><\/path><\/svg><\/span>\n\t\t\t<span class='e-closed'><svg aria-hidden=\"true\" class=\"e-font-icon-svg e-fas-arrow-circle-down\" viewBox=\"0 0 512 512\" xmlns=\"http:\/\/www.w3.org\/2000\/svg\"><path d=\"M504 256c0 137-111 248-248 248S8 393 8 256 119 8 256 8s248 111 248 248zm-143.6-28.9L288 302.6V120c0-13.3-10.7-24-24-24h-16c-13.3 0-24 10.7-24 24v182.6l-72.4-75.5c-9.3-9.7-24.8-9.9-34.3-.4l-10.9 11c-9.4 9.4-9.4 24.6 0 33.9L239 404.3c9.4 9.4 24.6 9.4 33.9 0l132.7-132.7c9.4-9.4 9.4-24.6 0-33.9l-10.9-11c-9.5-9.5-25-9.3-34.3.4z\"><\/path><\/svg><\/span>\n\t\t<\/span>\n\n\t\t\t\t\t\t<\/summary>\n\t\t\t\t<div role=\"region region\" aria-labelledby=\"e-n-accordion-item-6570 e-n-accordion-item-5383\" class=\"elementor-element elementor-element-27b81275 e-flex e-con-boxed e-con e-child\" data-id=\"27b81275\" data-element_type=\"container\" data-e-type=\"container\">\n\t\t\t\t\t<div class=\"e-con-inner\">\n\t\t\t\t<div class=\"elementor-element elementor-element-7ba2debd elementor-widget elementor-widget-text-editor\" data-id=\"7ba2debd\" data-element_type=\"widget\" data-e-type=\"widget\" data-widget_type=\"text-editor.default\">\n\t\t\t\t\t\t\t\t\t<p><a href=\"https:\/\/curriculo.sedu.es.gov.br\/curriculo\/wp-content\/uploads\/2024\/04\/OC-ENS.-RELIGIOSO-EFAI-1oTRIM-2024110424.pdf\" target=\"_blank\" rel=\"noopener\">1\u00ba TRIMESTRE\u00a0<\/a><\/p><p><a href=\"https:\/\/curriculo.sedu.es.gov.br\/curriculo\/wp-content\/uploads\/2024\/04\/OC-ENS.-RELIGIOSO-EFAI-2oTRIM-2024110424.pdf\" target=\"_blank\" rel=\"noopener\">2\u00ba TRIMESTRE\u00a0<\/a><\/p><p><a href=\"https:\/\/curriculo.sedu.es.gov.br\/curriculo\/wp-content\/uploads\/2024\/04\/OC-ENS.-RELIGIOSO-EFAI-3oTRIM-2024110424.pdf\" target=\"_blank\" rel=\"noopener\">3\u00ba TRIMESTRE\u00a0<\/a><\/p>\t\t\t\t\t\t\t\t<\/div>\n\t\t\t\t\t<\/div>\n\t\t\t\t<\/div>\n\t\t\t\t\t<\/details>\n\t\t\t\t\t\t<details id=\"e-n-accordion-item-5384\" class=\"e-n-accordion-item\" >\n\t\t\t\t<summary class=\"e-n-accordion-item-title\" data-accordion-index=\"5\" tabindex=\"-1\" aria-expanded=\"false\" aria-controls=\"e-n-accordion-item-5384\" >\n\t\t\t\t\t<span class='e-n-accordion-item-title-header'><div class=\"e-n-accordion-item-title-text\"> GEOGRAFIA <\/div><\/span>\n\t\t\t\t\t\t\t<span class='e-n-accordion-item-title-icon'>\n\t\t\t<span class='e-opened' ><svg aria-hidden=\"true\" class=\"e-font-icon-svg e-fas-arrow-circle-down\" viewBox=\"0 0 512 512\" xmlns=\"http:\/\/www.w3.org\/2000\/svg\"><path d=\"M504 256c0 137-111 248-248 248S8 393 8 256 119 8 256 8s248 111 248 248zm-143.6-28.9L288 302.6V120c0-13.3-10.7-24-24-24h-16c-13.3 0-24 10.7-24 24v182.6l-72.4-75.5c-9.3-9.7-24.8-9.9-34.3-.4l-10.9 11c-9.4 9.4-9.4 24.6 0 33.9L239 404.3c9.4 9.4 24.6 9.4 33.9 0l132.7-132.7c9.4-9.4 9.4-24.6 0-33.9l-10.9-11c-9.5-9.5-25-9.3-34.3.4z\"><\/path><\/svg><\/span>\n\t\t\t<span class='e-closed'><svg aria-hidden=\"true\" class=\"e-font-icon-svg e-fas-arrow-circle-down\" viewBox=\"0 0 512 512\" xmlns=\"http:\/\/www.w3.org\/2000\/svg\"><path d=\"M504 256c0 137-111 248-248 248S8 393 8 256 119 8 256 8s248 111 248 248zm-143.6-28.9L288 302.6V120c0-13.3-10.7-24-24-24h-16c-13.3 0-24 10.7-24 24v182.6l-72.4-75.5c-9.3-9.7-24.8-9.9-34.3-.4l-10.9 11c-9.4 9.4-9.4 24.6 0 33.9L239 404.3c9.4 9.4 24.6 9.4 33.9 0l132.7-132.7c9.4-9.4 9.4-24.6 0-33.9l-10.9-11c-9.5-9.5-25-9.3-34.3.4z\"><\/path><\/svg><\/span>\n\t\t<\/span>\n\n\t\t\t\t\t\t<\/summary>\n\t\t\t\t<div role=\"region region\" aria-labelledby=\"e-n-accordion-item-6570 e-n-accordion-item-5384\" class=\"elementor-element elementor-element-1c44040e e-flex e-con-boxed e-con e-child\" data-id=\"1c44040e\" data-element_type=\"container\" data-e-type=\"container\">\n\t\t\t\t\t<div class=\"e-con-inner\">\n\t\t\t\t<div class=\"elementor-element elementor-element-617b1cb9 elementor-widget elementor-widget-text-editor\" data-id=\"617b1cb9\" data-element_type=\"widget\" data-e-type=\"widget\" data-widget_type=\"text-editor.default\">\n\t\t\t\t\t\t\t\t\t<p><a href=\"https:\/\/curriculo.sedu.es.gov.br\/curriculo\/wp-content\/uploads\/2024\/06\/1TRIM-EFAI-GEO-ORIENTACOES-2024.docx.pdf\" target=\"_blank\" rel=\"noopener\">1\u00ba TRIMESTRE\u00a0<\/a><\/p><p><a href=\"https:\/\/curriculo.sedu.es.gov.br\/curriculo\/wp-content\/uploads\/2024\/06\/2TRIM-EFAI-GEO-ORIENTACOES-2024-1.docx.pdf\" target=\"_blank\" rel=\"noopener\">2\u00ba TRIMESTRE\u00a0<\/a><\/p><p><a href=\"https:\/\/curriculo.sedu.es.gov.br\/curriculo\/wp-content\/uploads\/2024\/06\/3TRIM-EFAI-GEO-ORIENTACOES-2024-1.docx.pdf\" target=\"_blank\" rel=\"noopener\">3\u00ba TRIMESTRE\u00a0<\/a><\/p>\t\t\t\t\t\t\t\t<\/div>\n\t\t\t\t\t<\/div>\n\t\t\t\t<\/div>\n\t\t\t\t\t<\/details>\n\t\t\t\t\t\t<details id=\"e-n-accordion-item-5385\" class=\"e-n-accordion-item\" >\n\t\t\t\t<summary class=\"e-n-accordion-item-title\" data-accordion-index=\"6\" tabindex=\"-1\" aria-expanded=\"false\" aria-controls=\"e-n-accordion-item-5385\" >\n\t\t\t\t\t<span class='e-n-accordion-item-title-header'><div class=\"e-n-accordion-item-title-text\"> HIST\u00d3RIA <\/div><\/span>\n\t\t\t\t\t\t\t<span class='e-n-accordion-item-title-icon'>\n\t\t\t<span class='e-opened' ><svg aria-hidden=\"true\" class=\"e-font-icon-svg e-fas-arrow-circle-down\" viewBox=\"0 0 512 512\" xmlns=\"http:\/\/www.w3.org\/2000\/svg\"><path d=\"M504 256c0 137-111 248-248 248S8 393 8 256 119 8 256 8s248 111 248 248zm-143.6-28.9L288 302.6V120c0-13.3-10.7-24-24-24h-16c-13.3 0-24 10.7-24 24v182.6l-72.4-75.5c-9.3-9.7-24.8-9.9-34.3-.4l-10.9 11c-9.4 9.4-9.4 24.6 0 33.9L239 404.3c9.4 9.4 24.6 9.4 33.9 0l132.7-132.7c9.4-9.4 9.4-24.6 0-33.9l-10.9-11c-9.5-9.5-25-9.3-34.3.4z\"><\/path><\/svg><\/span>\n\t\t\t<span class='e-closed'><svg aria-hidden=\"true\" class=\"e-font-icon-svg e-fas-arrow-circle-down\" viewBox=\"0 0 512 512\" xmlns=\"http:\/\/www.w3.org\/2000\/svg\"><path d=\"M504 256c0 137-111 248-248 248S8 393 8 256 119 8 256 8s248 111 248 248zm-143.6-28.9L288 302.6V120c0-13.3-10.7-24-24-24h-16c-13.3 0-24 10.7-24 24v182.6l-72.4-75.5c-9.3-9.7-24.8-9.9-34.3-.4l-10.9 11c-9.4 9.4-9.4 24.6 0 33.9L239 404.3c9.4 9.4 24.6 9.4 33.9 0l132.7-132.7c9.4-9.4 9.4-24.6 0-33.9l-10.9-11c-9.5-9.5-25-9.3-34.3.4z\"><\/path><\/svg><\/span>\n\t\t<\/span>\n\n\t\t\t\t\t\t<\/summary>\n\t\t\t\t<div role=\"region region\" aria-labelledby=\"e-n-accordion-item-6570 e-n-accordion-item-5385\" class=\"elementor-element elementor-element-60d6dc80 e-flex e-con-boxed e-con e-child\" data-id=\"60d6dc80\" data-element_type=\"container\" data-e-type=\"container\">\n\t\t\t\t\t<div class=\"e-con-inner\">\n\t\t\t\t<div class=\"elementor-element elementor-element-6009d05c elementor-widget elementor-widget-text-editor\" data-id=\"6009d05c\" data-element_type=\"widget\" data-e-type=\"widget\" data-widget_type=\"text-editor.default\">\n\t\t\t\t\t\t\t\t\t<p><a href=\"https:\/\/curriculo.sedu.es.gov.br\/curriculo\/wp-content\/uploads\/2024\/04\/1TRIM-EFAI-VF.pdf\" target=\"_blank\" rel=\"noopener\">1\u00ba TRIMESTRE<\/a><\/p><p><a href=\"https:\/\/curriculo.sedu.es.gov.br\/curriculo\/wp-content\/uploads\/2024\/04\/2TRIM-EFAI-VF.pdf\" target=\"_blank\" rel=\"noopener\">2\u00ba TRIMESTRE\u00a0<\/a><\/p><p><a href=\"https:\/\/curriculo.sedu.es.gov.br\/curriculo\/wp-content\/uploads\/2024\/04\/3TRIM-EFAI-VF.pdf\" target=\"_blank\" rel=\"noopener\">3\u00ba TRIMESTRE\u00a0<\/a><\/p>\t\t\t\t\t\t\t\t<\/div>\n\t\t\t\t\t<\/div>\n\t\t\t\t<\/div>\n\t\t\t\t\t<\/details>\n\t\t\t\t\t\t<details id=\"e-n-accordion-item-5386\" class=\"e-n-accordion-item\" >\n\t\t\t\t<summary class=\"e-n-accordion-item-title\" data-accordion-index=\"7\" tabindex=\"-1\" aria-expanded=\"false\" aria-controls=\"e-n-accordion-item-5386\" >\n\t\t\t\t\t<span class='e-n-accordion-item-title-header'><div class=\"e-n-accordion-item-title-text\"> L\u00cdNGUA PORTUGUESA <\/div><\/span>\n\t\t\t\t\t\t\t<span class='e-n-accordion-item-title-icon'>\n\t\t\t<span class='e-opened' ><svg aria-hidden=\"true\" class=\"e-font-icon-svg e-fas-arrow-circle-down\" viewBox=\"0 0 512 512\" xmlns=\"http:\/\/www.w3.org\/2000\/svg\"><path d=\"M504 256c0 137-111 248-248 248S8 393 8 256 119 8 256 8s248 111 248 248zm-143.6-28.9L288 302.6V120c0-13.3-10.7-24-24-24h-16c-13.3 0-24 10.7-24 24v182.6l-72.4-75.5c-9.3-9.7-24.8-9.9-34.3-.4l-10.9 11c-9.4 9.4-9.4 24.6 0 33.9L239 404.3c9.4 9.4 24.6 9.4 33.9 0l132.7-132.7c9.4-9.4 9.4-24.6 0-33.9l-10.9-11c-9.5-9.5-25-9.3-34.3.4z\"><\/path><\/svg><\/span>\n\t\t\t<span class='e-closed'><svg aria-hidden=\"true\" class=\"e-font-icon-svg e-fas-arrow-circle-down\" viewBox=\"0 0 512 512\" xmlns=\"http:\/\/www.w3.org\/2000\/svg\"><path d=\"M504 256c0 137-111 248-248 248S8 393 8 256 119 8 256 8s248 111 248 248zm-143.6-28.9L288 302.6V120c0-13.3-10.7-24-24-24h-16c-13.3 0-24 10.7-24 24v182.6l-72.4-75.5c-9.3-9.7-24.8-9.9-34.3-.4l-10.9 11c-9.4 9.4-9.4 24.6 0 33.9L239 404.3c9.4 9.4 24.6 9.4 33.9 0l132.7-132.7c9.4-9.4 9.4-24.6 0-33.9l-10.9-11c-9.5-9.5-25-9.3-34.3.4z\"><\/path><\/svg><\/span>\n\t\t<\/span>\n\n\t\t\t\t\t\t<\/summary>\n\t\t\t\t<div role=\"region region\" aria-labelledby=\"e-n-accordion-item-6570 e-n-accordion-item-5386\" class=\"elementor-element elementor-element-497e1133 e-flex e-con-boxed e-con e-child\" data-id=\"497e1133\" data-element_type=\"container\" data-e-type=\"container\">\n\t\t\t\t\t<div class=\"e-con-inner\">\n\t\t\t\t<div class=\"elementor-element elementor-element-48dc78b elementor-widget elementor-widget-text-editor\" data-id=\"48dc78b\" data-element_type=\"widget\" data-e-type=\"widget\" data-widget_type=\"text-editor.default\">\n\t\t\t\t\t\t\t\t\t<p><a href=\"https:\/\/curriculo.sedu.es.gov.br\/curriculo\/wp-content\/uploads\/2024\/01\/EF-Anos-Iniciais-1o-TRI-Orientacoes-Curriculares-1o-ao-5o-LP-2024_compressed.pdf\" target=\"_blank\" rel=\"noopener\">1\u00ba TRIMESTRE<\/a><\/p><p><a href=\"https:\/\/curriculo.sedu.es.gov.br\/curriculo\/wp-content\/uploads\/2024\/01\/EF-Anos-Iniciais-2o-TRI-Orientacoes-Curriculares-1o-ao-5o-LP-2024_compressed.pdf\" target=\"_blank\" rel=\"noopener\">2\u00ba TRIMESTRE<\/a><\/p><p><a href=\"https:\/\/curriculo.sedu.es.gov.br\/curriculo\/wp-content\/uploads\/2024\/01\/EF-Anos-Iniciais-3o-TRI-Orientacoes-Curriculares-1o-ao-5o-LP-2024_compressed.pdf\" target=\"_blank\" rel=\"noopener\">3\u00ba TRIMESTRE<\/a><\/p>\t\t\t\t\t\t\t\t<\/div>\n\t\t\t\t\t<\/div>\n\t\t\t\t<\/div>\n\t\t\t\t\t<\/details>\n\t\t\t\t\t\t<details id=\"e-n-accordion-item-5387\" class=\"e-n-accordion-item\" >\n\t\t\t\t<summary class=\"e-n-accordion-item-title\" data-accordion-index=\"8\" tabindex=\"-1\" aria-expanded=\"false\" aria-controls=\"e-n-accordion-item-5387\" >\n\t\t\t\t\t<span class='e-n-accordion-item-title-header'><div class=\"e-n-accordion-item-title-text\"> MATEM\u00c1TICA <\/div><\/span>\n\t\t\t\t\t\t\t<span class='e-n-accordion-item-title-icon'>\n\t\t\t<span class='e-opened' ><svg aria-hidden=\"true\" class=\"e-font-icon-svg e-fas-arrow-circle-down\" viewBox=\"0 0 512 512\" xmlns=\"http:\/\/www.w3.org\/2000\/svg\"><path d=\"M504 256c0 137-111 248-248 248S8 393 8 256 119 8 256 8s248 111 248 248zm-143.6-28.9L288 302.6V120c0-13.3-10.7-24-24-24h-16c-13.3 0-24 10.7-24 24v182.6l-72.4-75.5c-9.3-9.7-24.8-9.9-34.3-.4l-10.9 11c-9.4 9.4-9.4 24.6 0 33.9L239 404.3c9.4 9.4 24.6 9.4 33.9 0l132.7-132.7c9.4-9.4 9.4-24.6 0-33.9l-10.9-11c-9.5-9.5-25-9.3-34.3.4z\"><\/path><\/svg><\/span>\n\t\t\t<span class='e-closed'><svg aria-hidden=\"true\" class=\"e-font-icon-svg e-fas-arrow-circle-down\" viewBox=\"0 0 512 512\" xmlns=\"http:\/\/www.w3.org\/2000\/svg\"><path d=\"M504 256c0 137-111 248-248 248S8 393 8 256 119 8 256 8s248 111 248 248zm-143.6-28.9L288 302.6V120c0-13.3-10.7-24-24-24h-16c-13.3 0-24 10.7-24 24v182.6l-72.4-75.5c-9.3-9.7-24.8-9.9-34.3-.4l-10.9 11c-9.4 9.4-9.4 24.6 0 33.9L239 404.3c9.4 9.4 24.6 9.4 33.9 0l132.7-132.7c9.4-9.4 9.4-24.6 0-33.9l-10.9-11c-9.5-9.5-25-9.3-34.3.4z\"><\/path><\/svg><\/span>\n\t\t<\/span>\n\n\t\t\t\t\t\t<\/summary>\n\t\t\t\t<div role=\"region region\" aria-labelledby=\"e-n-accordion-item-6570 e-n-accordion-item-5387\" class=\"elementor-element elementor-element-365051e5 e-flex e-con-boxed e-con e-child\" data-id=\"365051e5\" data-element_type=\"container\" data-e-type=\"container\">\n\t\t\t\t\t<div class=\"e-con-inner\">\n\t\t\t\t<div class=\"elementor-element elementor-element-3d32b0e9 elementor-widget elementor-widget-text-editor\" data-id=\"3d32b0e9\" data-element_type=\"widget\" data-e-type=\"widget\" data-widget_type=\"text-editor.default\">\n\t\t\t\t\t\t\t\t\t<p><a href=\"https:\/\/curriculo.sedu.es.gov.br\/curriculo\/wp-content\/uploads\/2024\/01\/EFAI-MAT-1o-trimestre-2024-1.pdf\" target=\"_blank\" rel=\"noopener\">1\u00ba TRIMESTRE<\/a><\/p><p><a href=\"https:\/\/curriculo.sedu.es.gov.br\/curriculo\/wp-content\/uploads\/2024\/05\/EFAIMAT2trim24.pdf\" target=\"_blank\" rel=\"noopener\">2\u00ba TRIMESTRE<\/a><\/p><p><a href=\"https:\/\/curriculo.sedu.es.gov.br\/curriculo\/wp-content\/uploads\/2024\/08\/EFAI-MAT-3o-trim-06-08-24.pdf\" target=\"_blank\" rel=\"noopener\">3\u00ba TRIMESTRE<\/a><\/p>\t\t\t\t\t\t\t\t<\/div>\n\t\t\t\t\t<\/div>\n\t\t\t\t<\/div>\n\t\t\t\t\t<\/details>\n\t\t\t\t\t<\/div>\n\t\t\t\t\t\t<\/div>\n\t\t\t\t\t<\/div>\n\t\t\t\t<\/div>\n\t\t\t\t<\/div>\n\t\t\t\t\t<\/details>\n\t\t\t\t\t<\/div>\n\t\t\t\t\t\t<\/div>\n\t\t\t\t<div class=\"elementor-element elementor-element-3802c0f5 elementor-widget elementor-widget-n-accordion\" data-id=\"3802c0f5\" data-element_type=\"widget\" data-e-type=\"widget\" data-settings=\"{&quot;default_state&quot;:&quot;expanded&quot;,&quot;max_items_expended&quot;:&quot;one&quot;,&quot;n_accordion_animation_duration&quot;:{&quot;unit&quot;:&quot;ms&quot;,&quot;size&quot;:400,&quot;sizes&quot;:[]}}\" data-widget_type=\"nested-accordion.default\">\n\t\t\t\t\t\t\t<div class=\"e-n-accordion\" aria-label=\"Accordion. Open links with Enter or Space, close with Escape, and navigate with Arrow Keys\">\n\t\t\t\t\t\t<details id=\"e-n-accordion-item-9390\" class=\"e-n-accordion-item\" open>\n\t\t\t\t<summary class=\"e-n-accordion-item-title\" data-accordion-index=\"1\" tabindex=\"0\" aria-expanded=\"true\" aria-controls=\"e-n-accordion-item-9390\" >\n\t\t\t\t\t<span class='e-n-accordion-item-title-header'><div class=\"e-n-accordion-item-title-text\"> ENSINO FUDAMENTAL ANOS FINAIS <\/div><\/span>\n\t\t\t\t\t\t\t<span class='e-n-accordion-item-title-icon'>\n\t\t\t<span class='e-opened' ><svg aria-hidden=\"true\" class=\"e-font-icon-svg e-fas-arrow-circle-down\" viewBox=\"0 0 512 512\" xmlns=\"http:\/\/www.w3.org\/2000\/svg\"><path d=\"M504 256c0 137-111 248-248 248S8 393 8 256 119 8 256 8s248 111 248 248zm-143.6-28.9L288 302.6V120c0-13.3-10.7-24-24-24h-16c-13.3 0-24 10.7-24 24v182.6l-72.4-75.5c-9.3-9.7-24.8-9.9-34.3-.4l-10.9 11c-9.4 9.4-9.4 24.6 0 33.9L239 404.3c9.4 9.4 24.6 9.4 33.9 0l132.7-132.7c9.4-9.4 9.4-24.6 0-33.9l-10.9-11c-9.5-9.5-25-9.3-34.3.4z\"><\/path><\/svg><\/span>\n\t\t\t<span class='e-closed'><svg aria-hidden=\"true\" class=\"e-font-icon-svg e-fas-arrow-circle-down\" viewBox=\"0 0 512 512\" xmlns=\"http:\/\/www.w3.org\/2000\/svg\"><path d=\"M504 256c0 137-111 248-248 248S8 393 8 256 119 8 256 8s248 111 248 248zm-143.6-28.9L288 302.6V120c0-13.3-10.7-24-24-24h-16c-13.3 0-24 10.7-24 24v182.6l-72.4-75.5c-9.3-9.7-24.8-9.9-34.3-.4l-10.9 11c-9.4 9.4-9.4 24.6 0 33.9L239 404.3c9.4 9.4 24.6 9.4 33.9 0l132.7-132.7c9.4-9.4 9.4-24.6 0-33.9l-10.9-11c-9.5-9.5-25-9.3-34.3.4z\"><\/path><\/svg><\/span>\n\t\t<\/span>\n\n\t\t\t\t\t\t<\/summary>\n\t\t\t\t<div role=\"region\" aria-labelledby=\"e-n-accordion-item-9390\" class=\"elementor-element elementor-element-7f9779eb e-con-full e-flex e-con e-child\" data-id=\"7f9779eb\" data-element_type=\"container\" data-e-type=\"container\">\n\t\t<div role=\"region\" aria-labelledby=\"e-n-accordion-item-9390\" class=\"elementor-element elementor-element-5705f22b e-flex e-con-boxed e-con e-child\" data-id=\"5705f22b\" data-element_type=\"container\" data-e-type=\"container\">\n\t\t\t\t\t<div class=\"e-con-inner\">\n\t\t\t\t<div class=\"elementor-element elementor-element-63fb910c elementor-widget elementor-widget-n-accordion\" data-id=\"63fb910c\" data-element_type=\"widget\" data-e-type=\"widget\" data-settings=\"{&quot;default_state&quot;:&quot;all_collapsed&quot;,&quot;max_items_expended&quot;:&quot;one&quot;,&quot;n_accordion_animation_duration&quot;:{&quot;unit&quot;:&quot;ms&quot;,&quot;size&quot;:400,&quot;sizes&quot;:[]}}\" data-widget_type=\"nested-accordion.default\">\n\t\t\t\t\t\t\t<div class=\"e-n-accordion\" aria-label=\"Accordion. Open links with Enter or Space, close with Escape, and navigate with Arrow Keys\">\n\t\t\t\t\t\t<details id=\"e-n-accordion-item-1670\" class=\"e-n-accordion-item\" >\n\t\t\t\t<summary class=\"e-n-accordion-item-title\" data-accordion-index=\"1\" tabindex=\"0\" aria-expanded=\"false\" aria-controls=\"e-n-accordion-item-1670\" >\n\t\t\t\t\t<span class='e-n-accordion-item-title-header'><div class=\"e-n-accordion-item-title-text\"> ARTE <\/div><\/span>\n\t\t\t\t\t\t\t<span class='e-n-accordion-item-title-icon'>\n\t\t\t<span class='e-opened' ><svg aria-hidden=\"true\" class=\"e-font-icon-svg e-fas-arrow-circle-down\" viewBox=\"0 0 512 512\" xmlns=\"http:\/\/www.w3.org\/2000\/svg\"><path d=\"M504 256c0 137-111 248-248 248S8 393 8 256 119 8 256 8s248 111 248 248zm-143.6-28.9L288 302.6V120c0-13.3-10.7-24-24-24h-16c-13.3 0-24 10.7-24 24v182.6l-72.4-75.5c-9.3-9.7-24.8-9.9-34.3-.4l-10.9 11c-9.4 9.4-9.4 24.6 0 33.9L239 404.3c9.4 9.4 24.6 9.4 33.9 0l132.7-132.7c9.4-9.4 9.4-24.6 0-33.9l-10.9-11c-9.5-9.5-25-9.3-34.3.4z\"><\/path><\/svg><\/span>\n\t\t\t<span class='e-closed'><svg aria-hidden=\"true\" class=\"e-font-icon-svg e-fas-arrow-circle-down\" viewBox=\"0 0 512 512\" xmlns=\"http:\/\/www.w3.org\/2000\/svg\"><path d=\"M504 256c0 137-111 248-248 248S8 393 8 256 119 8 256 8s248 111 248 248zm-143.6-28.9L288 302.6V120c0-13.3-10.7-24-24-24h-16c-13.3 0-24 10.7-24 24v182.6l-72.4-75.5c-9.3-9.7-24.8-9.9-34.3-.4l-10.9 11c-9.4 9.4-9.4 24.6 0 33.9L239 404.3c9.4 9.4 24.6 9.4 33.9 0l132.7-132.7c9.4-9.4 9.4-24.6 0-33.9l-10.9-11c-9.5-9.5-25-9.3-34.3.4z\"><\/path><\/svg><\/span>\n\t\t<\/span>\n\n\t\t\t\t\t\t<\/summary>\n\t\t\t\t<div role=\"region region\" aria-labelledby=\"e-n-accordion-item-9390 e-n-accordion-item-1670\" class=\"elementor-element elementor-element-7248e9f2 e-con-full e-flex e-con e-child\" data-id=\"7248e9f2\" data-element_type=\"container\" data-e-type=\"container\">\n\t\t\t\t<div class=\"elementor-element elementor-element-55fac31a elementor-widget elementor-widget-text-editor\" data-id=\"55fac31a\" data-element_type=\"widget\" data-e-type=\"widget\" data-widget_type=\"text-editor.default\">\n\t\t\t\t\t\t\t\t\t<p><a href=\"https:\/\/curriculo.sedu.es.gov.br\/curriculo\/wp-content\/uploads\/2024\/05\/ARTE-OCA2024-1oTRI-EFAF-300424.pdf\" target=\"_blank\" rel=\"noopener\">1\u00ba TRIMESTRE\u00a0<\/a><\/p><p><a href=\"https:\/\/curriculo.sedu.es.gov.br\/curriculo\/wp-content\/uploads\/2024\/05\/ARTE-OCA2023-2oTRI-EFAF-300424.pdf\" target=\"_blank\" rel=\"noopener\">2\u00ba TRIMESTRE\u00a0<\/a><\/p><p><a href=\"https:\/\/curriculo.sedu.es.gov.br\/curriculo\/wp-content\/uploads\/2024\/05\/ARTE-OCA2024-3oTRI-EFAF-300424.pdf\" target=\"_blank\" rel=\"noopener\">3\u00ba TRIMESTRE\u00a0<\/a><\/p>\t\t\t\t\t\t\t\t<\/div>\n\t\t\t\t<\/div>\n\t\t\t\t\t<\/details>\n\t\t\t\t\t\t<details id=\"e-n-accordion-item-1671\" class=\"e-n-accordion-item\" >\n\t\t\t\t<summary class=\"e-n-accordion-item-title\" data-accordion-index=\"2\" tabindex=\"-1\" aria-expanded=\"false\" aria-controls=\"e-n-accordion-item-1671\" >\n\t\t\t\t\t<span class='e-n-accordion-item-title-header'><div class=\"e-n-accordion-item-title-text\"> CI\u00caNCIAS <\/div><\/span>\n\t\t\t\t\t\t\t<span class='e-n-accordion-item-title-icon'>\n\t\t\t<span class='e-opened' ><svg aria-hidden=\"true\" class=\"e-font-icon-svg e-fas-arrow-circle-down\" viewBox=\"0 0 512 512\" xmlns=\"http:\/\/www.w3.org\/2000\/svg\"><path d=\"M504 256c0 137-111 248-248 248S8 393 8 256 119 8 256 8s248 111 248 248zm-143.6-28.9L288 302.6V120c0-13.3-10.7-24-24-24h-16c-13.3 0-24 10.7-24 24v182.6l-72.4-75.5c-9.3-9.7-24.8-9.9-34.3-.4l-10.9 11c-9.4 9.4-9.4 24.6 0 33.9L239 404.3c9.4 9.4 24.6 9.4 33.9 0l132.7-132.7c9.4-9.4 9.4-24.6 0-33.9l-10.9-11c-9.5-9.5-25-9.3-34.3.4z\"><\/path><\/svg><\/span>\n\t\t\t<span class='e-closed'><svg aria-hidden=\"true\" class=\"e-font-icon-svg e-fas-arrow-circle-down\" viewBox=\"0 0 512 512\" xmlns=\"http:\/\/www.w3.org\/2000\/svg\"><path d=\"M504 256c0 137-111 248-248 248S8 393 8 256 119 8 256 8s248 111 248 248zm-143.6-28.9L288 302.6V120c0-13.3-10.7-24-24-24h-16c-13.3 0-24 10.7-24 24v182.6l-72.4-75.5c-9.3-9.7-24.8-9.9-34.3-.4l-10.9 11c-9.4 9.4-9.4 24.6 0 33.9L239 404.3c9.4 9.4 24.6 9.4 33.9 0l132.7-132.7c9.4-9.4 9.4-24.6 0-33.9l-10.9-11c-9.5-9.5-25-9.3-34.3.4z\"><\/path><\/svg><\/span>\n\t\t<\/span>\n\n\t\t\t\t\t\t<\/summary>\n\t\t\t\t<div role=\"region region\" aria-labelledby=\"e-n-accordion-item-9390 e-n-accordion-item-1671\" class=\"elementor-element elementor-element-528fcbcd e-con-full e-flex e-con e-child\" data-id=\"528fcbcd\" data-element_type=\"container\" data-e-type=\"container\">\n\t\t\t\t<div class=\"elementor-element elementor-element-49915dba elementor-widget elementor-widget-text-editor\" data-id=\"49915dba\" data-element_type=\"widget\" data-e-type=\"widget\" data-widget_type=\"text-editor.default\">\n\t\t\t\t\t\t\t\t\t<p><a href=\"https:\/\/curriculo.sedu.es.gov.br\/curriculo\/wp-content\/uploads\/2024\/03\/OC-CIENCIAS-EFAF-1oTRI-2024.pdf\" target=\"_blank\" rel=\"noopener\">1\u00ba TRIMESTRE\u00a0<\/a><\/p><p><a href=\"https:\/\/curriculo.sedu.es.gov.br\/curriculo\/wp-content\/uploads\/2024\/03\/OC-CIENCIAS-EFAF-2oTRI-2024.pdf\" target=\"_blank\" rel=\"noopener\">2\u00ba TRIMESTRE\u00a0<\/a><\/p><p><a href=\"https:\/\/curriculo.sedu.es.gov.br\/curriculo\/wp-content\/uploads\/2024\/03\/OC-CIENCIAS-EFAF-3oTRI-2024.pdf\" target=\"_blank\" rel=\"noopener\">3\u00ba TRIMESTRE\u00a0<\/a><\/p>\t\t\t\t\t\t\t\t<\/div>\n\t\t\t\t<\/div>\n\t\t\t\t\t<\/details>\n\t\t\t\t\t\t<details id=\"e-n-accordion-item-1672\" class=\"e-n-accordion-item\" >\n\t\t\t\t<summary class=\"e-n-accordion-item-title\" data-accordion-index=\"3\" tabindex=\"-1\" aria-expanded=\"false\" aria-controls=\"e-n-accordion-item-1672\" >\n\t\t\t\t\t<span class='e-n-accordion-item-title-header'><div class=\"e-n-accordion-item-title-text\"> EDUCA\u00c7\u00c3O F\u00cdSICA <\/div><\/span>\n\t\t\t\t\t\t\t<span class='e-n-accordion-item-title-icon'>\n\t\t\t<span class='e-opened' ><svg aria-hidden=\"true\" class=\"e-font-icon-svg e-fas-arrow-circle-down\" viewBox=\"0 0 512 512\" xmlns=\"http:\/\/www.w3.org\/2000\/svg\"><path d=\"M504 256c0 137-111 248-248 248S8 393 8 256 119 8 256 8s248 111 248 248zm-143.6-28.9L288 302.6V120c0-13.3-10.7-24-24-24h-16c-13.3 0-24 10.7-24 24v182.6l-72.4-75.5c-9.3-9.7-24.8-9.9-34.3-.4l-10.9 11c-9.4 9.4-9.4 24.6 0 33.9L239 404.3c9.4 9.4 24.6 9.4 33.9 0l132.7-132.7c9.4-9.4 9.4-24.6 0-33.9l-10.9-11c-9.5-9.5-25-9.3-34.3.4z\"><\/path><\/svg><\/span>\n\t\t\t<span class='e-closed'><svg aria-hidden=\"true\" class=\"e-font-icon-svg e-fas-arrow-circle-down\" viewBox=\"0 0 512 512\" xmlns=\"http:\/\/www.w3.org\/2000\/svg\"><path d=\"M504 256c0 137-111 248-248 248S8 393 8 256 119 8 256 8s248 111 248 248zm-143.6-28.9L288 302.6V120c0-13.3-10.7-24-24-24h-16c-13.3 0-24 10.7-24 24v182.6l-72.4-75.5c-9.3-9.7-24.8-9.9-34.3-.4l-10.9 11c-9.4 9.4-9.4 24.6 0 33.9L239 404.3c9.4 9.4 24.6 9.4 33.9 0l132.7-132.7c9.4-9.4 9.4-24.6 0-33.9l-10.9-11c-9.5-9.5-25-9.3-34.3.4z\"><\/path><\/svg><\/span>\n\t\t<\/span>\n\n\t\t\t\t\t\t<\/summary>\n\t\t\t\t<div role=\"region region\" aria-labelledby=\"e-n-accordion-item-9390 e-n-accordion-item-1672\" class=\"elementor-element elementor-element-1b11a3e e-con-full e-flex e-con e-child\" data-id=\"1b11a3e\" data-element_type=\"container\" data-e-type=\"container\">\n\t\t\t\t<div class=\"elementor-element elementor-element-9849512 elementor-widget elementor-widget-text-editor\" data-id=\"9849512\" data-element_type=\"widget\" data-e-type=\"widget\" data-widget_type=\"text-editor.default\">\n\t\t\t\t\t\t\t\t\t<p><a href=\"https:\/\/curriculo.sedu.es.gov.br\/curriculo\/wp-content\/uploads\/2024\/01\/EDUCACAO-FISICA-Ensino-Fundamental-Anos-Finais-1o-TRI_compressed.pdf\" target=\"_blank\" rel=\"noopener\">1\u00ba TRIMESTRE\u00a0<\/a><\/p><p><a href=\"https:\/\/curriculo.sedu.es.gov.br\/curriculo\/wp-content\/uploads\/2024\/04\/EDUCACAOFISICAEFAF2oTRI010424.pdf\" target=\"_blank\" rel=\"noopener\">2\u00ba TRIMESTRE\u00a0<\/a><\/p><p><a href=\"https:\/\/curriculo.sedu.es.gov.br\/curriculo\/wp-content\/uploads\/2024\/04\/EDUCACAOFISICAEFAF3oTRI010424.pdf\" target=\"_blank\" rel=\"noopener\">3\u00ba TRIMESTRE\u00a0<\/a><\/p>\t\t\t\t\t\t\t\t<\/div>\n\t\t\t\t<\/div>\n\t\t\t\t\t<\/details>\n\t\t\t\t\t\t<details id=\"e-n-accordion-item-1673\" class=\"e-n-accordion-item\" >\n\t\t\t\t<summary class=\"e-n-accordion-item-title\" data-accordion-index=\"4\" tabindex=\"-1\" aria-expanded=\"false\" aria-controls=\"e-n-accordion-item-1673\" >\n\t\t\t\t\t<span class='e-n-accordion-item-title-header'><div class=\"e-n-accordion-item-title-text\"> ENSINO RELIGIOSO <\/div><\/span>\n\t\t\t\t\t\t\t<span class='e-n-accordion-item-title-icon'>\n\t\t\t<span class='e-opened' ><svg aria-hidden=\"true\" class=\"e-font-icon-svg e-fas-arrow-circle-down\" viewBox=\"0 0 512 512\" xmlns=\"http:\/\/www.w3.org\/2000\/svg\"><path d=\"M504 256c0 137-111 248-248 248S8 393 8 256 119 8 256 8s248 111 248 248zm-143.6-28.9L288 302.6V120c0-13.3-10.7-24-24-24h-16c-13.3 0-24 10.7-24 24v182.6l-72.4-75.5c-9.3-9.7-24.8-9.9-34.3-.4l-10.9 11c-9.4 9.4-9.4 24.6 0 33.9L239 404.3c9.4 9.4 24.6 9.4 33.9 0l132.7-132.7c9.4-9.4 9.4-24.6 0-33.9l-10.9-11c-9.5-9.5-25-9.3-34.3.4z\"><\/path><\/svg><\/span>\n\t\t\t<span class='e-closed'><svg aria-hidden=\"true\" class=\"e-font-icon-svg e-fas-arrow-circle-down\" viewBox=\"0 0 512 512\" xmlns=\"http:\/\/www.w3.org\/2000\/svg\"><path d=\"M504 256c0 137-111 248-248 248S8 393 8 256 119 8 256 8s248 111 248 248zm-143.6-28.9L288 302.6V120c0-13.3-10.7-24-24-24h-16c-13.3 0-24 10.7-24 24v182.6l-72.4-75.5c-9.3-9.7-24.8-9.9-34.3-.4l-10.9 11c-9.4 9.4-9.4 24.6 0 33.9L239 404.3c9.4 9.4 24.6 9.4 33.9 0l132.7-132.7c9.4-9.4 9.4-24.6 0-33.9l-10.9-11c-9.5-9.5-25-9.3-34.3.4z\"><\/path><\/svg><\/span>\n\t\t<\/span>\n\n\t\t\t\t\t\t<\/summary>\n\t\t\t\t<div role=\"region region\" aria-labelledby=\"e-n-accordion-item-9390 e-n-accordion-item-1673\" class=\"elementor-element elementor-element-3f19861 e-flex e-con-boxed e-con e-child\" data-id=\"3f19861\" data-element_type=\"container\" data-e-type=\"container\">\n\t\t\t\t\t<div class=\"e-con-inner\">\n\t\t\t\t<div class=\"elementor-element elementor-element-1461ad7d elementor-widget elementor-widget-text-editor\" data-id=\"1461ad7d\" data-element_type=\"widget\" data-e-type=\"widget\" data-widget_type=\"text-editor.default\">\n\t\t\t\t\t\t\t\t\t<p><a href=\"https:\/\/curriculo.sedu.es.gov.br\/curriculo\/wp-content\/uploads\/2024\/04\/OC-ENS.-RELIGIOSO-EFAF-1oTRIM-2024110424.pdf\" target=\"_blank\" rel=\"noopener\">1\u00ba TRIMESTRE\u00a0<\/a><\/p><p><a href=\"https:\/\/curriculo.sedu.es.gov.br\/curriculo\/wp-content\/uploads\/2024\/04\/OC-ENS.-RELIGIOSO-EFAF-2oTRIM-2024110424.pdf\" target=\"_blank\" rel=\"noopener\">2\u00ba TRIMESTRE\u00a0<\/a><\/p><p><a href=\"https:\/\/curriculo.sedu.es.gov.br\/curriculo\/wp-content\/uploads\/2024\/08\/OC-ENS.-RELIGIOSO-EFAF-3oTRIM-05-08-24.pdf\" target=\"_blank\" rel=\"noopener\">3\u00ba TRIMESTRE\u00a0<\/a><\/p>\t\t\t\t\t\t\t\t<\/div>\n\t\t\t\t\t<\/div>\n\t\t\t\t<\/div>\n\t\t\t\t\t<\/details>\n\t\t\t\t\t\t<details id=\"e-n-accordion-item-1674\" class=\"e-n-accordion-item\" >\n\t\t\t\t<summary class=\"e-n-accordion-item-title\" data-accordion-index=\"5\" tabindex=\"-1\" aria-expanded=\"false\" aria-controls=\"e-n-accordion-item-1674\" >\n\t\t\t\t\t<span class='e-n-accordion-item-title-header'><div class=\"e-n-accordion-item-title-text\"> GEOGRAFIA <\/div><\/span>\n\t\t\t\t\t\t\t<span class='e-n-accordion-item-title-icon'>\n\t\t\t<span class='e-opened' ><svg aria-hidden=\"true\" class=\"e-font-icon-svg e-fas-arrow-circle-down\" viewBox=\"0 0 512 512\" xmlns=\"http:\/\/www.w3.org\/2000\/svg\"><path d=\"M504 256c0 137-111 248-248 248S8 393 8 256 119 8 256 8s248 111 248 248zm-143.6-28.9L288 302.6V120c0-13.3-10.7-24-24-24h-16c-13.3 0-24 10.7-24 24v182.6l-72.4-75.5c-9.3-9.7-24.8-9.9-34.3-.4l-10.9 11c-9.4 9.4-9.4 24.6 0 33.9L239 404.3c9.4 9.4 24.6 9.4 33.9 0l132.7-132.7c9.4-9.4 9.4-24.6 0-33.9l-10.9-11c-9.5-9.5-25-9.3-34.3.4z\"><\/path><\/svg><\/span>\n\t\t\t<span class='e-closed'><svg aria-hidden=\"true\" class=\"e-font-icon-svg e-fas-arrow-circle-down\" viewBox=\"0 0 512 512\" xmlns=\"http:\/\/www.w3.org\/2000\/svg\"><path d=\"M504 256c0 137-111 248-248 248S8 393 8 256 119 8 256 8s248 111 248 248zm-143.6-28.9L288 302.6V120c0-13.3-10.7-24-24-24h-16c-13.3 0-24 10.7-24 24v182.6l-72.4-75.5c-9.3-9.7-24.8-9.9-34.3-.4l-10.9 11c-9.4 9.4-9.4 24.6 0 33.9L239 404.3c9.4 9.4 24.6 9.4 33.9 0l132.7-132.7c9.4-9.4 9.4-24.6 0-33.9l-10.9-11c-9.5-9.5-25-9.3-34.3.4z\"><\/path><\/svg><\/span>\n\t\t<\/span>\n\n\t\t\t\t\t\t<\/summary>\n\t\t\t\t<div role=\"region region\" aria-labelledby=\"e-n-accordion-item-9390 e-n-accordion-item-1674\" class=\"elementor-element elementor-element-4fabd460 e-flex e-con-boxed e-con e-child\" data-id=\"4fabd460\" data-element_type=\"container\" data-e-type=\"container\">\n\t\t\t\t\t<div class=\"e-con-inner\">\n\t\t\t\t<div class=\"elementor-element elementor-element-77411347 elementor-widget elementor-widget-text-editor\" data-id=\"77411347\" data-element_type=\"widget\" data-e-type=\"widget\" data-widget_type=\"text-editor.default\">\n\t\t\t\t\t\t\t\t\t<p><a href=\"https:\/\/curriculo.sedu.es.gov.br\/curriculo\/wp-content\/uploads\/2024\/06\/1TRIM-EFAF-GEO-ORIENTACOES-2024-1.docx.pdf\" target=\"_blank\" rel=\"noopener\">1\u00ba TRIMESTRE\u00a0<\/a><\/p><p><a href=\"https:\/\/curriculo.sedu.es.gov.br\/curriculo\/wp-content\/uploads\/2024\/06\/2TRIM-EFAF-GEO-ORIENTACOES-2024-1.docx.pdf\" target=\"_blank\" rel=\"noopener\">2\u00ba TRIMESTRE<\/a><\/p><p><a href=\"https:\/\/curriculo.sedu.es.gov.br\/curriculo\/wp-content\/uploads\/2024\/06\/3TRIM-EFAF-GEO-ORIENTACOES-2024_removed-2.docx.pdf\" target=\"_blank\" rel=\"noopener\">3\u00ba TRIMESTRE\u00a0<\/a><\/p>\t\t\t\t\t\t\t\t<\/div>\n\t\t\t\t\t<\/div>\n\t\t\t\t<\/div>\n\t\t\t\t\t<\/details>\n\t\t\t\t\t\t<details id=\"e-n-accordion-item-1675\" class=\"e-n-accordion-item\" >\n\t\t\t\t<summary class=\"e-n-accordion-item-title\" data-accordion-index=\"6\" tabindex=\"-1\" aria-expanded=\"false\" aria-controls=\"e-n-accordion-item-1675\" >\n\t\t\t\t\t<span class='e-n-accordion-item-title-header'><div class=\"e-n-accordion-item-title-text\"> HIST\u00d3RIA <\/div><\/span>\n\t\t\t\t\t\t\t<span class='e-n-accordion-item-title-icon'>\n\t\t\t<span class='e-opened' ><svg aria-hidden=\"true\" class=\"e-font-icon-svg e-fas-arrow-circle-down\" viewBox=\"0 0 512 512\" xmlns=\"http:\/\/www.w3.org\/2000\/svg\"><path d=\"M504 256c0 137-111 248-248 248S8 393 8 256 119 8 256 8s248 111 248 248zm-143.6-28.9L288 302.6V120c0-13.3-10.7-24-24-24h-16c-13.3 0-24 10.7-24 24v182.6l-72.4-75.5c-9.3-9.7-24.8-9.9-34.3-.4l-10.9 11c-9.4 9.4-9.4 24.6 0 33.9L239 404.3c9.4 9.4 24.6 9.4 33.9 0l132.7-132.7c9.4-9.4 9.4-24.6 0-33.9l-10.9-11c-9.5-9.5-25-9.3-34.3.4z\"><\/path><\/svg><\/span>\n\t\t\t<span class='e-closed'><svg aria-hidden=\"true\" class=\"e-font-icon-svg e-fas-arrow-circle-down\" viewBox=\"0 0 512 512\" xmlns=\"http:\/\/www.w3.org\/2000\/svg\"><path d=\"M504 256c0 137-111 248-248 248S8 393 8 256 119 8 256 8s248 111 248 248zm-143.6-28.9L288 302.6V120c0-13.3-10.7-24-24-24h-16c-13.3 0-24 10.7-24 24v182.6l-72.4-75.5c-9.3-9.7-24.8-9.9-34.3-.4l-10.9 11c-9.4 9.4-9.4 24.6 0 33.9L239 404.3c9.4 9.4 24.6 9.4 33.9 0l132.7-132.7c9.4-9.4 9.4-24.6 0-33.9l-10.9-11c-9.5-9.5-25-9.3-34.3.4z\"><\/path><\/svg><\/span>\n\t\t<\/span>\n\n\t\t\t\t\t\t<\/summary>\n\t\t\t\t<div role=\"region region\" aria-labelledby=\"e-n-accordion-item-9390 e-n-accordion-item-1675\" class=\"elementor-element elementor-element-6171d0b e-flex e-con-boxed e-con e-child\" data-id=\"6171d0b\" data-element_type=\"container\" data-e-type=\"container\">\n\t\t\t\t\t<div class=\"e-con-inner\">\n\t\t\t\t<div class=\"elementor-element elementor-element-3f834998 elementor-widget elementor-widget-text-editor\" data-id=\"3f834998\" data-element_type=\"widget\" data-e-type=\"widget\" data-widget_type=\"text-editor.default\">\n\t\t\t\t\t\t\t\t\t<p><a href=\"https:\/\/curriculo.sedu.es.gov.br\/curriculo\/wp-content\/uploads\/2024\/04\/1TRIM-EFAF-VF.pdf\" target=\"_blank\" rel=\"noopener\">1\u00ba TRIMESTRE\u00a0<\/a><\/p><p><a href=\"https:\/\/curriculo.sedu.es.gov.br\/curriculo\/wp-content\/uploads\/2024\/04\/2TRIM-EFAF-VF.pdf\" target=\"_blank\" rel=\"noopener\">2\u00ba TRIMESTRE\u00a0<\/a><\/p><p><a href=\"https:\/\/curriculo.sedu.es.gov.br\/curriculo\/wp-content\/uploads\/2024\/04\/3TRIM-EFAF-VF.pdf\" target=\"_blank\" rel=\"noopener\">3\u00ba TRIMESTRE\u00a0<\/a><\/p>\t\t\t\t\t\t\t\t<\/div>\n\t\t\t\t\t<\/div>\n\t\t\t\t<\/div>\n\t\t\t\t\t<\/details>\n\t\t\t\t\t\t<details id=\"e-n-accordion-item-1676\" class=\"e-n-accordion-item\" >\n\t\t\t\t<summary class=\"e-n-accordion-item-title\" data-accordion-index=\"7\" tabindex=\"-1\" aria-expanded=\"false\" aria-controls=\"e-n-accordion-item-1676\" >\n\t\t\t\t\t<span class='e-n-accordion-item-title-header'><div class=\"e-n-accordion-item-title-text\"> L\u00cdNGUA INGLESA <\/div><\/span>\n\t\t\t\t\t\t\t<span class='e-n-accordion-item-title-icon'>\n\t\t\t<span class='e-opened' ><svg aria-hidden=\"true\" class=\"e-font-icon-svg e-fas-arrow-circle-down\" viewBox=\"0 0 512 512\" xmlns=\"http:\/\/www.w3.org\/2000\/svg\"><path d=\"M504 256c0 137-111 248-248 248S8 393 8 256 119 8 256 8s248 111 248 248zm-143.6-28.9L288 302.6V120c0-13.3-10.7-24-24-24h-16c-13.3 0-24 10.7-24 24v182.6l-72.4-75.5c-9.3-9.7-24.8-9.9-34.3-.4l-10.9 11c-9.4 9.4-9.4 24.6 0 33.9L239 404.3c9.4 9.4 24.6 9.4 33.9 0l132.7-132.7c9.4-9.4 9.4-24.6 0-33.9l-10.9-11c-9.5-9.5-25-9.3-34.3.4z\"><\/path><\/svg><\/span>\n\t\t\t<span class='e-closed'><svg aria-hidden=\"true\" class=\"e-font-icon-svg e-fas-arrow-circle-down\" viewBox=\"0 0 512 512\" xmlns=\"http:\/\/www.w3.org\/2000\/svg\"><path d=\"M504 256c0 137-111 248-248 248S8 393 8 256 119 8 256 8s248 111 248 248zm-143.6-28.9L288 302.6V120c0-13.3-10.7-24-24-24h-16c-13.3 0-24 10.7-24 24v182.6l-72.4-75.5c-9.3-9.7-24.8-9.9-34.3-.4l-10.9 11c-9.4 9.4-9.4 24.6 0 33.9L239 404.3c9.4 9.4 24.6 9.4 33.9 0l132.7-132.7c9.4-9.4 9.4-24.6 0-33.9l-10.9-11c-9.5-9.5-25-9.3-34.3.4z\"><\/path><\/svg><\/span>\n\t\t<\/span>\n\n\t\t\t\t\t\t<\/summary>\n\t\t\t\t<div role=\"region region\" aria-labelledby=\"e-n-accordion-item-9390 e-n-accordion-item-1676\" class=\"elementor-element elementor-element-1170380c e-flex e-con-boxed e-con e-child\" data-id=\"1170380c\" data-element_type=\"container\" data-e-type=\"container\">\n\t\t\t\t\t<div class=\"e-con-inner\">\n\t\t\t\t<div class=\"elementor-element elementor-element-5185be26 elementor-widget elementor-widget-text-editor\" data-id=\"5185be26\" data-element_type=\"widget\" data-e-type=\"widget\" data-widget_type=\"text-editor.default\">\n\t\t\t\t\t\t\t\t\t<p><a href=\"https:\/\/curriculo.sedu.es.gov.br\/curriculo\/wp-content\/uploads\/2024\/01\/OC2024LIEFAF-1o-TRIM-FINAL.pdf\" target=\"_blank\" rel=\"noopener\">1\u00ba TRIMESTRE<\/a><\/p><p><a href=\"https:\/\/curriculo.sedu.es.gov.br\/curriculo\/wp-content\/uploads\/2024\/01\/OC2024LIEFAF-2o-TRIM-FINAL.pdf\" target=\"_blank\" rel=\"noopener\">2\u00ba TRIMESTRE\u00a0<\/a><\/p><p><a href=\"https:\/\/curriculo.sedu.es.gov.br\/curriculo\/wp-content\/uploads\/2024\/01\/OC2024LIEFAF-3o-TRIM-FINAL.pdf\" target=\"_blank\" rel=\"noopener\">3\u00ba TRIMESTRE\u00a0<\/a><\/p>\t\t\t\t\t\t\t\t<\/div>\n\t\t\t\t\t<\/div>\n\t\t\t\t<\/div>\n\t\t\t\t\t<\/details>\n\t\t\t\t\t\t<details id=\"e-n-accordion-item-1677\" class=\"e-n-accordion-item\" >\n\t\t\t\t<summary class=\"e-n-accordion-item-title\" data-accordion-index=\"8\" tabindex=\"-1\" aria-expanded=\"false\" aria-controls=\"e-n-accordion-item-1677\" >\n\t\t\t\t\t<span class='e-n-accordion-item-title-header'><div class=\"e-n-accordion-item-title-text\"> L\u00cdNGUA PORTUGUESA <\/div><\/span>\n\t\t\t\t\t\t\t<span class='e-n-accordion-item-title-icon'>\n\t\t\t<span class='e-opened' ><svg aria-hidden=\"true\" class=\"e-font-icon-svg e-fas-arrow-circle-down\" viewBox=\"0 0 512 512\" xmlns=\"http:\/\/www.w3.org\/2000\/svg\"><path d=\"M504 256c0 137-111 248-248 248S8 393 8 256 119 8 256 8s248 111 248 248zm-143.6-28.9L288 302.6V120c0-13.3-10.7-24-24-24h-16c-13.3 0-24 10.7-24 24v182.6l-72.4-75.5c-9.3-9.7-24.8-9.9-34.3-.4l-10.9 11c-9.4 9.4-9.4 24.6 0 33.9L239 404.3c9.4 9.4 24.6 9.4 33.9 0l132.7-132.7c9.4-9.4 9.4-24.6 0-33.9l-10.9-11c-9.5-9.5-25-9.3-34.3.4z\"><\/path><\/svg><\/span>\n\t\t\t<span class='e-closed'><svg aria-hidden=\"true\" class=\"e-font-icon-svg e-fas-arrow-circle-down\" viewBox=\"0 0 512 512\" xmlns=\"http:\/\/www.w3.org\/2000\/svg\"><path d=\"M504 256c0 137-111 248-248 248S8 393 8 256 119 8 256 8s248 111 248 248zm-143.6-28.9L288 302.6V120c0-13.3-10.7-24-24-24h-16c-13.3 0-24 10.7-24 24v182.6l-72.4-75.5c-9.3-9.7-24.8-9.9-34.3-.4l-10.9 11c-9.4 9.4-9.4 24.6 0 33.9L239 404.3c9.4 9.4 24.6 9.4 33.9 0l132.7-132.7c9.4-9.4 9.4-24.6 0-33.9l-10.9-11c-9.5-9.5-25-9.3-34.3.4z\"><\/path><\/svg><\/span>\n\t\t<\/span>\n\n\t\t\t\t\t\t<\/summary>\n\t\t\t\t<div role=\"region region\" aria-labelledby=\"e-n-accordion-item-9390 e-n-accordion-item-1677\" class=\"elementor-element elementor-element-5ac9135b e-flex e-con-boxed e-con e-child\" data-id=\"5ac9135b\" data-element_type=\"container\" data-e-type=\"container\">\n\t\t\t\t\t<div class=\"e-con-inner\">\n\t\t\t\t<div class=\"elementor-element elementor-element-53fc65a3 elementor-widget elementor-widget-text-editor\" data-id=\"53fc65a3\" data-element_type=\"widget\" data-e-type=\"widget\" data-widget_type=\"text-editor.default\">\n\t\t\t\t\t\t\t\t\t<p><a href=\"https:\/\/curriculo.sedu.es.gov.br\/curriculo\/wp-content\/uploads\/2024\/06\/Orientacao-Curricular-EF-Lingua-Portuguesa-completo-1o-ao-9o-ano-1o-trimestre_F.pdf\" target=\"_blank\" rel=\"noopener\">1\u00ba TRIMESTRE\u00a0<\/a><\/p><p><a href=\"https:\/\/curriculo.sedu.es.gov.br\/curriculo\/wp-content\/uploads\/2024\/08\/LP2TRIEFAF0824.pdf\" target=\"_blank\" rel=\"noopener\">2\u00ba TRIMESTRE\u00a0<\/a><\/p><p><a href=\"https:\/\/curriculo.sedu.es.gov.br\/curriculo\/wp-content\/uploads\/2024\/08\/OCLP3TRIEFAF24.pdf\" target=\"_blank\" rel=\"noopener\">3\u00ba TRIMESTRE\u00a0<\/a><\/p>\t\t\t\t\t\t\t\t<\/div>\n\t\t\t\t\t<\/div>\n\t\t\t\t<\/div>\n\t\t\t\t\t<\/details>\n\t\t\t\t\t\t<details id=\"e-n-accordion-item-1678\" class=\"e-n-accordion-item\" >\n\t\t\t\t<summary class=\"e-n-accordion-item-title\" data-accordion-index=\"9\" tabindex=\"-1\" aria-expanded=\"false\" aria-controls=\"e-n-accordion-item-1678\" >\n\t\t\t\t\t<span class='e-n-accordion-item-title-header'><div class=\"e-n-accordion-item-title-text\"> MATEM\u00c1TICA <\/div><\/span>\n\t\t\t\t\t\t\t<span class='e-n-accordion-item-title-icon'>\n\t\t\t<span class='e-opened' ><svg aria-hidden=\"true\" class=\"e-font-icon-svg e-fas-arrow-circle-down\" viewBox=\"0 0 512 512\" xmlns=\"http:\/\/www.w3.org\/2000\/svg\"><path d=\"M504 256c0 137-111 248-248 248S8 393 8 256 119 8 256 8s248 111 248 248zm-143.6-28.9L288 302.6V120c0-13.3-10.7-24-24-24h-16c-13.3 0-24 10.7-24 24v182.6l-72.4-75.5c-9.3-9.7-24.8-9.9-34.3-.4l-10.9 11c-9.4 9.4-9.4 24.6 0 33.9L239 404.3c9.4 9.4 24.6 9.4 33.9 0l132.7-132.7c9.4-9.4 9.4-24.6 0-33.9l-10.9-11c-9.5-9.5-25-9.3-34.3.4z\"><\/path><\/svg><\/span>\n\t\t\t<span class='e-closed'><svg aria-hidden=\"true\" class=\"e-font-icon-svg e-fas-arrow-circle-down\" viewBox=\"0 0 512 512\" xmlns=\"http:\/\/www.w3.org\/2000\/svg\"><path d=\"M504 256c0 137-111 248-248 248S8 393 8 256 119 8 256 8s248 111 248 248zm-143.6-28.9L288 302.6V120c0-13.3-10.7-24-24-24h-16c-13.3 0-24 10.7-24 24v182.6l-72.4-75.5c-9.3-9.7-24.8-9.9-34.3-.4l-10.9 11c-9.4 9.4-9.4 24.6 0 33.9L239 404.3c9.4 9.4 24.6 9.4 33.9 0l132.7-132.7c9.4-9.4 9.4-24.6 0-33.9l-10.9-11c-9.5-9.5-25-9.3-34.3.4z\"><\/path><\/svg><\/span>\n\t\t<\/span>\n\n\t\t\t\t\t\t<\/summary>\n\t\t\t\t<div role=\"region region\" aria-labelledby=\"e-n-accordion-item-9390 e-n-accordion-item-1678\" class=\"elementor-element elementor-element-5c8daef8 e-flex e-con-boxed e-con e-child\" data-id=\"5c8daef8\" data-element_type=\"container\" data-e-type=\"container\">\n\t\t\t\t\t<div class=\"e-con-inner\">\n\t\t\t\t<div class=\"elementor-element elementor-element-5c9dcce9 elementor-widget elementor-widget-text-editor\" data-id=\"5c9dcce9\" data-element_type=\"widget\" data-e-type=\"widget\" data-widget_type=\"text-editor.default\">\n\t\t\t\t\t\t\t\t\t<p><a href=\"https:\/\/curriculo.sedu.es.gov.br\/curriculo\/wp-content\/uploads\/2024\/03\/EFAFMAT1trim2426.03.pdf\" target=\"_blank\" rel=\"noopener\">1\u00ba TRIMESTRE\u00a0<\/a><\/p><p><a href=\"https:\/\/curriculo.sedu.es.gov.br\/curriculo\/wp-content\/uploads\/2024\/05\/EFAF-2o-TRIM-6o-E-7o-ANO-2024_compressed.pdf\" target=\"_blank\" rel=\"noopener\">2\u00ba TRIMESTRE 6\u00ba e 7\u00ba ANOS<\/a><\/p><p><a href=\"https:\/\/curriculo.sedu.es.gov.br\/curriculo\/wp-content\/uploads\/2024\/05\/EFAF-2o-TRIM-8o-E-9o-ANO-2024_compressed.pdf\" target=\"_blank\" rel=\"noopener\">2\u00ba TRIMESTRE 8\u00ba e 9\u00ba ANOS<\/a><\/p><p><a href=\"https:\/\/curriculo.sedu.es.gov.br\/curriculo\/wp-content\/uploads\/2024\/08\/EFAF-3o-TRIM-6o-E-7o-ANO-05-08-24.pdf\" target=\"_blank\" rel=\"noopener\">3\u00ba TRIMESTRE 6\u00ba e 7\u00ba ANOS<\/a><\/p><p><a href=\"https:\/\/curriculo.sedu.es.gov.br\/curriculo\/wp-content\/uploads\/2024\/08\/EFAF-3o-TRIM-8o-E-9o-ANO-05-08-24.pdf\" target=\"_blank\" rel=\"noopener\">3\u00ba TRIMESTRE 8\u00ba e 9\u00ba ANOS<\/a><\/p>\t\t\t\t\t\t\t\t<\/div>\n\t\t\t\t\t<\/div>\n\t\t\t\t<\/div>\n\t\t\t\t\t<\/details>\n\t\t\t\t\t<\/div>\n\t\t\t\t\t\t<\/div>\n\t\t\t\t\t<\/div>\n\t\t\t\t<\/div>\n\t\t\t\t<\/div>\n\t\t\t\t\t<\/details>\n\t\t\t\t\t<\/div>\n\t\t\t\t\t\t<\/div>\n\t\t\t\t<div class=\"elementor-element elementor-element-3ed7feb5 elementor-widget elementor-widget-n-accordion\" data-id=\"3ed7feb5\" data-element_type=\"widget\" data-e-type=\"widget\" data-settings=\"{&quot;default_state&quot;:&quot;expanded&quot;,&quot;max_items_expended&quot;:&quot;one&quot;,&quot;n_accordion_animation_duration&quot;:{&quot;unit&quot;:&quot;ms&quot;,&quot;size&quot;:400,&quot;sizes&quot;:[]}}\" data-widget_type=\"nested-accordion.default\">\n\t\t\t\t\t\t\t<div class=\"e-n-accordion\" aria-label=\"Accordion. Open links with Enter or Space, close with Escape, and navigate with Arrow Keys\">\n\t\t\t\t\t\t<details id=\"e-n-accordion-item-1050\" class=\"e-n-accordion-item\" open>\n\t\t\t\t<summary class=\"e-n-accordion-item-title\" data-accordion-index=\"1\" tabindex=\"0\" aria-expanded=\"true\" aria-controls=\"e-n-accordion-item-1050\" >\n\t\t\t\t\t<span class='e-n-accordion-item-title-header'><div class=\"e-n-accordion-item-title-text\"> ENSINO M\u00c9DIO - FORMA\u00c7\u00c3O GERAL B\u00c1SICA <\/div><\/span>\n\t\t\t\t\t\t\t<span class='e-n-accordion-item-title-icon'>\n\t\t\t<span class='e-opened' ><svg aria-hidden=\"true\" class=\"e-font-icon-svg e-fas-arrow-circle-down\" viewBox=\"0 0 512 512\" xmlns=\"http:\/\/www.w3.org\/2000\/svg\"><path d=\"M504 256c0 137-111 248-248 248S8 393 8 256 119 8 256 8s248 111 248 248zm-143.6-28.9L288 302.6V120c0-13.3-10.7-24-24-24h-16c-13.3 0-24 10.7-24 24v182.6l-72.4-75.5c-9.3-9.7-24.8-9.9-34.3-.4l-10.9 11c-9.4 9.4-9.4 24.6 0 33.9L239 404.3c9.4 9.4 24.6 9.4 33.9 0l132.7-132.7c9.4-9.4 9.4-24.6 0-33.9l-10.9-11c-9.5-9.5-25-9.3-34.3.4z\"><\/path><\/svg><\/span>\n\t\t\t<span class='e-closed'><svg aria-hidden=\"true\" class=\"e-font-icon-svg e-fas-arrow-circle-down\" viewBox=\"0 0 512 512\" xmlns=\"http:\/\/www.w3.org\/2000\/svg\"><path d=\"M504 256c0 137-111 248-248 248S8 393 8 256 119 8 256 8s248 111 248 248zm-143.6-28.9L288 302.6V120c0-13.3-10.7-24-24-24h-16c-13.3 0-24 10.7-24 24v182.6l-72.4-75.5c-9.3-9.7-24.8-9.9-34.3-.4l-10.9 11c-9.4 9.4-9.4 24.6 0 33.9L239 404.3c9.4 9.4 24.6 9.4 33.9 0l132.7-132.7c9.4-9.4 9.4-24.6 0-33.9l-10.9-11c-9.5-9.5-25-9.3-34.3.4z\"><\/path><\/svg><\/span>\n\t\t<\/span>\n\n\t\t\t\t\t\t<\/summary>\n\t\t\t\t<div role=\"region\" aria-labelledby=\"e-n-accordion-item-1050\" class=\"elementor-element elementor-element-10c2f4e8 e-con-full e-flex e-con e-child\" data-id=\"10c2f4e8\" data-element_type=\"container\" data-e-type=\"container\">\n\t\t<div role=\"region\" aria-labelledby=\"e-n-accordion-item-1050\" class=\"elementor-element elementor-element-1dadc49a e-flex e-con-boxed e-con e-child\" data-id=\"1dadc49a\" data-element_type=\"container\" data-e-type=\"container\">\n\t\t\t\t\t<div class=\"e-con-inner\">\n\t\t\t\t<div class=\"elementor-element elementor-element-2ebea6d9 elementor-widget elementor-widget-n-accordion\" data-id=\"2ebea6d9\" data-element_type=\"widget\" data-e-type=\"widget\" data-settings=\"{&quot;default_state&quot;:&quot;all_collapsed&quot;,&quot;max_items_expended&quot;:&quot;one&quot;,&quot;n_accordion_animation_duration&quot;:{&quot;unit&quot;:&quot;ms&quot;,&quot;size&quot;:400,&quot;sizes&quot;:[]}}\" data-widget_type=\"nested-accordion.default\">\n\t\t\t\t\t\t\t<div class=\"e-n-accordion\" aria-label=\"Accordion. Open links with Enter or Space, close with Escape, and navigate with Arrow Keys\">\n\t\t\t\t\t\t<details id=\"e-n-accordion-item-7840\" class=\"e-n-accordion-item\" >\n\t\t\t\t<summary class=\"e-n-accordion-item-title\" data-accordion-index=\"1\" tabindex=\"0\" aria-expanded=\"false\" aria-controls=\"e-n-accordion-item-7840\" >\n\t\t\t\t\t<span class='e-n-accordion-item-title-header'><div class=\"e-n-accordion-item-title-text\"> ARTE <\/div><\/span>\n\t\t\t\t\t\t\t<span class='e-n-accordion-item-title-icon'>\n\t\t\t<span class='e-opened' ><svg aria-hidden=\"true\" class=\"e-font-icon-svg e-fas-arrow-circle-down\" viewBox=\"0 0 512 512\" xmlns=\"http:\/\/www.w3.org\/2000\/svg\"><path d=\"M504 256c0 137-111 248-248 248S8 393 8 256 119 8 256 8s248 111 248 248zm-143.6-28.9L288 302.6V120c0-13.3-10.7-24-24-24h-16c-13.3 0-24 10.7-24 24v182.6l-72.4-75.5c-9.3-9.7-24.8-9.9-34.3-.4l-10.9 11c-9.4 9.4-9.4 24.6 0 33.9L239 404.3c9.4 9.4 24.6 9.4 33.9 0l132.7-132.7c9.4-9.4 9.4-24.6 0-33.9l-10.9-11c-9.5-9.5-25-9.3-34.3.4z\"><\/path><\/svg><\/span>\n\t\t\t<span class='e-closed'><svg aria-hidden=\"true\" class=\"e-font-icon-svg e-fas-arrow-circle-down\" viewBox=\"0 0 512 512\" xmlns=\"http:\/\/www.w3.org\/2000\/svg\"><path d=\"M504 256c0 137-111 248-248 248S8 393 8 256 119 8 256 8s248 111 248 248zm-143.6-28.9L288 302.6V120c0-13.3-10.7-24-24-24h-16c-13.3 0-24 10.7-24 24v182.6l-72.4-75.5c-9.3-9.7-24.8-9.9-34.3-.4l-10.9 11c-9.4 9.4-9.4 24.6 0 33.9L239 404.3c9.4 9.4 24.6 9.4 33.9 0l132.7-132.7c9.4-9.4 9.4-24.6 0-33.9l-10.9-11c-9.5-9.5-25-9.3-34.3.4z\"><\/path><\/svg><\/span>\n\t\t<\/span>\n\n\t\t\t\t\t\t<\/summary>\n\t\t\t\t<div role=\"region region\" aria-labelledby=\"e-n-accordion-item-1050 e-n-accordion-item-7840\" class=\"elementor-element elementor-element-2b47c34a e-con-full e-flex e-con e-child\" data-id=\"2b47c34a\" data-element_type=\"container\" data-e-type=\"container\">\n\t\t\t\t<div class=\"elementor-element elementor-element-60f587cd elementor-widget elementor-widget-text-editor\" data-id=\"60f587cd\" data-element_type=\"widget\" data-e-type=\"widget\" data-widget_type=\"text-editor.default\">\n\t\t\t\t\t\t\t\t\t<p><a href=\"https:\/\/curriculo.sedu.es.gov.br\/curriculo\/wp-content\/uploads\/2024\/05\/ARTE-OC2024-1o-TRI-EM-FGB-Diurno300424.pdf\" target=\"_blank\" rel=\"noopener\">1\u00ba TRIMESTRE DIURNO<\/a><\/p><p><a href=\"https:\/\/curriculo.sedu.es.gov.br\/curriculo\/wp-content\/uploads\/2024\/05\/ARTE-OC2024-1o-TRI-EM-FGB-Noturno300424.pdf\" target=\"_blank\" rel=\"noopener\">1\u00ba TRIMESTRE NOTURNO<\/a><\/p><p><a href=\"https:\/\/curriculo.sedu.es.gov.br\/curriculo\/wp-content\/uploads\/2024\/05\/ARTE-OC2024-2o-TRI-EM-FGB-Diurno300424.pdf\" target=\"_blank\" rel=\"noopener\">2\u00ba TRIMESTRE DIURNO<\/a><\/p><p><a href=\"https:\/\/curriculo.sedu.es.gov.br\/curriculo\/wp-content\/uploads\/2024\/05\/ARTE-OC2024-2o-TRI-EM-FGB-Noturno300424.pdf\" target=\"_blank\" rel=\"noopener\">2\u00ba TRIMESTRE NOTURNO<\/a><\/p><p><a href=\"https:\/\/curriculo.sedu.es.gov.br\/curriculo\/wp-content\/uploads\/2024\/05\/ARTE-OC2024-3o-TRI-EM-FGB-Diurno300424.pdf\" target=\"_blank\" rel=\"noopener\">3\u00ba TRIMESTRE DIURNO<\/a><\/p><p><a href=\"https:\/\/curriculo.sedu.es.gov.br\/curriculo\/wp-content\/uploads\/2024\/05\/ARTE-OC2024-3o-TRI-EM-FGB-Noturno300424.pdf\" target=\"_blank\" rel=\"noopener\">3\u00ba TRIMESTRE NOTURNO<\/a><\/p>\t\t\t\t\t\t\t\t<\/div>\n\t\t\t\t<\/div>\n\t\t\t\t\t<\/details>\n\t\t\t\t\t\t<details id=\"e-n-accordion-item-7841\" class=\"e-n-accordion-item\" >\n\t\t\t\t<summary class=\"e-n-accordion-item-title\" data-accordion-index=\"2\" tabindex=\"-1\" aria-expanded=\"false\" aria-controls=\"e-n-accordion-item-7841\" >\n\t\t\t\t\t<span class='e-n-accordion-item-title-header'><div class=\"e-n-accordion-item-title-text\"> BIOLOGIA <\/div><\/span>\n\t\t\t\t\t\t\t<span class='e-n-accordion-item-title-icon'>\n\t\t\t<span class='e-opened' ><svg aria-hidden=\"true\" class=\"e-font-icon-svg e-fas-arrow-circle-down\" viewBox=\"0 0 512 512\" xmlns=\"http:\/\/www.w3.org\/2000\/svg\"><path d=\"M504 256c0 137-111 248-248 248S8 393 8 256 119 8 256 8s248 111 248 248zm-143.6-28.9L288 302.6V120c0-13.3-10.7-24-24-24h-16c-13.3 0-24 10.7-24 24v182.6l-72.4-75.5c-9.3-9.7-24.8-9.9-34.3-.4l-10.9 11c-9.4 9.4-9.4 24.6 0 33.9L239 404.3c9.4 9.4 24.6 9.4 33.9 0l132.7-132.7c9.4-9.4 9.4-24.6 0-33.9l-10.9-11c-9.5-9.5-25-9.3-34.3.4z\"><\/path><\/svg><\/span>\n\t\t\t<span class='e-closed'><svg aria-hidden=\"true\" class=\"e-font-icon-svg e-fas-arrow-circle-down\" viewBox=\"0 0 512 512\" xmlns=\"http:\/\/www.w3.org\/2000\/svg\"><path d=\"M504 256c0 137-111 248-248 248S8 393 8 256 119 8 256 8s248 111 248 248zm-143.6-28.9L288 302.6V120c0-13.3-10.7-24-24-24h-16c-13.3 0-24 10.7-24 24v182.6l-72.4-75.5c-9.3-9.7-24.8-9.9-34.3-.4l-10.9 11c-9.4 9.4-9.4 24.6 0 33.9L239 404.3c9.4 9.4 24.6 9.4 33.9 0l132.7-132.7c9.4-9.4 9.4-24.6 0-33.9l-10.9-11c-9.5-9.5-25-9.3-34.3.4z\"><\/path><\/svg><\/span>\n\t\t<\/span>\n\n\t\t\t\t\t\t<\/summary>\n\t\t\t\t<div role=\"region region\" aria-labelledby=\"e-n-accordion-item-1050 e-n-accordion-item-7841\" class=\"elementor-element elementor-element-7be4b8e9 e-con-full e-flex e-con e-child\" data-id=\"7be4b8e9\" data-element_type=\"container\" data-e-type=\"container\">\n\t\t\t\t<div class=\"elementor-element elementor-element-7c1759c8 elementor-widget elementor-widget-text-editor\" data-id=\"7c1759c8\" data-element_type=\"widget\" data-e-type=\"widget\" data-widget_type=\"text-editor.default\">\n\t\t\t\t\t\t\t\t\t<p><a href=\"https:\/\/curriculo.sedu.es.gov.br\/curriculo\/wp-content\/uploads\/2024\/03\/1%C2%B0Tri-Biologia-Orientacoes-Curriculares-FGB.pdf\" target=\"_blank\" rel=\"noopener\">1\u00ba TRIMESTRE<\/a>\u00a0<\/p><p><a href=\"https:\/\/curriculo.sedu.es.gov.br\/curriculo\/wp-content\/uploads\/2024\/03\/orientacao-curricular-2o-trimestre19_03.pdf\" target=\"_blank\" rel=\"noopener\">2\u00ba TRIMESTRE<\/a>\u00a0<\/p><p><a href=\"https:\/\/curriculo.sedu.es.gov.br\/curriculo\/wp-content\/uploads\/2024\/03\/3%C2%B0Tri-Biologia-Orientacoes-Curriculares-FGB.pdf\" target=\"_blank\" rel=\"noopener\">3\u00ba TRIMESTRE<\/a>\u00a0<\/p>\t\t\t\t\t\t\t\t<\/div>\n\t\t\t\t<\/div>\n\t\t\t\t\t<\/details>\n\t\t\t\t\t\t<details id=\"e-n-accordion-item-7842\" class=\"e-n-accordion-item\" >\n\t\t\t\t<summary class=\"e-n-accordion-item-title\" data-accordion-index=\"3\" tabindex=\"-1\" aria-expanded=\"false\" aria-controls=\"e-n-accordion-item-7842\" >\n\t\t\t\t\t<span class='e-n-accordion-item-title-header'><div class=\"e-n-accordion-item-title-text\"> EDUCA\u00c7\u00c3O F\u00cdSICA <\/div><\/span>\n\t\t\t\t\t\t\t<span class='e-n-accordion-item-title-icon'>\n\t\t\t<span class='e-opened' ><svg aria-hidden=\"true\" class=\"e-font-icon-svg e-fas-arrow-circle-down\" viewBox=\"0 0 512 512\" xmlns=\"http:\/\/www.w3.org\/2000\/svg\"><path d=\"M504 256c0 137-111 248-248 248S8 393 8 256 119 8 256 8s248 111 248 248zm-143.6-28.9L288 302.6V120c0-13.3-10.7-24-24-24h-16c-13.3 0-24 10.7-24 24v182.6l-72.4-75.5c-9.3-9.7-24.8-9.9-34.3-.4l-10.9 11c-9.4 9.4-9.4 24.6 0 33.9L239 404.3c9.4 9.4 24.6 9.4 33.9 0l132.7-132.7c9.4-9.4 9.4-24.6 0-33.9l-10.9-11c-9.5-9.5-25-9.3-34.3.4z\"><\/path><\/svg><\/span>\n\t\t\t<span class='e-closed'><svg aria-hidden=\"true\" class=\"e-font-icon-svg e-fas-arrow-circle-down\" viewBox=\"0 0 512 512\" xmlns=\"http:\/\/www.w3.org\/2000\/svg\"><path d=\"M504 256c0 137-111 248-248 248S8 393 8 256 119 8 256 8s248 111 248 248zm-143.6-28.9L288 302.6V120c0-13.3-10.7-24-24-24h-16c-13.3 0-24 10.7-24 24v182.6l-72.4-75.5c-9.3-9.7-24.8-9.9-34.3-.4l-10.9 11c-9.4 9.4-9.4 24.6 0 33.9L239 404.3c9.4 9.4 24.6 9.4 33.9 0l132.7-132.7c9.4-9.4 9.4-24.6 0-33.9l-10.9-11c-9.5-9.5-25-9.3-34.3.4z\"><\/path><\/svg><\/span>\n\t\t<\/span>\n\n\t\t\t\t\t\t<\/summary>\n\t\t\t\t<div role=\"region region\" aria-labelledby=\"e-n-accordion-item-1050 e-n-accordion-item-7842\" class=\"elementor-element elementor-element-84da1ae e-con-full e-flex e-con e-child\" data-id=\"84da1ae\" data-element_type=\"container\" data-e-type=\"container\">\n\t\t\t\t<div class=\"elementor-element elementor-element-127595d7 elementor-widget elementor-widget-text-editor\" data-id=\"127595d7\" data-element_type=\"widget\" data-e-type=\"widget\" data-widget_type=\"text-editor.default\">\n\t\t\t\t\t\t\t\t\t<p><a href=\"https:\/\/curriculo.sedu.es.gov.br\/curriculo\/wp-content\/uploads\/2024\/01\/FGB-2024-1o-TRI-Ensino-Medio-Educacao-Fisica_compressed.pdf\" target=\"_blank\" rel=\"noopener\">1\u00ba TRIMESTRE\u00a0<\/a><\/p><p><a href=\"https:\/\/curriculo.sedu.es.gov.br\/curriculo\/wp-content\/uploads\/2024\/04\/FGB242oTRIEMEducacaoFisica010424.pdf\" target=\"_blank\" rel=\"noopener\">2\u00ba TRIMESTRE\u00a0<\/a><\/p><p><a href=\"https:\/\/curriculo.sedu.es.gov.br\/curriculo\/wp-content\/uploads\/2024\/04\/FGB243oTRIEMEducacaoFisica010424.pdf\">3\u00ba TRIMESTRE<\/a>\u00a0<\/p>\t\t\t\t\t\t\t\t<\/div>\n\t\t\t\t<\/div>\n\t\t\t\t\t<\/details>\n\t\t\t\t\t\t<details id=\"e-n-accordion-item-7843\" class=\"e-n-accordion-item\" >\n\t\t\t\t<summary class=\"e-n-accordion-item-title\" data-accordion-index=\"4\" tabindex=\"-1\" aria-expanded=\"false\" aria-controls=\"e-n-accordion-item-7843\" >\n\t\t\t\t\t<span class='e-n-accordion-item-title-header'><div class=\"e-n-accordion-item-title-text\"> FILOSOFIA <\/div><\/span>\n\t\t\t\t\t\t\t<span class='e-n-accordion-item-title-icon'>\n\t\t\t<span class='e-opened' ><svg aria-hidden=\"true\" class=\"e-font-icon-svg e-fas-arrow-circle-down\" viewBox=\"0 0 512 512\" xmlns=\"http:\/\/www.w3.org\/2000\/svg\"><path d=\"M504 256c0 137-111 248-248 248S8 393 8 256 119 8 256 8s248 111 248 248zm-143.6-28.9L288 302.6V120c0-13.3-10.7-24-24-24h-16c-13.3 0-24 10.7-24 24v182.6l-72.4-75.5c-9.3-9.7-24.8-9.9-34.3-.4l-10.9 11c-9.4 9.4-9.4 24.6 0 33.9L239 404.3c9.4 9.4 24.6 9.4 33.9 0l132.7-132.7c9.4-9.4 9.4-24.6 0-33.9l-10.9-11c-9.5-9.5-25-9.3-34.3.4z\"><\/path><\/svg><\/span>\n\t\t\t<span class='e-closed'><svg aria-hidden=\"true\" class=\"e-font-icon-svg e-fas-arrow-circle-down\" viewBox=\"0 0 512 512\" xmlns=\"http:\/\/www.w3.org\/2000\/svg\"><path d=\"M504 256c0 137-111 248-248 248S8 393 8 256 119 8 256 8s248 111 248 248zm-143.6-28.9L288 302.6V120c0-13.3-10.7-24-24-24h-16c-13.3 0-24 10.7-24 24v182.6l-72.4-75.5c-9.3-9.7-24.8-9.9-34.3-.4l-10.9 11c-9.4 9.4-9.4 24.6 0 33.9L239 404.3c9.4 9.4 24.6 9.4 33.9 0l132.7-132.7c9.4-9.4 9.4-24.6 0-33.9l-10.9-11c-9.5-9.5-25-9.3-34.3.4z\"><\/path><\/svg><\/span>\n\t\t<\/span>\n\n\t\t\t\t\t\t<\/summary>\n\t\t\t\t<div role=\"region region\" aria-labelledby=\"e-n-accordion-item-1050 e-n-accordion-item-7843\" class=\"elementor-element elementor-element-58673a67 e-flex e-con-boxed e-con e-child\" data-id=\"58673a67\" data-element_type=\"container\" data-e-type=\"container\">\n\t\t\t\t\t<div class=\"e-con-inner\">\n\t\t\t\t<div class=\"elementor-element elementor-element-1686ef5 elementor-widget elementor-widget-text-editor\" data-id=\"1686ef5\" data-element_type=\"widget\" data-e-type=\"widget\" data-widget_type=\"text-editor.default\">\n\t\t\t\t\t\t\t\t\t<p><a href=\"https:\/\/curriculo.sedu.es.gov.br\/curriculo\/wp-content\/uploads\/2024\/05\/OCFILOSOFIA1SERIE1TRIM24.pdf\" target=\"_blank\" rel=\"noopener\">1\u00ba TRIMESTRE DIURNO<\/a><\/p><p><a href=\"https:\/\/curriculo.sedu.es.gov.br\/curriculo\/wp-content\/uploads\/2024\/05\/OCFILOSOFIA1SERIENOT1TRIM24.pdf\" target=\"_blank\" rel=\"noopener\">1\u00ba TRIMESTRE NOTURNO<\/a><\/p><p><a href=\"https:\/\/curriculo.sedu.es.gov.br\/curriculo\/wp-content\/uploads\/2024\/04\/OC-FILOSOFIA-1-SERIE-2oTRIM-2024120424.pdf\" target=\"_blank\" rel=\"noopener\">2\u00ba TRIMESTRE DIURNO<\/a><\/p><p><a href=\"https:\/\/curriculo.sedu.es.gov.br\/curriculo\/wp-content\/uploads\/2024\/04\/OC-FILOSOFIA-1-SERIE-NOT-2oTRIM-2024120424.pdf\" target=\"_blank\" rel=\"noopener\">2\u00ba TRIMESTRE NOTURNO<\/a><\/p><p><a href=\"https:\/\/curriculo.sedu.es.gov.br\/curriculo\/wp-content\/uploads\/2024\/04\/OC-FILOSOFIA-1-SERIE-3oTRIM-2024120424.pdf\" target=\"_blank\" rel=\"noopener\">3\u00ba TRIMESTRE DIURNO<\/a><\/p><p><a href=\"https:\/\/curriculo.sedu.es.gov.br\/curriculo\/wp-content\/uploads\/2024\/04\/OC-FILOSOFIA-1-SERIE-NOT-3oTRIM-2024120424.pdf\" target=\"_blank\" rel=\"noopener\">3\u00ba TRIMESTRE NOTURNO<\/a><\/p>\t\t\t\t\t\t\t\t<\/div>\n\t\t\t\t\t<\/div>\n\t\t\t\t<\/div>\n\t\t\t\t\t<\/details>\n\t\t\t\t\t\t<details id=\"e-n-accordion-item-7844\" class=\"e-n-accordion-item\" >\n\t\t\t\t<summary class=\"e-n-accordion-item-title\" data-accordion-index=\"5\" tabindex=\"-1\" aria-expanded=\"false\" aria-controls=\"e-n-accordion-item-7844\" >\n\t\t\t\t\t<span class='e-n-accordion-item-title-header'><div class=\"e-n-accordion-item-title-text\"> F\u00cdSICA <\/div><\/span>\n\t\t\t\t\t\t\t<span class='e-n-accordion-item-title-icon'>\n\t\t\t<span class='e-opened' ><svg aria-hidden=\"true\" class=\"e-font-icon-svg e-fas-arrow-circle-down\" viewBox=\"0 0 512 512\" xmlns=\"http:\/\/www.w3.org\/2000\/svg\"><path d=\"M504 256c0 137-111 248-248 248S8 393 8 256 119 8 256 8s248 111 248 248zm-143.6-28.9L288 302.6V120c0-13.3-10.7-24-24-24h-16c-13.3 0-24 10.7-24 24v182.6l-72.4-75.5c-9.3-9.7-24.8-9.9-34.3-.4l-10.9 11c-9.4 9.4-9.4 24.6 0 33.9L239 404.3c9.4 9.4 24.6 9.4 33.9 0l132.7-132.7c9.4-9.4 9.4-24.6 0-33.9l-10.9-11c-9.5-9.5-25-9.3-34.3.4z\"><\/path><\/svg><\/span>\n\t\t\t<span class='e-closed'><svg aria-hidden=\"true\" class=\"e-font-icon-svg e-fas-arrow-circle-down\" viewBox=\"0 0 512 512\" xmlns=\"http:\/\/www.w3.org\/2000\/svg\"><path d=\"M504 256c0 137-111 248-248 248S8 393 8 256 119 8 256 8s248 111 248 248zm-143.6-28.9L288 302.6V120c0-13.3-10.7-24-24-24h-16c-13.3 0-24 10.7-24 24v182.6l-72.4-75.5c-9.3-9.7-24.8-9.9-34.3-.4l-10.9 11c-9.4 9.4-9.4 24.6 0 33.9L239 404.3c9.4 9.4 24.6 9.4 33.9 0l132.7-132.7c9.4-9.4 9.4-24.6 0-33.9l-10.9-11c-9.5-9.5-25-9.3-34.3.4z\"><\/path><\/svg><\/span>\n\t\t<\/span>\n\n\t\t\t\t\t\t<\/summary>\n\t\t\t\t<div role=\"region region\" aria-labelledby=\"e-n-accordion-item-1050 e-n-accordion-item-7844\" class=\"elementor-element elementor-element-4461b9f5 e-flex e-con-boxed e-con e-child\" data-id=\"4461b9f5\" data-element_type=\"container\" data-e-type=\"container\">\n\t\t\t\t\t<div class=\"e-con-inner\">\n\t\t\t\t<div class=\"elementor-element elementor-element-2d1492a1 elementor-widget elementor-widget-text-editor\" data-id=\"2d1492a1\" data-element_type=\"widget\" data-e-type=\"widget\" data-widget_type=\"text-editor.default\">\n\t\t\t\t\t\t\t\t\t<p><a href=\"https:\/\/curriculo.sedu.es.gov.br\/curriculo\/wp-content\/uploads\/2024\/04\/FISICA-1o-TRI-2024-FGB110424.pdf\" target=\"_blank\" rel=\"noopener\">1\u00ba TRIMESTRE\u00a0<\/a><\/p><p><a href=\"https:\/\/curriculo.sedu.es.gov.br\/curriculo\/wp-content\/uploads\/2024\/04\/FISICA-2o-TRI-2024-FGB110424.pdf\" target=\"_blank\" rel=\"noopener\">2\u00ba TRIMESTRE\u00a0<\/a><\/p><p><a href=\"https:\/\/curriculo.sedu.es.gov.br\/curriculo\/wp-content\/uploads\/2024\/04\/FISICA-3o-TRI-2024-FGB110424.pdf\" target=\"_blank\" rel=\"noopener\">3\u00ba TRIMESTRE<\/a>\u00a0<\/p>\t\t\t\t\t\t\t\t<\/div>\n\t\t\t\t\t<\/div>\n\t\t\t\t<\/div>\n\t\t\t\t\t<\/details>\n\t\t\t\t\t\t<details id=\"e-n-accordion-item-7845\" class=\"e-n-accordion-item\" >\n\t\t\t\t<summary class=\"e-n-accordion-item-title\" data-accordion-index=\"6\" tabindex=\"-1\" aria-expanded=\"false\" aria-controls=\"e-n-accordion-item-7845\" >\n\t\t\t\t\t<span class='e-n-accordion-item-title-header'><div class=\"e-n-accordion-item-title-text\"> GEOGRAFIA <\/div><\/span>\n\t\t\t\t\t\t\t<span class='e-n-accordion-item-title-icon'>\n\t\t\t<span class='e-opened' ><svg aria-hidden=\"true\" class=\"e-font-icon-svg e-fas-arrow-circle-down\" viewBox=\"0 0 512 512\" xmlns=\"http:\/\/www.w3.org\/2000\/svg\"><path d=\"M504 256c0 137-111 248-248 248S8 393 8 256 119 8 256 8s248 111 248 248zm-143.6-28.9L288 302.6V120c0-13.3-10.7-24-24-24h-16c-13.3 0-24 10.7-24 24v182.6l-72.4-75.5c-9.3-9.7-24.8-9.9-34.3-.4l-10.9 11c-9.4 9.4-9.4 24.6 0 33.9L239 404.3c9.4 9.4 24.6 9.4 33.9 0l132.7-132.7c9.4-9.4 9.4-24.6 0-33.9l-10.9-11c-9.5-9.5-25-9.3-34.3.4z\"><\/path><\/svg><\/span>\n\t\t\t<span class='e-closed'><svg aria-hidden=\"true\" class=\"e-font-icon-svg e-fas-arrow-circle-down\" viewBox=\"0 0 512 512\" xmlns=\"http:\/\/www.w3.org\/2000\/svg\"><path d=\"M504 256c0 137-111 248-248 248S8 393 8 256 119 8 256 8s248 111 248 248zm-143.6-28.9L288 302.6V120c0-13.3-10.7-24-24-24h-16c-13.3 0-24 10.7-24 24v182.6l-72.4-75.5c-9.3-9.7-24.8-9.9-34.3-.4l-10.9 11c-9.4 9.4-9.4 24.6 0 33.9L239 404.3c9.4 9.4 24.6 9.4 33.9 0l132.7-132.7c9.4-9.4 9.4-24.6 0-33.9l-10.9-11c-9.5-9.5-25-9.3-34.3.4z\"><\/path><\/svg><\/span>\n\t\t<\/span>\n\n\t\t\t\t\t\t<\/summary>\n\t\t\t\t<div role=\"region region\" aria-labelledby=\"e-n-accordion-item-1050 e-n-accordion-item-7845\" class=\"elementor-element elementor-element-6d9c3e72 e-flex e-con-boxed e-con e-child\" data-id=\"6d9c3e72\" data-element_type=\"container\" data-e-type=\"container\">\n\t\t\t\t\t<div class=\"e-con-inner\">\n\t\t\t\t<div class=\"elementor-element elementor-element-7065a97f elementor-widget elementor-widget-text-editor\" data-id=\"7065a97f\" data-element_type=\"widget\" data-e-type=\"widget\" data-widget_type=\"text-editor.default\">\n\t\t\t\t\t\t\t\t\t<p><a href=\"https:\/\/curriculo.sedu.es.gov.br\/curriculo\/wp-content\/uploads\/2024\/06\/1TRIM-GEO-FGB-EM-2024-DIURNO-2-1.docx-1-1.docx.pdf\" target=\"_blank\" rel=\"noopener\">1\u00ba TRIMESTRE DIURNO<\/a><\/p><p><a href=\"https:\/\/curriculo.sedu.es.gov.br\/curriculo\/wp-content\/uploads\/2024\/06\/1TRIM-GEO-FGB-EM-2024-NOTURNO.pdf\">1\u00ba TRIMESTRE NOTURNO<\/a><\/p><p><a href=\"https:\/\/curriculo.sedu.es.gov.br\/curriculo\/wp-content\/uploads\/2024\/06\/2TRIM-GEO-FGB-EM-2024-DIURNO.pdf\" target=\"_blank\" rel=\"noopener\">2\u00ba TRIMESTRE DIURNO<\/a><\/p><p><a href=\"https:\/\/curriculo.sedu.es.gov.br\/curriculo\/wp-content\/uploads\/2024\/06\/2TRIM-GEO-FGB-EM-2024-NOTURNO.pdf\" target=\"_blank\" rel=\"noopener\">2\u00ba TRIMESTRE NOTURNO<\/a><\/p><p><a href=\"https:\/\/curriculo.sedu.es.gov.br\/curriculo\/wp-content\/uploads\/2024\/06\/3TRIM-GEO-FGB-EM-2024-DIURNO2_removed.pdf\" target=\"_blank\" rel=\"noopener\">3\u00ba TRIMESTRE DIURNO<\/a><\/p><p><a href=\"https:\/\/curriculo.sedu.es.gov.br\/curriculo\/wp-content\/uploads\/2024\/06\/3TRIM-GEO-FGB-EM-2024-NOTURNO.pdf\" target=\"_blank\" rel=\"noopener\">3\u00ba TRIMESTRE NOTURNO<\/a><\/p>\t\t\t\t\t\t\t\t<\/div>\n\t\t\t\t\t<\/div>\n\t\t\t\t<\/div>\n\t\t\t\t\t<\/details>\n\t\t\t\t\t\t<details id=\"e-n-accordion-item-7846\" class=\"e-n-accordion-item\" >\n\t\t\t\t<summary class=\"e-n-accordion-item-title\" data-accordion-index=\"7\" tabindex=\"-1\" aria-expanded=\"false\" aria-controls=\"e-n-accordion-item-7846\" >\n\t\t\t\t\t<span class='e-n-accordion-item-title-header'><div class=\"e-n-accordion-item-title-text\"> HIST\u00d3RIA <\/div><\/span>\n\t\t\t\t\t\t\t<span class='e-n-accordion-item-title-icon'>\n\t\t\t<span class='e-opened' ><svg aria-hidden=\"true\" class=\"e-font-icon-svg e-fas-arrow-circle-down\" viewBox=\"0 0 512 512\" xmlns=\"http:\/\/www.w3.org\/2000\/svg\"><path d=\"M504 256c0 137-111 248-248 248S8 393 8 256 119 8 256 8s248 111 248 248zm-143.6-28.9L288 302.6V120c0-13.3-10.7-24-24-24h-16c-13.3 0-24 10.7-24 24v182.6l-72.4-75.5c-9.3-9.7-24.8-9.9-34.3-.4l-10.9 11c-9.4 9.4-9.4 24.6 0 33.9L239 404.3c9.4 9.4 24.6 9.4 33.9 0l132.7-132.7c9.4-9.4 9.4-24.6 0-33.9l-10.9-11c-9.5-9.5-25-9.3-34.3.4z\"><\/path><\/svg><\/span>\n\t\t\t<span class='e-closed'><svg aria-hidden=\"true\" class=\"e-font-icon-svg e-fas-arrow-circle-down\" viewBox=\"0 0 512 512\" xmlns=\"http:\/\/www.w3.org\/2000\/svg\"><path d=\"M504 256c0 137-111 248-248 248S8 393 8 256 119 8 256 8s248 111 248 248zm-143.6-28.9L288 302.6V120c0-13.3-10.7-24-24-24h-16c-13.3 0-24 10.7-24 24v182.6l-72.4-75.5c-9.3-9.7-24.8-9.9-34.3-.4l-10.9 11c-9.4 9.4-9.4 24.6 0 33.9L239 404.3c9.4 9.4 24.6 9.4 33.9 0l132.7-132.7c9.4-9.4 9.4-24.6 0-33.9l-10.9-11c-9.5-9.5-25-9.3-34.3.4z\"><\/path><\/svg><\/span>\n\t\t<\/span>\n\n\t\t\t\t\t\t<\/summary>\n\t\t\t\t<div role=\"region region\" aria-labelledby=\"e-n-accordion-item-1050 e-n-accordion-item-7846\" class=\"elementor-element elementor-element-77c1c7f7 e-flex e-con-boxed e-con e-child\" data-id=\"77c1c7f7\" data-element_type=\"container\" data-e-type=\"container\">\n\t\t\t\t\t<div class=\"e-con-inner\">\n\t\t\t\t<div class=\"elementor-element elementor-element-2e4e6962 elementor-widget elementor-widget-text-editor\" data-id=\"2e4e6962\" data-element_type=\"widget\" data-e-type=\"widget\" data-widget_type=\"text-editor.default\">\n\t\t\t\t\t\t\t\t\t<p><a href=\"https:\/\/curriculo.sedu.es.gov.br\/curriculo\/wp-content\/uploads\/2024\/04\/1TRIM-EMD-VF.pdf\" target=\"_blank\" rel=\"noopener\">1\u00ba TRIMESTRE DIURNO<\/a><\/p><p><a href=\"https:\/\/curriculo.sedu.es.gov.br\/curriculo\/wp-content\/uploads\/2024\/04\/1TRIM-EMN-VF.pdf\" target=\"_blank\" rel=\"noopener\">1\u00ba TRIMESTRE NOTURNO<\/a><\/p><p><a href=\"https:\/\/curriculo.sedu.es.gov.br\/curriculo\/wp-content\/uploads\/2024\/04\/2TRIM-EMD-VF.pdf\" target=\"_blank\" rel=\"noopener\">2\u00ba TRIMESTRE DIURNO<\/a><\/p><p><a href=\"https:\/\/curriculo.sedu.es.gov.br\/curriculo\/wp-content\/uploads\/2024\/04\/2TRIM-EMN-VF.pdf\" target=\"_blank\" rel=\"noopener\">2\u00ba TRIMESTRE NOTURNO<\/a><\/p><p><a href=\"https:\/\/curriculo.sedu.es.gov.br\/curriculo\/wp-content\/uploads\/2024\/04\/3TRIM-EMD-VF.pdf\" target=\"_blank\" rel=\"noopener\">3\u00ba TRIMESTRE DIURNO<\/a><\/p><p><a href=\"https:\/\/curriculo.sedu.es.gov.br\/curriculo\/wp-content\/uploads\/2024\/04\/3TRIM-EMN-VF.pdf\" target=\"_blank\" rel=\"noopener\">3\u00ba TRIMESTRE NOTURNO<\/a><\/p>\t\t\t\t\t\t\t\t<\/div>\n\t\t\t\t\t<\/div>\n\t\t\t\t<\/div>\n\t\t\t\t\t<\/details>\n\t\t\t\t\t\t<details id=\"e-n-accordion-item-7847\" class=\"e-n-accordion-item\" >\n\t\t\t\t<summary class=\"e-n-accordion-item-title\" data-accordion-index=\"8\" tabindex=\"-1\" aria-expanded=\"false\" aria-controls=\"e-n-accordion-item-7847\" >\n\t\t\t\t\t<span class='e-n-accordion-item-title-header'><div class=\"e-n-accordion-item-title-text\"> L\u00cdNGUA INGLESA <\/div><\/span>\n\t\t\t\t\t\t\t<span class='e-n-accordion-item-title-icon'>\n\t\t\t<span class='e-opened' ><svg aria-hidden=\"true\" class=\"e-font-icon-svg e-fas-arrow-circle-down\" viewBox=\"0 0 512 512\" xmlns=\"http:\/\/www.w3.org\/2000\/svg\"><path d=\"M504 256c0 137-111 248-248 248S8 393 8 256 119 8 256 8s248 111 248 248zm-143.6-28.9L288 302.6V120c0-13.3-10.7-24-24-24h-16c-13.3 0-24 10.7-24 24v182.6l-72.4-75.5c-9.3-9.7-24.8-9.9-34.3-.4l-10.9 11c-9.4 9.4-9.4 24.6 0 33.9L239 404.3c9.4 9.4 24.6 9.4 33.9 0l132.7-132.7c9.4-9.4 9.4-24.6 0-33.9l-10.9-11c-9.5-9.5-25-9.3-34.3.4z\"><\/path><\/svg><\/span>\n\t\t\t<span class='e-closed'><svg aria-hidden=\"true\" class=\"e-font-icon-svg e-fas-arrow-circle-down\" viewBox=\"0 0 512 512\" xmlns=\"http:\/\/www.w3.org\/2000\/svg\"><path d=\"M504 256c0 137-111 248-248 248S8 393 8 256 119 8 256 8s248 111 248 248zm-143.6-28.9L288 302.6V120c0-13.3-10.7-24-24-24h-16c-13.3 0-24 10.7-24 24v182.6l-72.4-75.5c-9.3-9.7-24.8-9.9-34.3-.4l-10.9 11c-9.4 9.4-9.4 24.6 0 33.9L239 404.3c9.4 9.4 24.6 9.4 33.9 0l132.7-132.7c9.4-9.4 9.4-24.6 0-33.9l-10.9-11c-9.5-9.5-25-9.3-34.3.4z\"><\/path><\/svg><\/span>\n\t\t<\/span>\n\n\t\t\t\t\t\t<\/summary>\n\t\t\t\t<div role=\"region region\" aria-labelledby=\"e-n-accordion-item-1050 e-n-accordion-item-7847\" class=\"elementor-element elementor-element-119285a5 e-flex e-con-boxed e-con e-child\" data-id=\"119285a5\" data-element_type=\"container\" data-e-type=\"container\">\n\t\t\t\t\t<div class=\"e-con-inner\">\n\t\t\t\t<div class=\"elementor-element elementor-element-269a3b3c elementor-widget elementor-widget-text-editor\" data-id=\"269a3b3c\" data-element_type=\"widget\" data-e-type=\"widget\" data-widget_type=\"text-editor.default\">\n\t\t\t\t\t\t\t\t\t<p><a href=\"https:\/\/curriculo.sedu.es.gov.br\/curriculo\/wp-content\/uploads\/2024\/01\/OC2024LIEMFGB-DIURNO-1o-TRIM-FINAL.pdf\" target=\"_blank\" rel=\"noopener\">1\u00ba TRIMESTRE\u00a0<\/a><\/p><p><a href=\"https:\/\/curriculo.sedu.es.gov.br\/curriculo\/wp-content\/uploads\/2024\/01\/OC2024LIEMFGB-DIURNO-2o-TRIM-FINAL.pdf\" target=\"_blank\" rel=\"noopener\">2\u00ba TRIMESTRE<\/a>\u00a0<\/p><p><a href=\"https:\/\/curriculo.sedu.es.gov.br\/curriculo\/wp-content\/uploads\/2024\/01\/OC2024LIEMFGB-DIURNO-3o-TRIM-FINAL.pdf\" target=\"_blank\" rel=\"noopener\">3\u00ba TRIMESTRE<\/a>\u00a0<\/p>\t\t\t\t\t\t\t\t<\/div>\n\t\t\t\t\t<\/div>\n\t\t\t\t<\/div>\n\t\t\t\t\t<\/details>\n\t\t\t\t\t\t<details id=\"e-n-accordion-item-7848\" class=\"e-n-accordion-item\" >\n\t\t\t\t<summary class=\"e-n-accordion-item-title\" data-accordion-index=\"9\" tabindex=\"-1\" aria-expanded=\"false\" aria-controls=\"e-n-accordion-item-7848\" >\n\t\t\t\t\t<span class='e-n-accordion-item-title-header'><div class=\"e-n-accordion-item-title-text\"> L\u00cdNGUA PORTUGUESA <\/div><\/span>\n\t\t\t\t\t\t\t<span class='e-n-accordion-item-title-icon'>\n\t\t\t<span class='e-opened' ><svg aria-hidden=\"true\" class=\"e-font-icon-svg e-fas-arrow-circle-down\" viewBox=\"0 0 512 512\" xmlns=\"http:\/\/www.w3.org\/2000\/svg\"><path d=\"M504 256c0 137-111 248-248 248S8 393 8 256 119 8 256 8s248 111 248 248zm-143.6-28.9L288 302.6V120c0-13.3-10.7-24-24-24h-16c-13.3 0-24 10.7-24 24v182.6l-72.4-75.5c-9.3-9.7-24.8-9.9-34.3-.4l-10.9 11c-9.4 9.4-9.4 24.6 0 33.9L239 404.3c9.4 9.4 24.6 9.4 33.9 0l132.7-132.7c9.4-9.4 9.4-24.6 0-33.9l-10.9-11c-9.5-9.5-25-9.3-34.3.4z\"><\/path><\/svg><\/span>\n\t\t\t<span class='e-closed'><svg aria-hidden=\"true\" class=\"e-font-icon-svg e-fas-arrow-circle-down\" viewBox=\"0 0 512 512\" xmlns=\"http:\/\/www.w3.org\/2000\/svg\"><path d=\"M504 256c0 137-111 248-248 248S8 393 8 256 119 8 256 8s248 111 248 248zm-143.6-28.9L288 302.6V120c0-13.3-10.7-24-24-24h-16c-13.3 0-24 10.7-24 24v182.6l-72.4-75.5c-9.3-9.7-24.8-9.9-34.3-.4l-10.9 11c-9.4 9.4-9.4 24.6 0 33.9L239 404.3c9.4 9.4 24.6 9.4 33.9 0l132.7-132.7c9.4-9.4 9.4-24.6 0-33.9l-10.9-11c-9.5-9.5-25-9.3-34.3.4z\"><\/path><\/svg><\/span>\n\t\t<\/span>\n\n\t\t\t\t\t\t<\/summary>\n\t\t\t\t<div role=\"region region\" aria-labelledby=\"e-n-accordion-item-1050 e-n-accordion-item-7848\" class=\"elementor-element elementor-element-522ffce e-flex e-con-boxed e-con e-child\" data-id=\"522ffce\" data-element_type=\"container\" data-e-type=\"container\">\n\t\t\t\t\t<div class=\"e-con-inner\">\n\t\t\t\t<div class=\"elementor-element elementor-element-10725395 elementor-widget elementor-widget-text-editor\" data-id=\"10725395\" data-element_type=\"widget\" data-e-type=\"widget\" data-widget_type=\"text-editor.default\">\n\t\t\t\t\t\t\t\t\t<p>1\u00ba TRIMESTRE\u00a0<\/p><p>2\u00ba TRIMESTRE\u00a0<\/p><p>3\u00ba TRIMESTRE\u00a0<\/p>\t\t\t\t\t\t\t\t<\/div>\n\t\t\t\t\t<\/div>\n\t\t\t\t<\/div>\n\t\t\t\t\t<\/details>\n\t\t\t\t\t\t<details id=\"e-n-accordion-item-7849\" class=\"e-n-accordion-item\" >\n\t\t\t\t<summary class=\"e-n-accordion-item-title\" data-accordion-index=\"10\" tabindex=\"-1\" aria-expanded=\"false\" aria-controls=\"e-n-accordion-item-7849\" >\n\t\t\t\t\t<span class='e-n-accordion-item-title-header'><div class=\"e-n-accordion-item-title-text\"> MATEM\u00c1TICA <\/div><\/span>\n\t\t\t\t\t\t\t<span class='e-n-accordion-item-title-icon'>\n\t\t\t<span class='e-opened' ><svg aria-hidden=\"true\" class=\"e-font-icon-svg e-fas-arrow-circle-down\" viewBox=\"0 0 512 512\" xmlns=\"http:\/\/www.w3.org\/2000\/svg\"><path d=\"M504 256c0 137-111 248-248 248S8 393 8 256 119 8 256 8s248 111 248 248zm-143.6-28.9L288 302.6V120c0-13.3-10.7-24-24-24h-16c-13.3 0-24 10.7-24 24v182.6l-72.4-75.5c-9.3-9.7-24.8-9.9-34.3-.4l-10.9 11c-9.4 9.4-9.4 24.6 0 33.9L239 404.3c9.4 9.4 24.6 9.4 33.9 0l132.7-132.7c9.4-9.4 9.4-24.6 0-33.9l-10.9-11c-9.5-9.5-25-9.3-34.3.4z\"><\/path><\/svg><\/span>\n\t\t\t<span class='e-closed'><svg aria-hidden=\"true\" class=\"e-font-icon-svg e-fas-arrow-circle-down\" viewBox=\"0 0 512 512\" xmlns=\"http:\/\/www.w3.org\/2000\/svg\"><path d=\"M504 256c0 137-111 248-248 248S8 393 8 256 119 8 256 8s248 111 248 248zm-143.6-28.9L288 302.6V120c0-13.3-10.7-24-24-24h-16c-13.3 0-24 10.7-24 24v182.6l-72.4-75.5c-9.3-9.7-24.8-9.9-34.3-.4l-10.9 11c-9.4 9.4-9.4 24.6 0 33.9L239 404.3c9.4 9.4 24.6 9.4 33.9 0l132.7-132.7c9.4-9.4 9.4-24.6 0-33.9l-10.9-11c-9.5-9.5-25-9.3-34.3.4z\"><\/path><\/svg><\/span>\n\t\t<\/span>\n\n\t\t\t\t\t\t<\/summary>\n\t\t\t\t<div role=\"region region\" aria-labelledby=\"e-n-accordion-item-1050 e-n-accordion-item-7849\" class=\"elementor-element elementor-element-48511d75 e-flex e-con-boxed e-con e-child\" data-id=\"48511d75\" data-element_type=\"container\" data-e-type=\"container\">\n\t\t\t\t\t<div class=\"e-con-inner\">\n\t\t\t\t<div class=\"elementor-element elementor-element-4a8c12fc elementor-widget elementor-widget-text-editor\" data-id=\"4a8c12fc\" data-element_type=\"widget\" data-e-type=\"widget\" data-widget_type=\"text-editor.default\">\n\t\t\t\t\t\t\t\t\t<p>1\u00ba TRIMESTRE\u00a0<\/p><p>2\u00ba TRIMESTRE\u00a0<\/p><p>3\u00ba TRIMESTRE\u00a0<\/p>\t\t\t\t\t\t\t\t<\/div>\n\t\t\t\t\t<\/div>\n\t\t\t\t<\/div>\n\t\t\t\t\t<\/details>\n\t\t\t\t\t\t<details id=\"e-n-accordion-item-78410\" class=\"e-n-accordion-item\" >\n\t\t\t\t<summary class=\"e-n-accordion-item-title\" data-accordion-index=\"11\" tabindex=\"-1\" aria-expanded=\"false\" aria-controls=\"e-n-accordion-item-78410\" >\n\t\t\t\t\t<span class='e-n-accordion-item-title-header'><div class=\"e-n-accordion-item-title-text\"> QU\u00cdMICA <\/div><\/span>\n\t\t\t\t\t\t\t<span class='e-n-accordion-item-title-icon'>\n\t\t\t<span class='e-opened' ><svg aria-hidden=\"true\" class=\"e-font-icon-svg e-fas-arrow-circle-down\" viewBox=\"0 0 512 512\" xmlns=\"http:\/\/www.w3.org\/2000\/svg\"><path d=\"M504 256c0 137-111 248-248 248S8 393 8 256 119 8 256 8s248 111 248 248zm-143.6-28.9L288 302.6V120c0-13.3-10.7-24-24-24h-16c-13.3 0-24 10.7-24 24v182.6l-72.4-75.5c-9.3-9.7-24.8-9.9-34.3-.4l-10.9 11c-9.4 9.4-9.4 24.6 0 33.9L239 404.3c9.4 9.4 24.6 9.4 33.9 0l132.7-132.7c9.4-9.4 9.4-24.6 0-33.9l-10.9-11c-9.5-9.5-25-9.3-34.3.4z\"><\/path><\/svg><\/span>\n\t\t\t<span class='e-closed'><svg aria-hidden=\"true\" class=\"e-font-icon-svg e-fas-arrow-circle-down\" viewBox=\"0 0 512 512\" xmlns=\"http:\/\/www.w3.org\/2000\/svg\"><path d=\"M504 256c0 137-111 248-248 248S8 393 8 256 119 8 256 8s248 111 248 248zm-143.6-28.9L288 302.6V120c0-13.3-10.7-24-24-24h-16c-13.3 0-24 10.7-24 24v182.6l-72.4-75.5c-9.3-9.7-24.8-9.9-34.3-.4l-10.9 11c-9.4 9.4-9.4 24.6 0 33.9L239 404.3c9.4 9.4 24.6 9.4 33.9 0l132.7-132.7c9.4-9.4 9.4-24.6 0-33.9l-10.9-11c-9.5-9.5-25-9.3-34.3.4z\"><\/path><\/svg><\/span>\n\t\t<\/span>\n\n\t\t\t\t\t\t<\/summary>\n\t\t\t\t<div role=\"region region\" aria-labelledby=\"e-n-accordion-item-1050 e-n-accordion-item-78410\" class=\"elementor-element elementor-element-13353a7f e-flex e-con-boxed e-con e-child\" data-id=\"13353a7f\" data-element_type=\"container\" data-e-type=\"container\">\n\t\t\t\t\t<div class=\"e-con-inner\">\n\t\t\t\t<div class=\"elementor-element elementor-element-79df4f66 elementor-widget elementor-widget-text-editor\" data-id=\"79df4f66\" data-element_type=\"widget\" data-e-type=\"widget\" data-widget_type=\"text-editor.default\">\n\t\t\t\t\t\t\t\t\t<p><a href=\"https:\/\/curriculo.sedu.es.gov.br\/curriculo\/wp-content\/uploads\/Quimica-1o-tri-FGB.pdf\" target=\"_blank\" rel=\"noopener\">1\u00ba TRIMESTRE\u00a0<\/a><\/p><p><a href=\"https:\/\/curriculo.sedu.es.gov.br\/curriculo\/wp-content\/uploads\/Quimica-2o-tri-FGB.pdf\" target=\"_blank\" rel=\"noopener\">2\u00ba TRIMESTRE<\/a>\u00a0<\/p><p><a href=\"https:\/\/curriculo.sedu.es.gov.br\/curriculo\/wp-content\/uploads\/Quimica-3o-tri-FGB.pdf\" target=\"_blank\" rel=\"noopener\">3\u00ba TRIMESTRE<\/a>\u00a0<\/p>\t\t\t\t\t\t\t\t<\/div>\n\t\t\t\t\t<\/div>\n\t\t\t\t<\/div>\n\t\t\t\t\t<\/details>\n\t\t\t\t\t\t<details id=\"e-n-accordion-item-78411\" class=\"e-n-accordion-item\" >\n\t\t\t\t<summary class=\"e-n-accordion-item-title\" data-accordion-index=\"12\" tabindex=\"-1\" aria-expanded=\"false\" aria-controls=\"e-n-accordion-item-78411\" >\n\t\t\t\t\t<span class='e-n-accordion-item-title-header'><div class=\"e-n-accordion-item-title-text\"> SOCIOLOGIA <\/div><\/span>\n\t\t\t\t\t\t\t<span class='e-n-accordion-item-title-icon'>\n\t\t\t<span class='e-opened' ><svg aria-hidden=\"true\" class=\"e-font-icon-svg e-fas-arrow-circle-down\" viewBox=\"0 0 512 512\" xmlns=\"http:\/\/www.w3.org\/2000\/svg\"><path d=\"M504 256c0 137-111 248-248 248S8 393 8 256 119 8 256 8s248 111 248 248zm-143.6-28.9L288 302.6V120c0-13.3-10.7-24-24-24h-16c-13.3 0-24 10.7-24 24v182.6l-72.4-75.5c-9.3-9.7-24.8-9.9-34.3-.4l-10.9 11c-9.4 9.4-9.4 24.6 0 33.9L239 404.3c9.4 9.4 24.6 9.4 33.9 0l132.7-132.7c9.4-9.4 9.4-24.6 0-33.9l-10.9-11c-9.5-9.5-25-9.3-34.3.4z\"><\/path><\/svg><\/span>\n\t\t\t<span class='e-closed'><svg aria-hidden=\"true\" class=\"e-font-icon-svg e-fas-arrow-circle-down\" viewBox=\"0 0 512 512\" xmlns=\"http:\/\/www.w3.org\/2000\/svg\"><path d=\"M504 256c0 137-111 248-248 248S8 393 8 256 119 8 256 8s248 111 248 248zm-143.6-28.9L288 302.6V120c0-13.3-10.7-24-24-24h-16c-13.3 0-24 10.7-24 24v182.6l-72.4-75.5c-9.3-9.7-24.8-9.9-34.3-.4l-10.9 11c-9.4 9.4-9.4 24.6 0 33.9L239 404.3c9.4 9.4 24.6 9.4 33.9 0l132.7-132.7c9.4-9.4 9.4-24.6 0-33.9l-10.9-11c-9.5-9.5-25-9.3-34.3.4z\"><\/path><\/svg><\/span>\n\t\t<\/span>\n\n\t\t\t\t\t\t<\/summary>\n\t\t\t\t<div role=\"region region\" aria-labelledby=\"e-n-accordion-item-1050 e-n-accordion-item-78411\" class=\"elementor-element elementor-element-262b8a18 e-flex e-con-boxed e-con e-child\" data-id=\"262b8a18\" data-element_type=\"container\" data-e-type=\"container\">\n\t\t\t\t\t<div class=\"e-con-inner\">\n\t\t\t\t<div class=\"elementor-element elementor-element-5a4bd7f elementor-widget elementor-widget-text-editor\" data-id=\"5a4bd7f\" data-element_type=\"widget\" data-e-type=\"widget\" data-widget_type=\"text-editor.default\">\n\t\t\t\t\t\t\t\t\t<p><a href=\"https:\/\/curriculo.sedu.es.gov.br\/curriculo\/wp-content\/uploads\/2024\/01\/1o-TRIMESTRE-FGB-SOC-2024-DIURNO_compressed.pdf\" target=\"_blank\" rel=\"noopener\">1\u00ba TRIMESTRE DIURNO<\/a><\/p><p><a href=\"https:\/\/curriculo.sedu.es.gov.br\/curriculo\/wp-content\/uploads\/2024\/01\/1o-TRIMESTRE-FGB-SOC-2024-NOTURNO_compressed.pdf\" target=\"_blank\" rel=\"noopener\">1\u00ba TRIMESTRE NOTURNO<\/a><\/p><p><a href=\"https:\/\/curriculo.sedu.es.gov.br\/curriculo\/wp-content\/uploads\/2024\/03\/2o-TRIM-SOC-FGB-EM-2024-DIURNO_compressed.pdf\" target=\"_blank\" rel=\"noopener\">2\u00ba TRIMESTRE DIURNO<\/a><\/p><p><a href=\"https:\/\/curriculo.sedu.es.gov.br\/curriculo\/wp-content\/uploads\/2024\/03\/2o-TRIM-SOC-FGB-EM-2024-NOTURNO_compressed.pdf\" target=\"_blank\" rel=\"noopener\">2\u00ba TRIMESTRE NOTURNO<\/a><\/p><p><a href=\"https:\/\/curriculo.sedu.es.gov.br\/curriculo\/wp-content\/uploads\/2024\/01\/3o-TRIM-SOC-FGB-EM-2024-DIURNO_compressed.pdf\" target=\"_blank\" rel=\"noopener\">3\u00ba TRIMESTRE DIURNO<\/a><\/p><p><a href=\"https:\/\/curriculo.sedu.es.gov.br\/curriculo\/wp-content\/uploads\/2024\/09\/3o-TRIM-SOC-FGB-EM-2024-NOTURNO-13-09-2024.pdf\" target=\"_blank\" rel=\"noopener\">3\u00ba TRIMESTRE NOTURNO<\/a><\/p>\t\t\t\t\t\t\t\t<\/div>\n\t\t\t\t\t<\/div>\n\t\t\t\t<\/div>\n\t\t\t\t\t<\/details>\n\t\t\t\t\t<\/div>\n\t\t\t\t\t\t<\/div>\n\t\t\t\t\t<\/div>\n\t\t\t\t<\/div>\n\t\t\t\t<\/div>\n\t\t\t\t\t<\/details>\n\t\t\t\t\t<\/div>\n\t\t\t\t\t\t<\/div>\n\t\t\t\t<div class=\"elementor-element elementor-element-5257f637 elementor-widget elementor-widget-n-accordion\" data-id=\"5257f637\" data-element_type=\"widget\" data-e-type=\"widget\" data-settings=\"{&quot;default_state&quot;:&quot;expanded&quot;,&quot;max_items_expended&quot;:&quot;one&quot;,&quot;n_accordion_animation_duration&quot;:{&quot;unit&quot;:&quot;ms&quot;,&quot;size&quot;:400,&quot;sizes&quot;:[]}}\" data-widget_type=\"nested-accordion.default\">\n\t\t\t\t\t\t\t<div class=\"e-n-accordion\" aria-label=\"Accordion. Open links with Enter or Space, close with Escape, and navigate with Arrow Keys\">\n\t\t\t\t\t\t<details id=\"e-n-accordion-item-1380\" class=\"e-n-accordion-item\" open>\n\t\t\t\t<summary class=\"e-n-accordion-item-title\" data-accordion-index=\"1\" tabindex=\"0\" aria-expanded=\"true\" aria-controls=\"e-n-accordion-item-1380\" >\n\t\t\t\t\t<span class='e-n-accordion-item-title-header'><div class=\"e-n-accordion-item-title-text\"> ENSINO M\u00c9DIO  - ITINER\u00c1RIOS FORMATIVOS <\/div><\/span>\n\t\t\t\t\t\t\t<span class='e-n-accordion-item-title-icon'>\n\t\t\t<span class='e-opened' ><svg aria-hidden=\"true\" class=\"e-font-icon-svg e-fas-arrow-circle-down\" viewBox=\"0 0 512 512\" xmlns=\"http:\/\/www.w3.org\/2000\/svg\"><path d=\"M504 256c0 137-111 248-248 248S8 393 8 256 119 8 256 8s248 111 248 248zm-143.6-28.9L288 302.6V120c0-13.3-10.7-24-24-24h-16c-13.3 0-24 10.7-24 24v182.6l-72.4-75.5c-9.3-9.7-24.8-9.9-34.3-.4l-10.9 11c-9.4 9.4-9.4 24.6 0 33.9L239 404.3c9.4 9.4 24.6 9.4 33.9 0l132.7-132.7c9.4-9.4 9.4-24.6 0-33.9l-10.9-11c-9.5-9.5-25-9.3-34.3.4z\"><\/path><\/svg><\/span>\n\t\t\t<span class='e-closed'><svg aria-hidden=\"true\" class=\"e-font-icon-svg e-fas-arrow-circle-down\" viewBox=\"0 0 512 512\" xmlns=\"http:\/\/www.w3.org\/2000\/svg\"><path d=\"M504 256c0 137-111 248-248 248S8 393 8 256 119 8 256 8s248 111 248 248zm-143.6-28.9L288 302.6V120c0-13.3-10.7-24-24-24h-16c-13.3 0-24 10.7-24 24v182.6l-72.4-75.5c-9.3-9.7-24.8-9.9-34.3-.4l-10.9 11c-9.4 9.4-9.4 24.6 0 33.9L239 404.3c9.4 9.4 24.6 9.4 33.9 0l132.7-132.7c9.4-9.4 9.4-24.6 0-33.9l-10.9-11c-9.5-9.5-25-9.3-34.3.4z\"><\/path><\/svg><\/span>\n\t\t<\/span>\n\n\t\t\t\t\t\t<\/summary>\n\t\t\t\t<div role=\"region\" aria-labelledby=\"e-n-accordion-item-1380\" class=\"elementor-element elementor-element-77f9be2 e-con-full e-flex e-con e-child\" data-id=\"77f9be2\" data-element_type=\"container\" data-e-type=\"container\">\n\t\t<div role=\"region\" aria-labelledby=\"e-n-accordion-item-1380\" class=\"elementor-element elementor-element-d9cc02 e-flex e-con-boxed e-con e-child\" data-id=\"d9cc02\" data-element_type=\"container\" data-e-type=\"container\">\n\t\t\t\t\t<div class=\"e-con-inner\">\n\t\t\t\t<div class=\"elementor-element elementor-element-62926b1 elementor-widget elementor-widget-n-accordion\" data-id=\"62926b1\" data-element_type=\"widget\" data-e-type=\"widget\" data-settings=\"{&quot;default_state&quot;:&quot;all_collapsed&quot;,&quot;max_items_expended&quot;:&quot;one&quot;,&quot;n_accordion_animation_duration&quot;:{&quot;unit&quot;:&quot;ms&quot;,&quot;size&quot;:400,&quot;sizes&quot;:[]}}\" data-widget_type=\"nested-accordion.default\">\n\t\t\t\t\t\t\t<div class=\"e-n-accordion\" aria-label=\"Accordion. Open links with Enter or Space, close with Escape, and navigate with Arrow Keys\">\n\t\t\t\t\t\t<details id=\"e-n-accordion-item-1030\" class=\"e-n-accordion-item\" >\n\t\t\t\t<summary class=\"e-n-accordion-item-title\" data-accordion-index=\"1\" tabindex=\"0\" aria-expanded=\"false\" aria-controls=\"e-n-accordion-item-1030\" >\n\t\t\t\t\t<span class='e-n-accordion-item-title-header'><div class=\"e-n-accordion-item-title-text\"> EDUCA\u00c7\u00c3O FINANCEIRA E FISCAL <\/div><\/span>\n\t\t\t\t\t\t\t<span class='e-n-accordion-item-title-icon'>\n\t\t\t<span class='e-opened' ><svg aria-hidden=\"true\" class=\"e-font-icon-svg e-fas-arrow-circle-down\" viewBox=\"0 0 512 512\" xmlns=\"http:\/\/www.w3.org\/2000\/svg\"><path d=\"M504 256c0 137-111 248-248 248S8 393 8 256 119 8 256 8s248 111 248 248zm-143.6-28.9L288 302.6V120c0-13.3-10.7-24-24-24h-16c-13.3 0-24 10.7-24 24v182.6l-72.4-75.5c-9.3-9.7-24.8-9.9-34.3-.4l-10.9 11c-9.4 9.4-9.4 24.6 0 33.9L239 404.3c9.4 9.4 24.6 9.4 33.9 0l132.7-132.7c9.4-9.4 9.4-24.6 0-33.9l-10.9-11c-9.5-9.5-25-9.3-34.3.4z\"><\/path><\/svg><\/span>\n\t\t\t<span class='e-closed'><svg aria-hidden=\"true\" class=\"e-font-icon-svg e-fas-arrow-circle-down\" viewBox=\"0 0 512 512\" xmlns=\"http:\/\/www.w3.org\/2000\/svg\"><path d=\"M504 256c0 137-111 248-248 248S8 393 8 256 119 8 256 8s248 111 248 248zm-143.6-28.9L288 302.6V120c0-13.3-10.7-24-24-24h-16c-13.3 0-24 10.7-24 24v182.6l-72.4-75.5c-9.3-9.7-24.8-9.9-34.3-.4l-10.9 11c-9.4 9.4-9.4 24.6 0 33.9L239 404.3c9.4 9.4 24.6 9.4 33.9 0l132.7-132.7c9.4-9.4 9.4-24.6 0-33.9l-10.9-11c-9.5-9.5-25-9.3-34.3.4z\"><\/path><\/svg><\/span>\n\t\t<\/span>\n\n\t\t\t\t\t\t<\/summary>\n\t\t\t\t<div role=\"region region\" aria-labelledby=\"e-n-accordion-item-1380 e-n-accordion-item-1030\" class=\"elementor-element elementor-element-32a651c2 e-con-full e-flex e-con e-child\" data-id=\"32a651c2\" data-element_type=\"container\" data-e-type=\"container\">\n\t\t\t\t<div class=\"elementor-element elementor-element-5414c018 elementor-widget elementor-widget-text-editor\" data-id=\"5414c018\" data-element_type=\"widget\" data-e-type=\"widget\" data-widget_type=\"text-editor.default\">\n\t\t\t\t\t\t\t\t\t<p><span style=\"color: #000080;\"><strong>MATEM\u00c1TICA FINANCEIRA<\/strong><\/span><\/p><ul><li><a href=\"https:\/\/curriculo.sedu.es.gov.br\/curriculo\/wp-content\/uploads\/2024\/09\/Matematica-financeira-1o-TRI-2a-serie.pdf\" target=\"_blank\" rel=\"noopener\">1\u00ba TRIMESTRE 2\u00ba S\u00c9RIE<\/a><\/li><li><a href=\"https:\/\/curriculo.sedu.es.gov.br\/curriculo\/wp-content\/uploads\/2024\/04\/Ed-fin-e-fisc-UC-Matematica-Financeira-2a-serie-2o-trim-2024.pdf\" target=\"_blank\" rel=\"noopener\">2\u00ba TRIMESTRE 2\u00ba S\u00c9RIE<\/a><\/li><li><a href=\"https:\/\/curriculo.sedu.es.gov.br\/curriculo\/wp-content\/uploads\/2024\/08\/Edu-Fin-e-Fiscal-UC-Matematica-Financeira-2a-serie-3o-trim-Aprof-2024.pdf\" target=\"_blank\" rel=\"noopener\">3\u00ba TRIMESTRE 2\u00ba S\u00c9RIE<\/a><\/li><\/ul><ul><li><a href=\"https:\/\/curriculo.sedu.es.gov.br\/curriculo\/wp-content\/uploads\/2024\/04\/Matematica-financeira-1o-TRI-3a-serie-1.pdf\" target=\"_blank\" rel=\"noopener\">1\u00ba TRIMESTRE 3\u00ba S\u00c9RIE<\/a><\/li><li><a href=\"https:\/\/curriculo.sedu.es.gov.br\/curriculo\/wp-content\/uploads\/2024\/04\/Ed-fin-e-fisc-UC-Matematica-Financeira-3a-serie-2o-trim-2024.pdf\" target=\"_blank\" rel=\"noopener\">2\u00ba TRIMESTRE 3\u00ba S\u00c9RIE<\/a><\/li><li><a href=\"https:\/\/curriculo.sedu.es.gov.br\/curriculo\/wp-content\/uploads\/2024\/08\/Edu-Fin-e-Fiscal-UC-Matematica-Financeira-3a-serie-3o-trim-Aprof-2024.pdf\" target=\"_blank\" rel=\"noopener\">3\u00ba TRIMESTRE 3\u00ba S\u00c9RIE<\/a><\/li><\/ul><hr \/><p><span style=\"color: #000080;\"><strong>ESTAT\u00cdSTICA<\/strong><\/span><\/p><ul><li><a href=\"https:\/\/curriculo.sedu.es.gov.br\/curriculo\/wp-content\/uploads\/2024\/04\/Estatistica-1o-TRI-2a-serie.pdf\" target=\"_blank\" rel=\"noopener\">1\u00ba TRIMESTRE 2\u00ba S\u00c9RIE<\/a><\/li><li><a href=\"https:\/\/curriculo.sedu.es.gov.br\/curriculo\/wp-content\/uploads\/2024\/04\/Ed-fin-e-fisc-UC-Estatistica-2a-serie-2o-trim-2024.pdf\" target=\"_blank\" rel=\"noopener\">2\u00ba TRIMESTRE 2\u00ba S\u00c9RIE<\/a><\/li><li><a href=\"https:\/\/curriculo.sedu.es.gov.br\/curriculo\/wp-content\/uploads\/2024\/08\/Edu-Fin-e-Fiscal-UC-Estatistica-2a-serie-3o-trim-Aprof-2024.pdf\" target=\"_blank\" rel=\"noopener\">3\u00ba TRIMESTRE 2\u00ba S\u00c9RIE<\/a><\/li><\/ul><ul><li><a href=\"https:\/\/curriculo.sedu.es.gov.br\/curriculo\/wp-content\/uploads\/2024\/04\/Estatistica-1o-TRI-3a-serie.pdf\" target=\"_blank\" rel=\"noopener\">1\u00ba TRIMESTRE 3\u00ba S\u00c9RIE<\/a><\/li><li><a href=\"https:\/\/curriculo.sedu.es.gov.br\/curriculo\/wp-content\/uploads\/2024\/04\/Ed-fin-e-fisc-UC-Estatistica-3a-serie-2o-trim-2024.pdf\" target=\"_blank\" rel=\"noopener\">2\u00ba TRIMESTRE 3\u00ba S\u00c9RIE<\/a><\/li><li><a href=\"https:\/\/curriculo.sedu.es.gov.br\/curriculo\/wp-content\/uploads\/2024\/08\/Edu-Fin-e-Fiscal-UC-Estatistica-3a-serie-3o-trim-Aprof-2024.pdf\" target=\"_blank\" rel=\"noopener\">3\u00ba TRIMESTRE 3\u00ba S\u00c9RIE<\/a><\/li><\/ul><hr \/><p><span style=\"color: #000080;\"><strong>CONSUMO RESPONS\u00c1VEL E EDUCA\u00c7\u00c3O TRIBUT\u00c1RIA<\/strong><\/span><\/p><ul><li><a href=\"https:\/\/curriculo.sedu.es.gov.br\/curriculo\/wp-content\/uploads\/2024\/04\/Consumo-Responsavel-e-Educacao-Tributaria-1o-TRI-2a-serie-diurno.pdf\" target=\"_blank\" rel=\"noopener\">1\u00ba TRIMESTRE 2\u00ba S\u00c9RIE<\/a><\/li><li><a href=\"https:\/\/curriculo.sedu.es.gov.br\/curriculo\/wp-content\/uploads\/2024\/04\/Consumo-Responsavel-e-Educacao-Tributaria-2o-TRI-2a-serie-diurno.pdf\" target=\"_blank\" rel=\"noopener\">2\u00ba TRIMESTRE 2\u00ba S\u00c9RIE<\/a><\/li><li><a href=\"https:\/\/curriculo.sedu.es.gov.br\/curriculo\/wp-content\/uploads\/2024\/09\/Edu-Fin-e-Fiscal-UC-Cons-Resp-e-Edu-Trib-2a-serie-3o-trim-Aprof-2024.pdf\" target=\"_blank\" rel=\"noopener\">3\u00ba TRIMESTRE 2\u00ba S\u00c9RIE<\/a><\/li><\/ul><ul><li><a href=\"https:\/\/curriculo.sedu.es.gov.br\/curriculo\/wp-content\/uploads\/2024\/09\/Ed.FinanceiraFiscalUCConsumoResponsavel3serie1otrim06_09.pdf\" target=\"_blank\" rel=\"noopener\">1\u00ba TRIMESTRE 3\u00ba S\u00c9RIE<\/a><\/li><li><a href=\"https:\/\/curriculo.sedu.es.gov.br\/curriculo\/wp-content\/uploads\/2024\/04\/Consumo-Responsavel-e-Educacao-Tributaria-2o-TRI-3a-serie-diurno.pdf\" target=\"_blank\" rel=\"noopener\">2\u00ba TRIMESTRE 3\u00ba S\u00c9RIE<\/a><\/li><li><a href=\"https:\/\/curriculo.sedu.es.gov.br\/curriculo\/wp-content\/uploads\/2024\/09\/Edu-Fin-e-Fiscal-UC-Cons-Resp-e-Edu-Trib-3a-serie-3o-trim-Aprof-2024.pdf\" target=\"_blank\" rel=\"noopener\">3\u00ba TRIMESTRE 3\u00ba S\u00c9RIE<\/a><\/li><\/ul><hr \/><p><span style=\"color: #000080;\"><strong>EDUCA\u00c7\u00c3O FINANCEIRA<\/strong><\/span><\/p><ul><li><a href=\"https:\/\/curriculo.sedu.es.gov.br\/curriculo\/wp-content\/uploads\/2024\/04\/Educacao-financeira-1o-TRI-3a-serie.pdf\" target=\"_blank\" rel=\"noopener\">1\u00ba TRIMESTRE 3\u00ba S\u00c9RIE<\/a><\/li><li><a href=\"https:\/\/curriculo.sedu.es.gov.br\/curriculo\/wp-content\/uploads\/2024\/04\/Ed-fin-e-fisc-UC-Educacao-Financeira-3a-serie-2o-trim-2024-1.pdf\" target=\"_blank\" rel=\"noopener\">2\u00ba TRIMESTRE 3\u00ba S\u00c9RIE<\/a><\/li><li><a href=\"https:\/\/curriculo.sedu.es.gov.br\/curriculo\/wp-content\/uploads\/2024\/08\/EduFinFiscalUC3serie3trimAprof24.pdf\" target=\"_blank\" rel=\"noopener\">3\u00ba TRIMESTRE 3\u00ba S\u00c9RIE<\/a><\/li><\/ul><hr \/><p><span style=\"color: #000080;\"><strong>PROJETOS EM EDUCA\u00c7\u00c3O FINANCEIRA E FISCAL<\/strong><\/span><\/p><ul><li><a href=\"https:\/\/curriculo.sedu.es.gov.br\/curriculo\/wp-content\/uploads\/2024\/04\/Projetos-em-Educacao-Financeira-e-Fiscal-1o-TRI-3a-serie.pdf\" target=\"_blank\" rel=\"noopener\">1\u00ba TRIMESTRE 3\u00ba S\u00c9RIE<\/a><\/li><li><a href=\"https:\/\/curriculo.sedu.es.gov.br\/curriculo\/wp-content\/uploads\/2024\/04\/Ed-fin-e-fisc-UC-Projetos-em-Ed-Fin-3a-serie-2o-trim-2024.pdf\" target=\"_blank\" rel=\"noopener\">2\u00ba TRIMESTRE 3\u00ba S\u00c9RIE<\/a><\/li><li><a href=\"https:\/\/curriculo.sedu.es.gov.br\/curriculo\/wp-content\/uploads\/2024\/09\/Edu-Fin-e-Fiscal-UC-Projetos-em-Educacao-Financeira-e-Fiscal-3a-serie-3o-trim-Aprof-2024.pdf\" target=\"_blank\" rel=\"noopener\">3\u00ba TRIMESTRE 3\u00ba S\u00c9RIE<\/a><\/li><\/ul>\t\t\t\t\t\t\t\t<\/div>\n\t\t\t\t<\/div>\n\t\t\t\t\t<\/details>\n\t\t\t\t\t\t<details id=\"e-n-accordion-item-1031\" class=\"e-n-accordion-item\" >\n\t\t\t\t<summary class=\"e-n-accordion-item-title\" data-accordion-index=\"2\" tabindex=\"-1\" aria-expanded=\"false\" aria-controls=\"e-n-accordion-item-1031\" >\n\t\t\t\t\t<span class='e-n-accordion-item-title-header'><div class=\"e-n-accordion-item-title-text\"> TERRA, VIDA E COSMO <\/div><\/span>\n\t\t\t\t\t\t\t<span class='e-n-accordion-item-title-icon'>\n\t\t\t<span class='e-opened' ><svg aria-hidden=\"true\" class=\"e-font-icon-svg e-fas-arrow-circle-down\" viewBox=\"0 0 512 512\" xmlns=\"http:\/\/www.w3.org\/2000\/svg\"><path d=\"M504 256c0 137-111 248-248 248S8 393 8 256 119 8 256 8s248 111 248 248zm-143.6-28.9L288 302.6V120c0-13.3-10.7-24-24-24h-16c-13.3 0-24 10.7-24 24v182.6l-72.4-75.5c-9.3-9.7-24.8-9.9-34.3-.4l-10.9 11c-9.4 9.4-9.4 24.6 0 33.9L239 404.3c9.4 9.4 24.6 9.4 33.9 0l132.7-132.7c9.4-9.4 9.4-24.6 0-33.9l-10.9-11c-9.5-9.5-25-9.3-34.3.4z\"><\/path><\/svg><\/span>\n\t\t\t<span class='e-closed'><svg aria-hidden=\"true\" class=\"e-font-icon-svg e-fas-arrow-circle-down\" viewBox=\"0 0 512 512\" xmlns=\"http:\/\/www.w3.org\/2000\/svg\"><path d=\"M504 256c0 137-111 248-248 248S8 393 8 256 119 8 256 8s248 111 248 248zm-143.6-28.9L288 302.6V120c0-13.3-10.7-24-24-24h-16c-13.3 0-24 10.7-24 24v182.6l-72.4-75.5c-9.3-9.7-24.8-9.9-34.3-.4l-10.9 11c-9.4 9.4-9.4 24.6 0 33.9L239 404.3c9.4 9.4 24.6 9.4 33.9 0l132.7-132.7c9.4-9.4 9.4-24.6 0-33.9l-10.9-11c-9.5-9.5-25-9.3-34.3.4z\"><\/path><\/svg><\/span>\n\t\t<\/span>\n\n\t\t\t\t\t\t<\/summary>\n\t\t\t\t<div role=\"region region\" aria-labelledby=\"e-n-accordion-item-1380 e-n-accordion-item-1031\" class=\"elementor-element elementor-element-268bb015 e-con-full e-flex e-con e-child\" data-id=\"268bb015\" data-element_type=\"container\" data-e-type=\"container\">\n\t\t\t\t<div class=\"elementor-element elementor-element-3ce7ee69 elementor-widget elementor-widget-text-editor\" data-id=\"3ce7ee69\" data-element_type=\"widget\" data-e-type=\"widget\" data-widget_type=\"text-editor.default\">\n\t\t\t\t\t\t\t\t\t<p><span style=\"color: #000080;\"><strong>CI\u00caNCIA, TECNOLOGIA E SA\u00daDE<\/strong><\/span><\/p><ul><li><a href=\"https:\/\/curriculo.sedu.es.gov.br\/curriculo\/wp-content\/uploads\/2024\/04\/Ciencia-Tecnologia-e-Saude-1o-TRI-2a-serie.pdf\" target=\"_blank\" rel=\"noopener\">1\u00ba TRIMESTRE 2\u00ba S\u00c9RIE<\/a><\/li><li><a href=\"https:\/\/curriculo.sedu.es.gov.br\/curriculo\/wp-content\/uploads\/2024\/04\/Ciencia-Tecnologia-e-Saude-2o-TRI-2a-serie.pdf\" target=\"_blank\" rel=\"noopener\">2\u00ba TRIMESTRE 2\u00ba S\u00c9RIE<\/a><\/li><li><a href=\"https:\/\/curriculo.sedu.es.gov.br\/curriculo\/wp-content\/uploads\/2024\/04\/Ciencia-Tecnologia-e-Saude-3oTRI-2a-serie.pdf\" target=\"_blank\" rel=\"noopener\">3\u00ba TRIMESTRE 2\u00ba S\u00c9RIE<\/a><\/li><\/ul><ul><li><a href=\"https:\/\/curriculo.sedu.es.gov.br\/curriculo\/wp-content\/uploads\/2024\/04\/Ciencia-Tecnologia-e-Saude-1o-TRI-3a-serie.pdf\" target=\"_blank\" rel=\"noopener\">1\u00ba TRIMESTRE 3\u00ba S\u00c9RIE<\/a><\/li><li><a href=\"https:\/\/curriculo.sedu.es.gov.br\/curriculo\/wp-content\/uploads\/2024\/04\/Ciencia-Tecnologia-e-Saude-2o-TRI-3a-serie.pdf\" target=\"_blank\" rel=\"noopener\">2\u00ba TRIMESTRE 3\u00ba S\u00c9RIE<\/a><\/li><li><a href=\"https:\/\/curriculo.sedu.es.gov.br\/curriculo\/wp-content\/uploads\/2024\/04\/Ciencia-Tecnologia-e-Saude-3oTRI-3a-serie.pdf\" target=\"_blank\" rel=\"noopener\">3\u00ba TRIMESTRE 3\u00ba S\u00c9RIE<\/a><\/li><\/ul><hr \/><p><span style=\"color: #000080;\"><strong>QUE HAJA LUZ<\/strong><\/span><\/p><ul><li><a href=\"https:\/\/curriculo.sedu.es.gov.br\/curriculo\/wp-content\/uploads\/2024\/04\/Que-haja-Luz-1o-TRI-2a-serie.pdf\" target=\"_blank\" rel=\"noopener\">1\u00ba TRIMESTRE 2\u00ba S\u00c9RIE<\/a><\/li><li><a href=\"https:\/\/curriculo.sedu.es.gov.br\/curriculo\/wp-content\/uploads\/2024\/04\/Que-haja-Luz-2o-TRI-2a-serie_compressed.pdf\" target=\"_blank\" rel=\"noopener\">2\u00ba TRIMESTRE 2\u00ba S\u00c9RIE<\/a><\/li><li><a href=\"https:\/\/curriculo.sedu.es.gov.br\/curriculo\/wp-content\/uploads\/2024\/04\/Que-haja-luz-3o-TRI-2a-serie.pdf\" target=\"_blank\" rel=\"noopener\">3\u00ba TRIMESTRE 2\u00ba S\u00c9RIE<\/a><\/li><\/ul><ul><li><a href=\"https:\/\/curriculo.sedu.es.gov.br\/curriculo\/wp-content\/uploads\/2024\/04\/Que-haja-Luz-1o-TRI-3a-serie.pdf\" target=\"_blank\" rel=\"noopener\">1\u00ba TRIMESTRE 3\u00ba S\u00c9RIE<\/a><\/li><li><a href=\"https:\/\/curriculo.sedu.es.gov.br\/curriculo\/wp-content\/uploads\/2024\/04\/Que-haja-Luz-2o-TRI-3a-serie_compressed.pdf\" target=\"_blank\" rel=\"noopener\">2\u00ba TRIMESTRE 3\u00ba S\u00c9RIE<\/a><\/li><li><a href=\"https:\/\/curriculo.sedu.es.gov.br\/curriculo\/wp-content\/uploads\/2024\/04\/Que-haja-luz-3o-TRI-3a-serie.pdf\" target=\"_blank\" rel=\"noopener\">3\u00ba TRIMESTRE 3\u00ba S\u00c9RIE<\/a><\/li><\/ul><hr \/><p><span style=\"color: #000080;\"><strong>DO MICRO AO MACRO: A QU\u00cdMICA EST\u00c1 EM TUDO?<\/strong><\/span><\/p><ul><li><a href=\"https:\/\/curriculo.sedu.es.gov.br\/curriculo\/wp-content\/uploads\/2024\/04\/Do-micro-ao-macro-1o-TRI-2a-serie.pdf\" target=\"_blank\" rel=\"noopener\">1\u00ba TRIMESTRE 2\u00ba S\u00c9RIE<\/a><\/li><li><a href=\"https:\/\/curriculo.sedu.es.gov.br\/curriculo\/wp-content\/uploads\/2024\/04\/Do-micro-ao-macro-2o-TRI-2a-serie.pdf\" target=\"_blank\" rel=\"noopener\">2\u00ba TRIMESTRE 2\u00ba S\u00c9RIE<\/a><\/li><li><a href=\"https:\/\/curriculo.sedu.es.gov.br\/curriculo\/wp-content\/uploads\/2024\/04\/Do-micro-ao-macro-3o-TRI-2a-serie.pdf\" target=\"_blank\" rel=\"noopener\">3\u00ba TRIMESTRE 2\u00ba S\u00c9RIE<\/a><\/li><\/ul><ul><li><a href=\"https:\/\/curriculo.sedu.es.gov.br\/curriculo\/wp-content\/uploads\/2024\/04\/Do-micro-ao-macro-1o-TRI-3a-serie.pdf\" target=\"_blank\" rel=\"noopener\">1\u00ba TRIMESTRE 3\u00ba S\u00c9RIE<\/a><\/li><li><a href=\"https:\/\/curriculo.sedu.es.gov.br\/curriculo\/wp-content\/uploads\/2024\/04\/Do-micro-ao-macro-2o-TRI-3a-serie.pdf\" target=\"_blank\" rel=\"noopener\">2\u00ba TRIMESTRE 3\u00ba S\u00c9RIE<\/a><\/li><li><a href=\"https:\/\/curriculo.sedu.es.gov.br\/curriculo\/wp-content\/uploads\/2024\/04\/Do-micro-ao-macro-3o-TRI-3a-serie.pdf\" target=\"_blank\" rel=\"noopener\">3\u00ba TRIMESTRE 3\u00ba S\u00c9RIE<\/a><\/li><\/ul>\t\t\t\t\t\t\t\t<\/div>\n\t\t\t\t<\/div>\n\t\t\t\t\t<\/details>\n\t\t\t\t\t\t<details id=\"e-n-accordion-item-1032\" class=\"e-n-accordion-item\" >\n\t\t\t\t<summary class=\"e-n-accordion-item-title\" data-accordion-index=\"3\" tabindex=\"-1\" aria-expanded=\"false\" aria-controls=\"e-n-accordion-item-1032\" >\n\t\t\t\t\t<span class='e-n-accordion-item-title-header'><div class=\"e-n-accordion-item-title-text\"> MODERNIZA\u00c7\u00c3O, TRANSFORMA\u00c7\u00c3O SOCIAL E MEIO AMBIENTE <\/div><\/span>\n\t\t\t\t\t\t\t<span class='e-n-accordion-item-title-icon'>\n\t\t\t<span class='e-opened' ><svg aria-hidden=\"true\" class=\"e-font-icon-svg e-fas-arrow-circle-down\" viewBox=\"0 0 512 512\" xmlns=\"http:\/\/www.w3.org\/2000\/svg\"><path d=\"M504 256c0 137-111 248-248 248S8 393 8 256 119 8 256 8s248 111 248 248zm-143.6-28.9L288 302.6V120c0-13.3-10.7-24-24-24h-16c-13.3 0-24 10.7-24 24v182.6l-72.4-75.5c-9.3-9.7-24.8-9.9-34.3-.4l-10.9 11c-9.4 9.4-9.4 24.6 0 33.9L239 404.3c9.4 9.4 24.6 9.4 33.9 0l132.7-132.7c9.4-9.4 9.4-24.6 0-33.9l-10.9-11c-9.5-9.5-25-9.3-34.3.4z\"><\/path><\/svg><\/span>\n\t\t\t<span class='e-closed'><svg aria-hidden=\"true\" class=\"e-font-icon-svg e-fas-arrow-circle-down\" viewBox=\"0 0 512 512\" xmlns=\"http:\/\/www.w3.org\/2000\/svg\"><path d=\"M504 256c0 137-111 248-248 248S8 393 8 256 119 8 256 8s248 111 248 248zm-143.6-28.9L288 302.6V120c0-13.3-10.7-24-24-24h-16c-13.3 0-24 10.7-24 24v182.6l-72.4-75.5c-9.3-9.7-24.8-9.9-34.3-.4l-10.9 11c-9.4 9.4-9.4 24.6 0 33.9L239 404.3c9.4 9.4 24.6 9.4 33.9 0l132.7-132.7c9.4-9.4 9.4-24.6 0-33.9l-10.9-11c-9.5-9.5-25-9.3-34.3.4z\"><\/path><\/svg><\/span>\n\t\t<\/span>\n\n\t\t\t\t\t\t<\/summary>\n\t\t\t\t<div role=\"region region\" aria-labelledby=\"e-n-accordion-item-1380 e-n-accordion-item-1032\" class=\"elementor-element elementor-element-4ec839f8 e-con-full e-flex e-con e-child\" data-id=\"4ec839f8\" data-element_type=\"container\" data-e-type=\"container\">\n\t\t\t\t<div class=\"elementor-element elementor-element-407b145 elementor-widget elementor-widget-text-editor\" data-id=\"407b145\" data-element_type=\"widget\" data-e-type=\"widget\" data-widget_type=\"text-editor.default\">\n\t\t\t\t\t\t\t\t\t<p><span style=\"color: #000080;\"><strong>BIO\u00c9TICA E NATUREZA<\/strong><\/span><\/p><ul><li><a href=\"https:\/\/curriculo.sedu.es.gov.br\/curriculo\/wp-content\/uploads\/2024\/04\/Bioetica-e-Natureza-1o-TRI-2a-serie.pdf\" target=\"_blank\" rel=\"noopener\">1\u00ba TRIMESTRE 2\u00ba S\u00c9RIE<\/a><\/li><li><a href=\"https:\/\/curriculo.sedu.es.gov.br\/curriculo\/wp-content\/uploads\/2024\/04\/Bioetica-e-Natureza-2o-TRI-2a-serie.pdf\" target=\"_blank\" rel=\"noopener\">2\u00ba TRIMESTRE 2\u00ba S\u00c9RIE<\/a><\/li><li><a href=\"https:\/\/curriculo.sedu.es.gov.br\/curriculo\/wp-content\/uploads\/2024\/04\/Bioetica-e-natureza-3o-TRI-2a-serie.pdf\" target=\"_blank\" rel=\"noopener\">3\u00ba TRIMESTRE 2\u00ba S\u00c9RIE<\/a><\/li><\/ul><ul><li><a href=\"https:\/\/curriculo.sedu.es.gov.br\/curriculo\/wp-content\/uploads\/2024\/04\/Bioetica-e-Natureza-1o-TRI-3a-serie.pdf\" target=\"_blank\" rel=\"noopener\">1\u00ba TRIMESTRE 3\u00ba S\u00c9RIE<\/a><\/li><li><a href=\"https:\/\/curriculo.sedu.es.gov.br\/curriculo\/wp-content\/uploads\/2024\/04\/Bioetica-e-Natureza-2o-TRI-3a-serie.pdf\" target=\"_blank\" rel=\"noopener\">2\u00ba TRIMESTRE 3\u00ba S\u00c9RIE<\/a><\/li><li><a href=\"https:\/\/curriculo.sedu.es.gov.br\/curriculo\/wp-content\/uploads\/2024\/04\/Bioetica-e-natureza-3o-TRI-3a-serie.pdf\" target=\"_blank\" rel=\"noopener\">3\u00ba TRIMESTRE 3\u00ba S\u00c9RIE<\/a><\/li><\/ul><hr \/><p><span style=\"color: #000080;\"><strong>PERSPECTIVAS GEOGR\u00c1FICAS: SOCIEDADE, ESPA\u00c7O E RECURSOS NATURAIS<\/strong><\/span><\/p><ul><li><a href=\"https:\/\/curriculo.sedu.es.gov.br\/curriculo\/wp-content\/uploads\/2024\/09\/MODERNIZACAO-1o-TRIM-2024.pdf\" target=\"_blank\" rel=\"noopener\">1\u00ba TRIMESTRE 2\u00aa S\u00c9RIE<\/a><\/li><li><a href=\"https:\/\/curriculo.sedu.es.gov.br\/curriculo\/wp-content\/uploads\/2024\/04\/Perspectivas-geograficas-2o-TRI-2a-serie.pdf\" target=\"_blank\" rel=\"noopener\">2\u00ba TRIMESTRE 2\u00ba S\u00c9RIE<\/a><\/li><li><a href=\"https:\/\/curriculo.sedu.es.gov.br\/curriculo\/wp-content\/uploads\/2024\/04\/Perspectivas-geograficas-3o-TRI-2a-serie.pdf\" target=\"_blank\" rel=\"noopener\">3\u00ba TRIMESTRE 2\u00ba S\u00c9RIE<\/a><\/li><\/ul><ul><li><a href=\"https:\/\/curriculo.sedu.es.gov.br\/curriculo\/wp-content\/uploads\/2024\/04\/Perspectivas-geograficas-1o-TRI-2a-serie.pdf\" target=\"_blank\" rel=\"noopener\">1\u00ba TRIMESTRE 3\u00ba S\u00c9RIE<\/a><\/li><li><a href=\"https:\/\/curriculo.sedu.es.gov.br\/curriculo\/wp-content\/uploads\/2024\/04\/Perspectivas-geograficas-2o-TRI-3a-serie.pdf\" target=\"_blank\" rel=\"noopener\">2\u00ba TRIMESTRE 3\u00ba S\u00c9RIE<\/a><\/li><li><a href=\"https:\/\/curriculo.sedu.es.gov.br\/curriculo\/wp-content\/uploads\/2024\/04\/Perspectivas-geograficas-3o-TRI-3a-serie.pdf\" target=\"_blank\" rel=\"noopener\">3\u00ba TRIMESTRE 3\u00ba S\u00c9RIE<\/a><\/li><\/ul><hr \/><p><span style=\"color: #000080;\"><strong>SOCIOLOGIA E SOCIEDADE<\/strong><\/span><\/p><ul><li><a href=\"https:\/\/curriculo.sedu.es.gov.br\/curriculo\/wp-content\/uploads\/2024\/04\/Sociologia-e-Sociedade-1o-TRI-2a-serie.pdf\" target=\"_blank\" rel=\"noopener\">1\u00ba TRIMESTRE 2\u00ba S\u00c9RIE<\/a><\/li><li><a href=\"https:\/\/curriculo.sedu.es.gov.br\/curriculo\/wp-content\/uploads\/2024\/04\/Sociologia-e-Sociedade-2o-TRI-2a-serie.pdf\" target=\"_blank\" rel=\"noopener\">2\u00ba TRIMESTRE 2\u00ba S\u00c9RIE<\/a><\/li><li><a href=\"https:\/\/curriculo.sedu.es.gov.br\/curriculo\/wp-content\/uploads\/2024\/04\/Sociologia-e-sociedade-3o-TRI-2a-serie.pdf\" target=\"_blank\" rel=\"noopener\">3\u00ba TRIMESTRE 2\u00ba S\u00c9RIE<\/a><\/li><\/ul><ul><li><a href=\"https:\/\/curriculo.sedu.es.gov.br\/curriculo\/wp-content\/uploads\/2024\/04\/Sociologia-e-Sociedade-1o-TRI-3a-serie.pdf\" target=\"_blank\" rel=\"noopener\">1\u00ba TRIMESTRE 3\u00ba S\u00c9RIE<\/a><\/li><li><a href=\"https:\/\/curriculo.sedu.es.gov.br\/curriculo\/wp-content\/uploads\/2024\/04\/Sociologia-e-Sociedade-2o-TRI-3a-serie.pdf\" target=\"_blank\" rel=\"noopener\">2\u00ba TRIMESTRE 3\u00ba S\u00c9RIE<\/a><\/li><li><a href=\"https:\/\/curriculo.sedu.es.gov.br\/curriculo\/wp-content\/uploads\/2024\/04\/Sociologia-e-sociedade-3o-TRI-3a-serie.pdf\" target=\"_blank\" rel=\"noopener\">3\u00ba TRIMESTRE 3\u00ba S\u00c9RIE<\/a><\/li><\/ul><hr \/><p><span style=\"color: #000080;\"><strong>TRANSFORMA\u00c7\u00d5ES SOCIOAMBIENTAIS, POL\u00cdTICAS E CIDADANIA: SOCIOLOGIA E SOCIEDADE<\/strong><\/span><\/p><ul><li><a href=\"https:\/\/curriculo.sedu.es.gov.br\/curriculo\/wp-content\/uploads\/2024\/04\/Transformacoes-socioambientais-1o-TRI-2a-serie.pdf\" target=\"_blank\" rel=\"noopener\">1\u00ba TRIMESTRE 2\u00ba S\u00c9RIE<\/a><\/li><li><a href=\"https:\/\/curriculo.sedu.es.gov.br\/curriculo\/wp-content\/uploads\/2024\/04\/Transformacoes-socioambientais-2o-TRI-2aserie.pdf\" target=\"_blank\" rel=\"noopener\">2\u00ba TRIMESTRE 2\u00ba S\u00c9RIE<\/a><\/li><li><a href=\"https:\/\/curriculo.sedu.es.gov.br\/curriculo\/wp-content\/uploads\/2024\/04\/Transformacoes-socioambientais-3o-TRI-2a-serie.pdf\" target=\"_blank\" rel=\"noopener\">3\u00ba TRIMESTRE 2\u00ba S\u00c9RIE<\/a><\/li><\/ul><ul><li><a href=\"https:\/\/curriculo.sedu.es.gov.br\/curriculo\/wp-content\/uploads\/2024\/04\/Transformacoes-socioambientais-1o-TRI-3a-serie.pdf\" target=\"_blank\" rel=\"noopener\">1\u00ba TRIMESTRE 3\u00ba S\u00c9RIE<\/a><\/li><li><a href=\"https:\/\/curriculo.sedu.es.gov.br\/curriculo\/wp-content\/uploads\/2024\/04\/Transformacoes-socioambientais-2o-TRI-3aserie.pdf\" target=\"_blank\" rel=\"noopener\">2\u00ba TRIMESTRE 3\u00ba S\u00c9RIE<\/a><\/li><li><a href=\"https:\/\/curriculo.sedu.es.gov.br\/curriculo\/wp-content\/uploads\/2024\/04\/Transformacoes-socioambientais-3o-TRI-3a-serie.pdf\" target=\"_blank\" rel=\"noopener\">3\u00ba TRIMESTRE 3\u00ba S\u00c9RIE<\/a><\/li><\/ul>\t\t\t\t\t\t\t\t<\/div>\n\t\t\t\t<\/div>\n\t\t\t\t\t<\/details>\n\t\t\t\t\t\t<details id=\"e-n-accordion-item-1033\" class=\"e-n-accordion-item\" >\n\t\t\t\t<summary class=\"e-n-accordion-item-title\" data-accordion-index=\"4\" tabindex=\"-1\" aria-expanded=\"false\" aria-controls=\"e-n-accordion-item-1033\" >\n\t\t\t\t\t<span class='e-n-accordion-item-title-header'><div class=\"e-n-accordion-item-title-text\"> ENERGIAS RENOV\u00c1VEIS E EFICI\u00caNCIA ENERG\u00c9TICA <\/div><\/span>\n\t\t\t\t\t\t\t<span class='e-n-accordion-item-title-icon'>\n\t\t\t<span class='e-opened' ><svg aria-hidden=\"true\" class=\"e-font-icon-svg e-fas-arrow-circle-down\" viewBox=\"0 0 512 512\" xmlns=\"http:\/\/www.w3.org\/2000\/svg\"><path d=\"M504 256c0 137-111 248-248 248S8 393 8 256 119 8 256 8s248 111 248 248zm-143.6-28.9L288 302.6V120c0-13.3-10.7-24-24-24h-16c-13.3 0-24 10.7-24 24v182.6l-72.4-75.5c-9.3-9.7-24.8-9.9-34.3-.4l-10.9 11c-9.4 9.4-9.4 24.6 0 33.9L239 404.3c9.4 9.4 24.6 9.4 33.9 0l132.7-132.7c9.4-9.4 9.4-24.6 0-33.9l-10.9-11c-9.5-9.5-25-9.3-34.3.4z\"><\/path><\/svg><\/span>\n\t\t\t<span class='e-closed'><svg aria-hidden=\"true\" class=\"e-font-icon-svg e-fas-arrow-circle-down\" viewBox=\"0 0 512 512\" xmlns=\"http:\/\/www.w3.org\/2000\/svg\"><path d=\"M504 256c0 137-111 248-248 248S8 393 8 256 119 8 256 8s248 111 248 248zm-143.6-28.9L288 302.6V120c0-13.3-10.7-24-24-24h-16c-13.3 0-24 10.7-24 24v182.6l-72.4-75.5c-9.3-9.7-24.8-9.9-34.3-.4l-10.9 11c-9.4 9.4-9.4 24.6 0 33.9L239 404.3c9.4 9.4 24.6 9.4 33.9 0l132.7-132.7c9.4-9.4 9.4-24.6 0-33.9l-10.9-11c-9.5-9.5-25-9.3-34.3.4z\"><\/path><\/svg><\/span>\n\t\t<\/span>\n\n\t\t\t\t\t\t<\/summary>\n\t\t\t\t<div role=\"region region\" aria-labelledby=\"e-n-accordion-item-1380 e-n-accordion-item-1033\" class=\"elementor-element elementor-element-397c886c e-con-full e-flex e-con e-child\" data-id=\"397c886c\" data-element_type=\"container\" data-e-type=\"container\">\n\t\t\t\t<div class=\"elementor-element elementor-element-79ea6573 elementor-widget elementor-widget-text-editor\" data-id=\"79ea6573\" data-element_type=\"widget\" data-e-type=\"widget\" data-widget_type=\"text-editor.default\">\n\t\t\t\t\t\t\t\t\t<p><span style=\"color: #000080;\"><strong>A F\u00cdSICA E AS MATRIZES ENERG\u00c9TICAS<\/strong><\/span><\/p><ul><li><a href=\"https:\/\/curriculo.sedu.es.gov.br\/curriculo\/wp-content\/uploads\/2024\/04\/A-Fisica-e-as-matrizes-energeticas-1o-TRI-2a-serie.pdf\" target=\"_blank\" rel=\"noopener\">1\u00ba TRIMESTRE 2\u00ba S\u00c9RIE<\/a><\/li><li><a href=\"https:\/\/curriculo.sedu.es.gov.br\/curriculo\/wp-content\/uploads\/2024\/04\/A-fisica-e-as-matrizes-energeticas-2o-TRI-2a-serie.pdf\" target=\"_blank\" rel=\"noopener\">2\u00ba TRIMESTRE 2\u00ba S\u00c9RIE<\/a><\/li><li><a href=\"https:\/\/curriculo.sedu.es.gov.br\/curriculo\/wp-content\/uploads\/2024\/04\/A-fisica-e-as-matrizes-energeticas-3o-TRI-2a-serie.pdf\" target=\"_blank\" rel=\"noopener\">3\u00ba TRIMESTRE 2\u00ba S\u00c9RIE<\/a><\/li><\/ul><ul><li><a href=\"https:\/\/curriculo.sedu.es.gov.br\/curriculo\/wp-content\/uploads\/2024\/04\/A-Fisica-e-as-matrizes-energeticas-1o-TRI-3a-serie.pdf\" target=\"_blank\" rel=\"noopener\">1\u00ba TRIMESTRE 3\u00ba S\u00c9RIE<\/a><\/li><li><a href=\"https:\/\/curriculo.sedu.es.gov.br\/curriculo\/wp-content\/uploads\/2024\/04\/A-fisica-e-as-matrizes-energeticas-2o-TRI-3a-serie.pdf\" target=\"_blank\" rel=\"noopener\">2\u00ba TRIMESTRE 3\u00ba S\u00c9RIE<\/a><\/li><li><a href=\"https:\/\/curriculo.sedu.es.gov.br\/curriculo\/wp-content\/uploads\/2024\/04\/A-fisica-e-as-matrizes-energeticas-3o-TRI-3a-serie.pdf\" target=\"_blank\" rel=\"noopener\">3\u00ba TRIMESTRE 3\u00ba S\u00c9RIE<\/a><\/li><\/ul><hr \/><p><span style=\"color: #000080;\"><strong>MATEM\u00c1TICA E SOCIEDADE<\/strong><\/span><\/p><ul><li><a href=\"https:\/\/curriculo.sedu.es.gov.br\/curriculo\/wp-content\/uploads\/2024\/04\/Matematica-e-sociedade-1o-TRI-2a-serie.pdf\" target=\"_blank\" rel=\"noopener\">1\u00ba TRIMESTRE 2\u00ba S\u00c9RIE<\/a><\/li><li><a href=\"https:\/\/curriculo.sedu.es.gov.br\/curriculo\/wp-content\/uploads\/2024\/04\/Ener-Reno-UC-Matematica-e-Sociedade-2a-serie-2o-trim-2024.pdf\" target=\"_blank\" rel=\"noopener\">2\u00ba TRIMESTRE 2\u00ba S\u00c9RIE<\/a><\/li><li><a href=\"https:\/\/curriculo.sedu.es.gov.br\/curriculo\/wp-content\/uploads\/2024\/08\/Energ-renov-UC-Matematica-e-Sociedade-2a-serie-3o-trim-Aprof-2024.pdf\" target=\"_blank\" rel=\"noopener\">3\u00ba TRIMESTRE 2\u00ba S\u00c9RIE<\/a><\/li><\/ul><ul><li><a href=\"https:\/\/curriculo.sedu.es.gov.br\/curriculo\/wp-content\/uploads\/2024\/04\/Matematica-e-sociedade-1o-TRI-3a-serie.pdf\" target=\"_blank\" rel=\"noopener\">1\u00ba TRIMESTRE 3\u00ba S\u00c9RIE<\/a><\/li><li><a href=\"https:\/\/curriculo.sedu.es.gov.br\/curriculo\/wp-content\/uploads\/2024\/04\/Ener-Reno-UC-Matematica-e-Sociedade-3a-serie-2o-trim-2024.pdf\" target=\"_blank\" rel=\"noopener\">2\u00ba TRIMESTRE 3\u00ba S\u00c9RIE<\/a><\/li><li><a href=\"https:\/\/curriculo.sedu.es.gov.br\/curriculo\/wp-content\/uploads\/2024\/08\/Energ-renov-UC-Matematica-e-Sociedade-3a-serie-3o-trim-Aprof-2024.pdf\" target=\"_blank\" rel=\"noopener\">3\u00ba TRIMESTRE 3\u00ba S\u00c9RIE<\/a><\/li><\/ul><hr \/><p><span style=\"color: #000080;\"><strong>A GEOGRAFIA DAS FONTES DE ENERGIA<\/strong><\/span><\/p><ul><li><a href=\"https:\/\/curriculo.sedu.es.gov.br\/curriculo\/wp-content\/uploads\/2024\/04\/A-Geografia-das-fontes-de-energia-1o-TRI-2a-serie.pdf\" target=\"_blank\" rel=\"noopener\">1\u00ba TRIMESTRE 2\u00ba S\u00c9RIE<\/a><\/li><li><a href=\"https:\/\/curriculo.sedu.es.gov.br\/curriculo\/wp-content\/uploads\/2024\/04\/A-Geografia-das-fontes-de-energia-2o-TRI-2a-serie.pdf\" target=\"_blank\" rel=\"noopener\">2\u00ba TRIMESTRE 2\u00ba S\u00c9RIE<\/a><\/li><li><a href=\"https:\/\/curriculo.sedu.es.gov.br\/curriculo\/wp-content\/uploads\/2024\/04\/A-Geografia-das-fontes-de-energia-3o-TRI-2a-serie.pdf\" target=\"_blank\" rel=\"noopener\">3\u00ba TRIMESTRE 2\u00ba S\u00c9RIE<\/a><\/li><\/ul><hr \/><p><span style=\"color: #000080;\"><strong>FONTES DE OBTEN\u00c7\u00c3O DE ENERGIA<\/strong><\/span><\/p><ul><li><a href=\"https:\/\/curriculo.sedu.es.gov.br\/curriculo\/wp-content\/uploads\/2024\/04\/Fontes-de-obtencao-de-energia-1o-TRI-3a-serie.pdf\" target=\"_blank\" rel=\"noopener\">1\u00ba TRIMESTRE 3\u00ba S\u00c9RIE<\/a><\/li><li><a href=\"https:\/\/curriculo.sedu.es.gov.br\/curriculo\/wp-content\/uploads\/2024\/04\/Fontes-de-obtencao-de-energia-2o-TRI-3a-serie.pdf\" target=\"_blank\" rel=\"noopener\">2\u00ba TRIMESTRE 3\u00ba S\u00c9RIE<\/a><\/li><li><a href=\"https:\/\/curriculo.sedu.es.gov.br\/curriculo\/wp-content\/uploads\/2024\/04\/Fontes-de-obtencao-de-energia-3o-TRI-3a-serie.pdf\" target=\"_blank\" rel=\"noopener\">3\u00ba TRIMESTRE 3\u00ba S\u00c9RIE<\/a><\/li><\/ul><hr \/><p><span style=\"color: #000080;\"><strong>MAT\u00c9RIA E ENERGIA<\/strong><\/span><\/p><ul><li><a href=\"https:\/\/curriculo.sedu.es.gov.br\/curriculo\/wp-content\/uploads\/2024\/04\/Materia-e-energia-1o-TRI-3a-serie.pdf\" target=\"_blank\" rel=\"noopener\">1\u00ba TRIMESTRE 3\u00ba S\u00c9RIE<\/a><\/li><li><a href=\"https:\/\/curriculo.sedu.es.gov.br\/curriculo\/wp-content\/uploads\/2024\/04\/Materia-e-energia-2o-TRI-3a-serie.pdf\" target=\"_blank\" rel=\"noopener\">2\u00ba TRIMESTRE 3\u00ba S\u00c9RIE<\/a><\/li><li><a href=\"https:\/\/curriculo.sedu.es.gov.br\/curriculo\/wp-content\/uploads\/2024\/04\/Materia-e-energia-3o-TRI-3a-serie.pdf\" target=\"_blank\" rel=\"noopener\">3\u00ba TRIMESTRE 3\u00ba S\u00c9RIE<\/a><\/li><\/ul><hr \/><p><span style=\"color: #000080;\"><strong>PORTUGU\u00caS INSTRUMENTAL<\/strong><\/span><\/p><ul><li><a href=\"https:\/\/curriculo.sedu.es.gov.br\/curriculo\/wp-content\/uploads\/2024\/04\/Portugues-instrumental-1o-TRI-3a-serie.pdf\" target=\"_blank\" rel=\"noopener\">1\u00ba TRIMESTRE 3\u00ba S\u00c9RIE<\/a><\/li><li><a href=\"https:\/\/curriculo.sedu.es.gov.br\/curriculo\/wp-content\/uploads\/2024\/04\/Portugues-instrumental-2o-TRI-3a-serie.pdf\" target=\"_blank\" rel=\"noopener\">2\u00ba TRIMESTRE 3\u00ba S\u00c9RIE<\/a><\/li><li><a href=\"https:\/\/curriculo.sedu.es.gov.br\/curriculo\/wp-content\/uploads\/2024\/04\/Portugues-instrumental-3o-TRI-3a-serie.pdf\" target=\"_blank\" rel=\"noopener\">3\u00ba TRIMESTRE 3\u00ba S\u00c9RIE<\/a><\/li><\/ul><hr \/><p><span style=\"color: #000080;\"><strong>DESENHO T\u00c9CNICO<\/strong><\/span><\/p><ul><li><a href=\"https:\/\/curriculo.sedu.es.gov.br\/curriculo\/wp-content\/uploads\/2024\/04\/Desenho-Tecnico-1o-TRI-3a-serie.pdf\" target=\"_blank\" rel=\"noopener\">1\u00ba TRIMESTRE 3\u00ba S\u00c9RIE<\/a><\/li><li><a href=\"https:\/\/curriculo.sedu.es.gov.br\/curriculo\/wp-content\/uploads\/2024\/04\/Desenho-Tecnico-2o-TRI-3a-serie.pdf\" target=\"_blank\" rel=\"noopener\">2\u00ba TRIMESTRE 3\u00ba S\u00c9RIE<\/a><\/li><li><a href=\"https:\/\/curriculo.sedu.es.gov.br\/curriculo\/wp-content\/uploads\/2024\/04\/Desenho-Tecnico-3o-TRI-3a-serie.pdf\" target=\"_blank\" rel=\"noopener\">3\u00ba TRIMESTRE 3\u00ba S\u00c9RIE<\/a><\/li><\/ul>\t\t\t\t\t\t\t\t<\/div>\n\t\t\t\t<\/div>\n\t\t\t\t\t<\/details>\n\t\t\t\t\t\t<details id=\"e-n-accordion-item-1034\" class=\"e-n-accordion-item\" >\n\t\t\t\t<summary class=\"e-n-accordion-item-title\" data-accordion-index=\"5\" tabindex=\"-1\" aria-expanded=\"false\" aria-controls=\"e-n-accordion-item-1034\" >\n\t\t\t\t\t<span class='e-n-accordion-item-title-header'><div class=\"e-n-accordion-item-title-text\"> NARRATIVAS SOCIOLITER\u00c1RIAS: LITERATURA, ARTE E CI\u00caNCIAS HUMANAS ESCREVEM O MUNDO <\/div><\/span>\n\t\t\t\t\t\t\t<span class='e-n-accordion-item-title-icon'>\n\t\t\t<span class='e-opened' ><svg aria-hidden=\"true\" class=\"e-font-icon-svg e-fas-arrow-circle-down\" viewBox=\"0 0 512 512\" xmlns=\"http:\/\/www.w3.org\/2000\/svg\"><path d=\"M504 256c0 137-111 248-248 248S8 393 8 256 119 8 256 8s248 111 248 248zm-143.6-28.9L288 302.6V120c0-13.3-10.7-24-24-24h-16c-13.3 0-24 10.7-24 24v182.6l-72.4-75.5c-9.3-9.7-24.8-9.9-34.3-.4l-10.9 11c-9.4 9.4-9.4 24.6 0 33.9L239 404.3c9.4 9.4 24.6 9.4 33.9 0l132.7-132.7c9.4-9.4 9.4-24.6 0-33.9l-10.9-11c-9.5-9.5-25-9.3-34.3.4z\"><\/path><\/svg><\/span>\n\t\t\t<span class='e-closed'><svg aria-hidden=\"true\" class=\"e-font-icon-svg e-fas-arrow-circle-down\" viewBox=\"0 0 512 512\" xmlns=\"http:\/\/www.w3.org\/2000\/svg\"><path d=\"M504 256c0 137-111 248-248 248S8 393 8 256 119 8 256 8s248 111 248 248zm-143.6-28.9L288 302.6V120c0-13.3-10.7-24-24-24h-16c-13.3 0-24 10.7-24 24v182.6l-72.4-75.5c-9.3-9.7-24.8-9.9-34.3-.4l-10.9 11c-9.4 9.4-9.4 24.6 0 33.9L239 404.3c9.4 9.4 24.6 9.4 33.9 0l132.7-132.7c9.4-9.4 9.4-24.6 0-33.9l-10.9-11c-9.5-9.5-25-9.3-34.3.4z\"><\/path><\/svg><\/span>\n\t\t<\/span>\n\n\t\t\t\t\t\t<\/summary>\n\t\t\t\t<div role=\"region region\" aria-labelledby=\"e-n-accordion-item-1380 e-n-accordion-item-1034\" class=\"elementor-element elementor-element-29731937 e-con-full e-flex e-con e-child\" data-id=\"29731937\" data-element_type=\"container\" data-e-type=\"container\">\n\t\t\t\t<div class=\"elementor-element elementor-element-66dad78a elementor-widget elementor-widget-text-editor\" data-id=\"66dad78a\" data-element_type=\"widget\" data-e-type=\"widget\" data-widget_type=\"text-editor.default\">\n\t\t\t\t\t\t\t\t\t<p><span style=\"color: #000080;\"><strong>OLHARES GEOGR\u00c1FICOS: SOCIEDADE E ESPA\u00c7O<\/strong><\/span><\/p><ul><li><a href=\"https:\/\/curriculo.sedu.es.gov.br\/curriculo\/wp-content\/uploads\/2024\/04\/Olhares-Geograficos-1o-TRI-2a-serie.pdf\" target=\"_blank\" rel=\"noopener\">1\u00ba TRIMESTRE 2\u00ba S\u00c9RIE<\/a><\/li><li><a href=\"https:\/\/curriculo.sedu.es.gov.br\/curriculo\/wp-content\/uploads\/2024\/04\/Olhares-Geograficos-2o-TRI-2a-serie.pdf\" target=\"_blank\" rel=\"noopener\">2\u00ba TRIMESTRE 2\u00ba S\u00c9RIE<\/a><\/li><li><a href=\"https:\/\/curriculo.sedu.es.gov.br\/curriculo\/wp-content\/uploads\/2024\/04\/Olhares-geograficos-3o-TRI-2a-serie.pdf\" target=\"_blank\" rel=\"noopener\">3\u00ba TRIMESTRE 2\u00ba S\u00c9RIE<\/a><\/li><\/ul><hr \/><p><span style=\"color: #000080;\"><strong>LITERATURA E VIDA SOCIAL<\/strong><\/span><\/p><ul><li><a href=\"https:\/\/curriculo.sedu.es.gov.br\/curriculo\/wp-content\/uploads\/2024\/04\/Literatura-e-vida-social-1o-TRI-2a-serie.pdf\" target=\"_blank\" rel=\"noopener\">1\u00ba TRIMESTRE 2\u00ba S\u00c9RIE<\/a><\/li><li><a href=\"https:\/\/curriculo.sedu.es.gov.br\/curriculo\/wp-content\/uploads\/2024\/04\/Literatura-e-vida-social-2o-TRI-2a-serie.pdf\" target=\"_blank\" rel=\"noopener\">2\u00ba TRIMESTRE 2\u00ba S\u00c9RIE<\/a><\/li><li><a href=\"https:\/\/curriculo.sedu.es.gov.br\/curriculo\/wp-content\/uploads\/2024\/04\/Literatura-e-vida-social-3o-TRI-2a-serie.pdf\" target=\"_blank\" rel=\"noopener\">3\u00ba TRIMESTRE 2\u00ba S\u00c9RIE<\/a><\/li><\/ul><hr \/><p><span style=\"color: #000080;\"><strong>SOCIEDADE E MOVIMENTO<\/strong><\/span><\/p><ul><li><a href=\"https:\/\/curriculo.sedu.es.gov.br\/curriculo\/wp-content\/uploads\/2024\/04\/Sociologia-em-Movimento-1o-TRI-2a-serie.pdf\" target=\"_blank\" rel=\"noopener\">1\u00ba TRIMESTRE 2\u00ba S\u00c9RIE<\/a><\/li><li><a href=\"https:\/\/curriculo.sedu.es.gov.br\/curriculo\/wp-content\/uploads\/2024\/05\/Sociologia-em-movimento-2o-TRI-2a-serie.pdf\" target=\"_blank\" rel=\"noopener\">2\u00ba TRIMESTRE 2\u00ba S\u00c9RIE<\/a><\/li><li><a href=\"https:\/\/curriculo.sedu.es.gov.br\/curriculo\/wp-content\/uploads\/2024\/04\/Sociologia-em-movimento-3o-TRI-2a-serie.pdf\" target=\"_blank\" rel=\"noopener\">3\u00ba TRIMESTRE 2\u00ba S\u00c9RIE<\/a><\/li><\/ul><hr \/><p><span style=\"color: #000080;\"><strong>ARTE, PODER E (I)MATERIALIDADE<\/strong><\/span><\/p><ul><li><a href=\"https:\/\/curriculo.sedu.es.gov.br\/curriculo\/wp-content\/uploads\/2024\/04\/Arte-poder-e-imaterialidade-1o-TRI-3a-serie.pdf\" target=\"_blank\" rel=\"noopener\">1\u00ba TRIMESTRE 3\u00ba S\u00c9RIE<\/a><\/li><li><a href=\"https:\/\/curriculo.sedu.es.gov.br\/curriculo\/wp-content\/uploads\/2024\/04\/Arte-poder-e-imaterialidade-2o-TRI-3a-serie.pdf\" target=\"_blank\" rel=\"noopener\">2\u00ba TRIMESTRE 3\u00ba S\u00c9RIE<\/a><\/li><li><a href=\"https:\/\/curriculo.sedu.es.gov.br\/curriculo\/wp-content\/uploads\/2024\/04\/Arte-poder-e-imaterialidade-3o-TRI-3a-serie.pdf\" target=\"_blank\" rel=\"noopener\">3\u00ba TRIMESTRE 3\u00ba S\u00c9RIE<\/a><\/li><\/ul><hr \/><p><span style=\"color: #000080;\"><strong>AN\u00c1LISE CR\u00cdTICA METODOL\u00d3GICA<\/strong><\/span><\/p><ul><li><a href=\"https:\/\/curriculo.sedu.es.gov.br\/curriculo\/wp-content\/uploads\/2024\/04\/Analise-critica-metodologica-1o-TRI-3a-serie.pdf\" target=\"_blank\" rel=\"noopener\">1\u00ba TRIMESTRE 3\u00ba S\u00c9RIE<\/a><\/li><li><a href=\"https:\/\/curriculo.sedu.es.gov.br\/curriculo\/wp-content\/uploads\/2024\/04\/Analise-critica-metodologica-2o-TRI-3a-serie.pdf\" target=\"_blank\" rel=\"noopener\">2\u00ba TRIMESTRE 3\u00ba S\u00c9RIE<\/a><\/li><li><a href=\"https:\/\/curriculo.sedu.es.gov.br\/curriculo\/wp-content\/uploads\/2024\/04\/Analise-critica-e-metodologica-3o-TRI-3a-serie.pdf\" target=\"_blank\" rel=\"noopener\">3\u00ba TRIMESTRE 3\u00ba S\u00c9RIE<\/a><\/li><\/ul><hr \/><p><span style=\"color: #000080;\"><strong>NARRATIVAS DE CLIO: A HIST\u00d3RIA POR MEIO DA LITERATURA<\/strong><\/span><\/p><ul><li><a href=\"https:\/\/curriculo.sedu.es.gov.br\/curriculo\/wp-content\/uploads\/2024\/04\/Narrativas-de-Clio-1oTRI-3a-serie.pdf\" target=\"_blank\" rel=\"noopener\">1\u00ba TRIMESTRE 3\u00ba S\u00c9RIE<\/a><\/li><li><a href=\"https:\/\/curriculo.sedu.es.gov.br\/curriculo\/wp-content\/uploads\/2024\/04\/Narrativas-de-Clio-2oTRI-3aserie.pdf\" target=\"_blank\" rel=\"noopener\">2\u00ba TRIMESTRE 3\u00ba S\u00c9RIE<\/a><\/li><li><a href=\"https:\/\/curriculo.sedu.es.gov.br\/curriculo\/wp-content\/uploads\/2024\/04\/Narrativas-de-Clio-3oTRI-3a-serie-1.pdf\" target=\"_blank\" rel=\"noopener\">3\u00ba TRIMESTRE 3\u00ba S\u00c9RIE<\/a><\/li><\/ul><hr \/><p><span style=\"color: #000080;\"><strong>LITERATURA E SOCIEDADE: CONEX\u00d5ES CONTEMPOR\u00c2NEAS<\/strong><\/span><\/p><ul><li><a href=\"https:\/\/curriculo.sedu.es.gov.br\/curriculo\/wp-content\/uploads\/2024\/04\/Literatura-e-sociedade-1o-TRI-3a-serie.pdf\" target=\"_blank\" rel=\"noopener\">1\u00ba TRIMESTRE 3\u00ba S\u00c9RIE<\/a><\/li><li><a href=\"https:\/\/curriculo.sedu.es.gov.br\/curriculo\/wp-content\/uploads\/2024\/04\/Literatura-e-Sociedade-2o-TRI-3aserie.pdf\" target=\"_blank\" rel=\"noopener\">2\u00ba TRIMESTRE 3\u00ba S\u00c9RIE<\/a><\/li><li><a href=\"https:\/\/curriculo.sedu.es.gov.br\/curriculo\/wp-content\/uploads\/2024\/04\/Literatura-e-sociedade-3o-TRI-3a-serie-1.pdf\" target=\"_blank\" rel=\"noopener\">3\u00ba TRIMESTRE 3\u00ba S\u00c9RIE<\/a><\/li><\/ul><hr \/><p><span style=\"color: #000080;\"><strong>NARRATIVAS SOCIAIS<\/strong><\/span><\/p><ul><li><a href=\"https:\/\/curriculo.sedu.es.gov.br\/curriculo\/wp-content\/uploads\/2024\/04\/Narrativas-Sociais-1o-TRI-3a-serie.pdf\" target=\"_blank\" rel=\"noopener\">1\u00ba TRIMESTRE 3\u00ba S\u00c9RIE<\/a><\/li><li><a href=\"https:\/\/curriculo.sedu.es.gov.br\/curriculo\/wp-content\/uploads\/2024\/04\/Narrativas-Sociais-2o-TRI-3a-serie.pdf\" target=\"_blank\" rel=\"noopener\">2\u00ba TRIMESTRE 3\u00ba S\u00c9RIE<\/a><\/li><li><a href=\"https:\/\/curriculo.sedu.es.gov.br\/curriculo\/wp-content\/uploads\/2024\/04\/Narrativas-sociais-3o-TRI-3a-serie.pdf\" target=\"_blank\" rel=\"noopener\">3\u00ba TRIMESTRE 3\u00ba S\u00c9RIE<\/a><\/li><\/ul>\t\t\t\t\t\t\t\t<\/div>\n\t\t\t\t<\/div>\n\t\t\t\t\t<\/details>\n\t\t\t\t\t\t<details id=\"e-n-accordion-item-1035\" class=\"e-n-accordion-item\" >\n\t\t\t\t<summary class=\"e-n-accordion-item-title\" data-accordion-index=\"6\" tabindex=\"-1\" aria-expanded=\"false\" aria-controls=\"e-n-accordion-item-1035\" >\n\t\t\t\t\t<span class='e-n-accordion-item-title-header'><div class=\"e-n-accordion-item-title-text\"> HUMANIDADES E RELA\u00c7\u00d5ES SOCIOAMBIENTAIS <\/div><\/span>\n\t\t\t\t\t\t\t<span class='e-n-accordion-item-title-icon'>\n\t\t\t<span class='e-opened' ><svg aria-hidden=\"true\" class=\"e-font-icon-svg e-fas-arrow-circle-down\" viewBox=\"0 0 512 512\" xmlns=\"http:\/\/www.w3.org\/2000\/svg\"><path d=\"M504 256c0 137-111 248-248 248S8 393 8 256 119 8 256 8s248 111 248 248zm-143.6-28.9L288 302.6V120c0-13.3-10.7-24-24-24h-16c-13.3 0-24 10.7-24 24v182.6l-72.4-75.5c-9.3-9.7-24.8-9.9-34.3-.4l-10.9 11c-9.4 9.4-9.4 24.6 0 33.9L239 404.3c9.4 9.4 24.6 9.4 33.9 0l132.7-132.7c9.4-9.4 9.4-24.6 0-33.9l-10.9-11c-9.5-9.5-25-9.3-34.3.4z\"><\/path><\/svg><\/span>\n\t\t\t<span class='e-closed'><svg aria-hidden=\"true\" class=\"e-font-icon-svg e-fas-arrow-circle-down\" viewBox=\"0 0 512 512\" xmlns=\"http:\/\/www.w3.org\/2000\/svg\"><path d=\"M504 256c0 137-111 248-248 248S8 393 8 256 119 8 256 8s248 111 248 248zm-143.6-28.9L288 302.6V120c0-13.3-10.7-24-24-24h-16c-13.3 0-24 10.7-24 24v182.6l-72.4-75.5c-9.3-9.7-24.8-9.9-34.3-.4l-10.9 11c-9.4 9.4-9.4 24.6 0 33.9L239 404.3c9.4 9.4 24.6 9.4 33.9 0l132.7-132.7c9.4-9.4 9.4-24.6 0-33.9l-10.9-11c-9.5-9.5-25-9.3-34.3.4z\"><\/path><\/svg><\/span>\n\t\t<\/span>\n\n\t\t\t\t\t\t<\/summary>\n\t\t\t\t<div role=\"region region\" aria-labelledby=\"e-n-accordion-item-1380 e-n-accordion-item-1035\" class=\"elementor-element elementor-element-6eb423fe e-con-full e-flex e-con e-child\" data-id=\"6eb423fe\" data-element_type=\"container\" data-e-type=\"container\">\n\t\t\t\t<div class=\"elementor-element elementor-element-d672a4 elementor-widget elementor-widget-text-editor\" data-id=\"d672a4\" data-element_type=\"widget\" data-e-type=\"widget\" data-widget_type=\"text-editor.default\">\n\t\t\t\t\t\t\t\t\t<p><span style=\"color: #000080;\"><strong>A ESP\u00c9CIE HUMANA E A RELA\u00c7\u00c3O COM OS RECURSOS NATURAIS<\/strong><\/span><\/p><ul><li><a href=\"https:\/\/curriculo.sedu.es.gov.br\/curriculo\/wp-content\/uploads\/2024\/04\/Humanidades-e-as-relacoes-socioambientais-1o-TRI-2a-serie.pdf\" target=\"_blank\" rel=\"noopener\">1\u00ba TRIMESTRE 2\u00ba S\u00c9RIE<\/a><\/li><li><a href=\"https:\/\/curriculo.sedu.es.gov.br\/curriculo\/wp-content\/uploads\/2024\/04\/A-Especie-humana-e-a-relacao-com-os-recursos-naturais-2o-TRI-2a-serie-1.pdf\" target=\"_blank\" rel=\"noopener\">2\u00ba TRIMESTRE 2\u00ba S\u00c9RIE<\/a><\/li><li><a href=\"https:\/\/curriculo.sedu.es.gov.br\/curriculo\/wp-content\/uploads\/2024\/04\/A-Especie-humana-e-a-relacao-3o-TRI-2a-serie.pdf\" target=\"_blank\" rel=\"noopener\">3\u00ba TRIMESTRE 2\u00ba S\u00c9RIE<\/a><\/li><\/ul><ul><li><a href=\"https:\/\/curriculo.sedu.es.gov.br\/curriculo\/wp-content\/uploads\/2024\/04\/Humanidades-e-as-relacoes-socioambientais-1o-TRI-3a-serie.pdf\" target=\"_blank\" rel=\"noopener\">1\u00ba TRIMESTRE 3\u00ba S\u00c9RIE<\/a><\/li><li><a href=\"https:\/\/curriculo.sedu.es.gov.br\/curriculo\/wp-content\/uploads\/2024\/04\/A-Especie-humana-e-a-relacao-com-os-recursos-naturais-2o-TRI-3a-serie-1.pdf\" target=\"_blank\" rel=\"noopener\">2\u00ba TRIMESTRE 3\u00ba S\u00c9RIE<\/a><\/li><li><a href=\"https:\/\/curriculo.sedu.es.gov.br\/curriculo\/wp-content\/uploads\/2024\/04\/A-Especie-humana-e-a-relacao-3o-TRI-3a-serie.pdf\" target=\"_blank\" rel=\"noopener\">3\u00ba TRIMESTRE 3\u00ba S\u00c9RIE<\/a><\/li><\/ul><hr \/><p><span style=\"color: #000080;\"><strong>PERCURSO FILOS\u00d3FICO SOBRE A EVOLU\u00c7\u00c3O HUMANA<\/strong><\/span><\/p><ul><li><a href=\"https:\/\/curriculo.sedu.es.gov.br\/curriculo\/wp-content\/uploads\/2024\/04\/Percurso-filosofico-sobre-a-evolucao-humana-1o-TRI-2a-serie.pdf\" target=\"_blank\" rel=\"noopener\">1\u00ba TRIMESTRE 2\u00ba S\u00c9RIE<\/a><\/li><li><a href=\"https:\/\/curriculo.sedu.es.gov.br\/curriculo\/wp-content\/uploads\/2024\/04\/Percurso-filosofico-2o-TRI-2a-serie.pdf\" target=\"_blank\" rel=\"noopener\">2\u00ba TRIMESTRE 2\u00ba S\u00c9RIE<\/a><\/li><li><a href=\"https:\/\/curriculo.sedu.es.gov.br\/curriculo\/wp-content\/uploads\/2024\/08\/OCHumanidadesFILOSOFIA2SERIE3oTRIM24.pdf\" target=\"_blank\" rel=\"noopener\">3\u00ba TRIMESTRE 2\u00ba S\u00c9RIE<\/a><\/li><\/ul><ul><li><a href=\"https:\/\/curriculo.sedu.es.gov.br\/curriculo\/wp-content\/uploads\/2024\/04\/Percurso-filosofico-sobre-a-evolucao-humana-1o-TRI-3a-serie-1.pdf\" target=\"_blank\" rel=\"noopener\">1\u00ba TRIMESTRE 3\u00ba S\u00c9RIE<\/a><\/li><li><a href=\"https:\/\/curriculo.sedu.es.gov.br\/curriculo\/wp-content\/uploads\/2024\/04\/Percurso-filosofico-2o-TRI-3a-serie.pdf\" target=\"_blank\" rel=\"noopener\">2\u00ba TRIMESTRE 3\u00ba S\u00c9RIE<\/a><\/li><li><a href=\"https:\/\/curriculo.sedu.es.gov.br\/curriculo\/wp-content\/uploads\/2024\/08\/OCHumanidadesFILOSOFIA3SERIE3oTRIM24.pdf\" target=\"_blank\" rel=\"noopener\">3\u00ba TRIMESTRE 3\u00ba S\u00c9RIE<\/a><\/li><\/ul><hr \/><p><span style=\"color: #000080;\"><strong>TRAJET\u00d3RIAS HUMANAS NA HIST\u00d3RIA<\/strong><\/span><\/p><ul><li><a href=\"https:\/\/curriculo.sedu.es.gov.br\/curriculo\/wp-content\/uploads\/2024\/04\/Trajetorias-humanas-e-historia-1o-TRI-2a-serie.pdf\" target=\"_blank\" rel=\"noopener\">1\u00ba TRIMESTRE 2\u00ba S\u00c9RIE<\/a><\/li><li><a href=\"https:\/\/curriculo.sedu.es.gov.br\/curriculo\/wp-content\/uploads\/2024\/04\/Trajetorias-humanas-e-historia-2o-TRI-2a-serie.pdf\" target=\"_blank\" rel=\"noopener\">2\u00ba TRIMESTRE 2\u00ba S\u00c9RIE<\/a><\/li><li><a href=\"https:\/\/curriculo.sedu.es.gov.br\/curriculo\/wp-content\/uploads\/2024\/04\/Trajetorias-humanas-e-historia-3o-TRI-2a-serie.pdf\" target=\"_blank\" rel=\"noopener\">3\u00ba TRIMESTRE 2\u00ba S\u00c9RIE<\/a><\/li><\/ul><ul><li><a href=\"https:\/\/curriculo.sedu.es.gov.br\/curriculo\/wp-content\/uploads\/2024\/04\/Trajetorias-humanas-e-historia-1o-TRI-3a-serie.pdf\" target=\"_blank\" rel=\"noopener\">1\u00ba TRIMESTRE 3\u00ba S\u00c9RIE<\/a><\/li><li><a href=\"https:\/\/curriculo.sedu.es.gov.br\/curriculo\/wp-content\/uploads\/2024\/05\/Trajetorias-humanas-e-historia-2o-TRI-3a-serie_compressed.pdf\" target=\"_blank\" rel=\"noopener\">2\u00ba TRIMESTRE 3\u00ba S\u00c9RIE<\/a><\/li><li><a href=\"https:\/\/curriculo.sedu.es.gov.br\/curriculo\/wp-content\/uploads\/2024\/04\/Trajetorias-humanas-e-historia-3o-TRI-3a-serie.pdf\" target=\"_blank\" rel=\"noopener\">3\u00ba TRIMESTRE 3\u00ba S\u00c9RIE<\/a><\/li><\/ul><hr \/><p><span style=\"color: #000080;\"><strong>PERSPECTIVA GEOGR\u00c1FICA: DESENVOLVIMENTO E ESPA\u00c7O<\/strong><\/span><\/p><ul><li><a href=\"https:\/\/curriculo.sedu.es.gov.br\/curriculo\/wp-content\/uploads\/2024\/04\/Perspectiva-geografica-desenvolvimento-e-espaco-1o-TRI-3a-serie.pdf\" target=\"_blank\" rel=\"noopener\">1\u00ba TRIMESTRE 3\u00ba S\u00c9RIE<\/a><\/li><li><a href=\"https:\/\/curriculo.sedu.es.gov.br\/curriculo\/wp-content\/uploads\/2024\/05\/Perspectiva-geografica-desenvolvimento-e-espaco-2o-TRI-3a-serie.pdf\" target=\"_blank\" rel=\"noopener\">2\u00ba TRIMESTRE 3\u00ba S\u00c9RIE<\/a><\/li><li><a href=\"https:\/\/curriculo.sedu.es.gov.br\/curriculo\/wp-content\/uploads\/2024\/09\/3o-TRIM-HUMANIDADES-Desenvolvimento-e-espaco.pdf\" target=\"_blank\" rel=\"noopener\">3\u00ba TRIMESTRE 3\u00ba S\u00c9RIE<\/a><\/li><\/ul><hr \/><p><span style=\"color: #000080;\"><strong>INDIV\u00cdDUOS, NATUREZA E SOCIEDADE<\/strong><\/span><\/p><ul><li><a href=\"https:\/\/curriculo.sedu.es.gov.br\/curriculo\/wp-content\/uploads\/2024\/04\/Individuos-natureza-e-sociedade-1o-TRI-3a-serie.pdf\" target=\"_blank\" rel=\"noopener\">1\u00ba TRIMESTRE 3\u00ba S\u00c9RIE<\/a><\/li><li><a href=\"https:\/\/curriculo.sedu.es.gov.br\/curriculo\/wp-content\/uploads\/2024\/04\/Individuos-natureza-e-sociedade-2o-TRI-3a-serie.pdf\" target=\"_blank\" rel=\"noopener\">2\u00ba TRIMESTRE 3\u00ba S\u00c9RIE<\/a><\/li><li><a href=\"https:\/\/curriculo.sedu.es.gov.br\/curriculo\/wp-content\/uploads\/2024\/04\/Individuos-natureza-e-sociedade-3o-TRI-3a-serie.pdf\" target=\"_blank\" rel=\"noopener\">3\u00ba TRIMESTRE 3\u00ba S\u00c9RIE<\/a><\/li><\/ul>\t\t\t\t\t\t\t\t<\/div>\n\t\t\t\t<\/div>\n\t\t\t\t\t<\/details>\n\t\t\t\t\t\t<details id=\"e-n-accordion-item-1036\" class=\"e-n-accordion-item\" >\n\t\t\t\t<summary class=\"e-n-accordion-item-title\" data-accordion-index=\"7\" tabindex=\"-1\" aria-expanded=\"false\" aria-controls=\"e-n-accordion-item-1036\" >\n\t\t\t\t\t<span class='e-n-accordion-item-title-header'><div class=\"e-n-accordion-item-title-text\"> ASPIRA\u00c7\u00d5ES DOCENTES <\/div><\/span>\n\t\t\t\t\t\t\t<span class='e-n-accordion-item-title-icon'>\n\t\t\t<span class='e-opened' ><svg aria-hidden=\"true\" class=\"e-font-icon-svg e-fas-arrow-circle-down\" viewBox=\"0 0 512 512\" xmlns=\"http:\/\/www.w3.org\/2000\/svg\"><path d=\"M504 256c0 137-111 248-248 248S8 393 8 256 119 8 256 8s248 111 248 248zm-143.6-28.9L288 302.6V120c0-13.3-10.7-24-24-24h-16c-13.3 0-24 10.7-24 24v182.6l-72.4-75.5c-9.3-9.7-24.8-9.9-34.3-.4l-10.9 11c-9.4 9.4-9.4 24.6 0 33.9L239 404.3c9.4 9.4 24.6 9.4 33.9 0l132.7-132.7c9.4-9.4 9.4-24.6 0-33.9l-10.9-11c-9.5-9.5-25-9.3-34.3.4z\"><\/path><\/svg><\/span>\n\t\t\t<span class='e-closed'><svg aria-hidden=\"true\" class=\"e-font-icon-svg e-fas-arrow-circle-down\" viewBox=\"0 0 512 512\" xmlns=\"http:\/\/www.w3.org\/2000\/svg\"><path d=\"M504 256c0 137-111 248-248 248S8 393 8 256 119 8 256 8s248 111 248 248zm-143.6-28.9L288 302.6V120c0-13.3-10.7-24-24-24h-16c-13.3 0-24 10.7-24 24v182.6l-72.4-75.5c-9.3-9.7-24.8-9.9-34.3-.4l-10.9 11c-9.4 9.4-9.4 24.6 0 33.9L239 404.3c9.4 9.4 24.6 9.4 33.9 0l132.7-132.7c9.4-9.4 9.4-24.6 0-33.9l-10.9-11c-9.5-9.5-25-9.3-34.3.4z\"><\/path><\/svg><\/span>\n\t\t<\/span>\n\n\t\t\t\t\t\t<\/summary>\n\t\t\t\t<div role=\"region region\" aria-labelledby=\"e-n-accordion-item-1380 e-n-accordion-item-1036\" class=\"elementor-element elementor-element-205962b e-con-full e-flex e-con e-child\" data-id=\"205962b\" data-element_type=\"container\" data-e-type=\"container\">\n\t\t\t\t<div class=\"elementor-element elementor-element-66990b3c elementor-widget elementor-widget-text-editor\" data-id=\"66990b3c\" data-element_type=\"widget\" data-e-type=\"widget\" data-widget_type=\"text-editor.default\">\n\t\t\t\t\t\t\t\t\t<p><span style=\"color: #000080;\"><strong>CAMINHOS DA EDUCA\u00c7\u00c3O <\/strong><\/span><\/p><ul><li><a href=\"https:\/\/curriculo.sedu.es.gov.br\/curriculo\/wp-content\/uploads\/2024\/09\/dASP_DOCENTES-1\u00b0-TRIM-2024-VF_removed.pdf\" target=\"_blank\" rel=\"noopener\">1\u00ba TRIMESTRE 2\u00ba S\u00c9RIE<\/a><\/li><li><a href=\"https:\/\/curriculo.sedu.es.gov.br\/curriculo\/wp-content\/uploads\/2024\/09\/dASP_DOCENTES-2\u00b0-TRIM-2024-VF_removed.pdf\" target=\"_blank\" rel=\"noopener\">2\u00ba TRIMESTRE 2\u00ba S\u00c9RIE<\/a><\/li><li><a href=\"https:\/\/curriculo.sedu.es.gov.br\/curriculo\/wp-content\/uploads\/2024\/04\/Caminhos-da-educacao-3o-TRI-2a-serie.pdf\" target=\"_blank\" rel=\"noopener\">3\u00ba TRIMESTRE 2\u00ba S\u00c9RIE<\/a><\/li><\/ul><hr \/><p><span style=\"color: #000080;\"><strong>SABER E SABERES<\/strong><\/span><\/p><ul><li><a href=\"https:\/\/curriculo.sedu.es.gov.br\/curriculo\/wp-content\/uploads\/2024\/04\/Saber-e-saberes-1o-TRI-2a-serie.pdf\" target=\"_blank\" rel=\"noopener\">1\u00ba TRIMESTRE 2\u00ba S\u00c9RIE<\/a><\/li><li><a href=\"https:\/\/curriculo.sedu.es.gov.br\/curriculo\/wp-content\/uploads\/2024\/04\/Saber-e-saberes-2o-TRI-2a-serie.pdf\" target=\"_blank\" rel=\"noopener\">2\u00ba TRIMESTRE 2\u00ba S\u00c9RIE<\/a><\/li><li><a href=\"https:\/\/curriculo.sedu.es.gov.br\/curriculo\/wp-content\/uploads\/2024\/04\/Saber-e-saberes-3o-TRI-2a-serie.pdf\" target=\"_blank\" rel=\"noopener\">3\u00ba TRIMESTRE 2\u00ba S\u00c9RIE<\/a><\/li><\/ul><hr \/><p><span style=\"color: #000080;\"><strong>EDUCA\u00c7\u00c3O E SOCIEDADE: ESCOLA EM DEBATE<\/strong><\/span><\/p><ul><li><a href=\"https:\/\/curriculo.sedu.es.gov.br\/curriculo\/wp-content\/uploads\/2024\/04\/Educacao-e-sociedade-escola-em-debate-1o-TRI-2a-serie.pdf\" target=\"_blank\" rel=\"noopener\">1\u00ba TRIMESTRE 2\u00ba S\u00c9RIE<\/a><\/li><li><a href=\"https:\/\/curriculo.sedu.es.gov.br\/curriculo\/wp-content\/uploads\/2024\/04\/Educacao-e-sociedade-escola-em-debate-2o-TRI-2a-serie.pdf\" target=\"_blank\" rel=\"noopener\">2\u00ba TRIMESTRE 2\u00ba S\u00c9RIE<\/a><\/li><li><a href=\"https:\/\/curriculo.sedu.es.gov.br\/curriculo\/wp-content\/uploads\/2024\/04\/Educacao-e-sociedade-escola-em-debate-3o-TRI-2a-serie.pdf\" target=\"_blank\" rel=\"noopener\">3\u00ba TRIMESTRE 2\u00ba S\u00c9RIE<\/a><\/li><\/ul><hr \/><p><span style=\"color: #000080;\"><strong>VIV\u00caNCIA PEDAG\u00d3GICA<\/strong><\/span><\/p><ul><li><a href=\"https:\/\/curriculo.sedu.es.gov.br\/curriculo\/wp-content\/uploads\/2024\/04\/Vivencia-pedagogicas-1o-TRI-3a-serie.pdf\" target=\"_blank\" rel=\"noopener\">1\u00ba TRIMESTRE 3\u00ba S\u00c9RIE<\/a><\/li><li><a href=\"https:\/\/curriculo.sedu.es.gov.br\/curriculo\/wp-content\/uploads\/2024\/04\/Vivencia-pedagogica-2o-TRI-3a-serie.pdf\" target=\"_blank\" rel=\"noopener\">2\u00ba TRIMESTRE 3\u00ba S\u00c9RIE<\/a><\/li><li><a href=\"https:\/\/curriculo.sedu.es.gov.br\/curriculo\/wp-content\/uploads\/2024\/04\/Vivencia-pedagogica-3o-TRI-3a-serie.pdf\" target=\"_blank\" rel=\"noopener\">3\u00ba TRIMESTRE 3\u00ba S\u00c9RIE<\/a><\/li><\/ul><hr \/><p><span style=\"color: #000080;\"><strong>EDUCA\u00c7\u00c3O CONECTADA<\/strong><\/span><\/p><ul><li><a href=\"https:\/\/curriculo.sedu.es.gov.br\/curriculo\/wp-content\/uploads\/2024\/04\/Educacao-Conectada-1o-TRI-3a-serie.pdf\" target=\"_blank\" rel=\"noopener\">1\u00ba TRIMESTRE 3\u00ba S\u00c9RIE<\/a><\/li><li><a href=\"https:\/\/curriculo.sedu.es.gov.br\/curriculo\/wp-content\/uploads\/2024\/04\/Educacao-Conectada-2o-TRI-3a-serie.pdf\" target=\"_blank\" rel=\"noopener\">2\u00ba TRIMESTRE 3\u00ba S\u00c9RIE<\/a><\/li><li><a href=\"https:\/\/curriculo.sedu.es.gov.br\/curriculo\/wp-content\/uploads\/2024\/04\/Educacao-Conectada-3o-TRI-3a-serie.pdf\" target=\"_blank\" rel=\"noopener\">3\u00ba TRIMESTRE 3\u00ba S\u00c9RIE<\/a><\/li><\/ul><hr \/><p><span style=\"color: #000080;\"><strong>CI\u00caNCIA POR INVESTIGA\u00c7\u00c3O<\/strong><\/span><\/p><ul><li><a href=\"https:\/\/curriculo.sedu.es.gov.br\/curriculo\/wp-content\/uploads\/2024\/04\/Ciencia-por-investigacao-1o-TRI-3a-serie.pdf\" target=\"_blank\" rel=\"noopener\">1\u00ba TRIMESTRE 3\u00ba S\u00c9RIE<\/a><\/li><li><a href=\"https:\/\/curriculo.sedu.es.gov.br\/curriculo\/wp-content\/uploads\/2024\/09\/2o-trimestre-Orientacoes-curriculares-EM-CIencia-por-investigacao-CAPA-1-12.pdf\" target=\"_blank\" rel=\"noopener\">2\u00ba TRIMESTRE 3\u00ba S\u00c9RIE<\/a><\/li><li><a href=\"https:\/\/curriculo.sedu.es.gov.br\/curriculo\/wp-content\/uploads\/2024\/09\/3o-trimestre-Orientacoes-curriculares-EM-Ciencia-por-investigacaos-CAPA-1-11.pdf\" target=\"_blank\" rel=\"noopener\">3\u00ba TRIMESTRE 3\u00ba S\u00c9RIE<\/a><\/li><\/ul><hr \/><p><span style=\"color: #000080;\"><strong>HUMANIDADES 4.0<\/strong><\/span><\/p><ul><li><a href=\"https:\/\/curriculo.sedu.es.gov.br\/curriculo\/wp-content\/uploads\/2024\/04\/Humanidades-4.0-1%C2%B0-TRI-3a-serie.pdf\" target=\"_blank\" rel=\"noopener\">1\u00ba TRIMESTRE 3\u00ba S\u00c9RIE<\/a><\/li><li><a href=\"https:\/\/curriculo.sedu.es.gov.br\/curriculo\/wp-content\/uploads\/2024\/04\/Humanidades-4.0-2%C2%B0-TRI-3a-serie.pdf\" target=\"_blank\" rel=\"noopener\">2\u00ba TRIMESTRE 3\u00ba S\u00c9RIE<\/a><\/li><li><a href=\"https:\/\/curriculo.sedu.es.gov.br\/curriculo\/wp-content\/uploads\/2024\/04\/Humanidades-4.0-3%C2%B0-TRI-3a-serie.pdf\" target=\"_blank\" rel=\"noopener\">3\u00ba TRIMESTRE 3\u00ba S\u00c9RIE<\/a><\/li><\/ul><hr \/><p><span style=\"color: #000080;\"><strong>MATEM\u00c1TICA<\/strong><\/span><\/p><ul><li><a href=\"https:\/\/curriculo.sedu.es.gov.br\/curriculo\/wp-content\/uploads\/2024\/04\/Matematica-1o-TRI-3a-serie.pdf\" target=\"_blank\" rel=\"noopener\">1\u00ba TRIMESTRE 3\u00ba S\u00c9RIE<\/a><\/li><li><a href=\"https:\/\/curriculo.sedu.es.gov.br\/curriculo\/wp-content\/uploads\/2024\/04\/Asp-Doc-UC-Matematica-2o-trim-2024.pdf\" target=\"_blank\" rel=\"noopener\">2\u00ba TRIMESTRE 3\u00ba S\u00c9RIE<\/a><\/li><li><a href=\"https:\/\/curriculo.sedu.es.gov.br\/curriculo\/wp-content\/uploads\/2024\/08\/AspDocUCMatematica3serie3trim24.pdf\" target=\"_blank\" rel=\"noopener\">3\u00ba TRIMESTRE 3\u00ba S\u00c9RIE<\/a><\/li><\/ul><hr \/><p><span style=\"color: #000080;\"><strong>LINGUAGENS: INTERA\u00c7\u00d5ES COM O MUNDO<\/strong><\/span><\/p><ul><li><a href=\"https:\/\/curriculo.sedu.es.gov.br\/curriculo\/wp-content\/uploads\/2024\/04\/Linguagens-interacoes-com-o-mundo-1o-TRI-3a-serie.pdf\" target=\"_blank\" rel=\"noopener\">1\u00ba TRIMESTRE 3\u00ba S\u00c9RIE<\/a><\/li><li><a href=\"https:\/\/curriculo.sedu.es.gov.br\/curriculo\/wp-content\/uploads\/2024\/04\/Linguagens-Interacoes-com-o-mundo-2o-TRI-3a-serie-1.pdf\" target=\"_blank\" rel=\"noopener\">2\u00ba TRIMESTRE 3\u00ba S\u00c9RIE<\/a><\/li><li><a href=\"https:\/\/curriculo.sedu.es.gov.br\/curriculo\/wp-content\/uploads\/2024\/04\/Linguagens-Interacoes-com-o-mundo-3o-TRI-3a-serie.pdf\" target=\"_blank\" rel=\"noopener\">3\u00ba TRIMESTRE 3\u00ba S\u00c9RIE<\/a><\/li><\/ul>\t\t\t\t\t\t\t\t<\/div>\n\t\t\t\t<\/div>\n\t\t\t\t\t<\/details>\n\t\t\t\t\t\t<details id=\"e-n-accordion-item-1037\" class=\"e-n-accordion-item\" >\n\t\t\t\t<summary class=\"e-n-accordion-item-title\" data-accordion-index=\"8\" tabindex=\"-1\" aria-expanded=\"false\" aria-controls=\"e-n-accordion-item-1037\" >\n\t\t\t\t\t<span class='e-n-accordion-item-title-header'><div class=\"e-n-accordion-item-title-text\"> M\u00cdDIAS DIGITAIS, LINGUAGENS EM A\u00c7\u00c3O <\/div><\/span>\n\t\t\t\t\t\t\t<span class='e-n-accordion-item-title-icon'>\n\t\t\t<span class='e-opened' ><svg aria-hidden=\"true\" class=\"e-font-icon-svg e-fas-arrow-circle-down\" viewBox=\"0 0 512 512\" xmlns=\"http:\/\/www.w3.org\/2000\/svg\"><path d=\"M504 256c0 137-111 248-248 248S8 393 8 256 119 8 256 8s248 111 248 248zm-143.6-28.9L288 302.6V120c0-13.3-10.7-24-24-24h-16c-13.3 0-24 10.7-24 24v182.6l-72.4-75.5c-9.3-9.7-24.8-9.9-34.3-.4l-10.9 11c-9.4 9.4-9.4 24.6 0 33.9L239 404.3c9.4 9.4 24.6 9.4 33.9 0l132.7-132.7c9.4-9.4 9.4-24.6 0-33.9l-10.9-11c-9.5-9.5-25-9.3-34.3.4z\"><\/path><\/svg><\/span>\n\t\t\t<span class='e-closed'><svg aria-hidden=\"true\" class=\"e-font-icon-svg e-fas-arrow-circle-down\" viewBox=\"0 0 512 512\" xmlns=\"http:\/\/www.w3.org\/2000\/svg\"><path d=\"M504 256c0 137-111 248-248 248S8 393 8 256 119 8 256 8s248 111 248 248zm-143.6-28.9L288 302.6V120c0-13.3-10.7-24-24-24h-16c-13.3 0-24 10.7-24 24v182.6l-72.4-75.5c-9.3-9.7-24.8-9.9-34.3-.4l-10.9 11c-9.4 9.4-9.4 24.6 0 33.9L239 404.3c9.4 9.4 24.6 9.4 33.9 0l132.7-132.7c9.4-9.4 9.4-24.6 0-33.9l-10.9-11c-9.5-9.5-25-9.3-34.3.4z\"><\/path><\/svg><\/span>\n\t\t<\/span>\n\n\t\t\t\t\t\t<\/summary>\n\t\t\t\t<div role=\"region region\" aria-labelledby=\"e-n-accordion-item-1380 e-n-accordion-item-1037\" class=\"elementor-element elementor-element-26145f86 e-con-full e-flex e-con e-child\" data-id=\"26145f86\" data-element_type=\"container\" data-e-type=\"container\">\n\t\t\t\t<div class=\"elementor-element elementor-element-63da38a8 elementor-widget elementor-widget-text-editor\" data-id=\"63da38a8\" data-element_type=\"widget\" data-e-type=\"widget\" data-widget_type=\"text-editor.default\">\n\t\t\t\t\t\t\t\t\t<p><span style=\"color: #000080;\"><strong>A L\u00cdNGUA ESPANHOLA NA AM\u00c9RICA LATINA<\/strong><\/span><\/p><ul><li><a href=\"https:\/\/curriculo.sedu.es.gov.br\/curriculo\/wp-content\/uploads\/2024\/04\/A-Lingua-Espanhola-na-America-Latina-1o-TRI-3a-serie-1.pdf\" target=\"_blank\" rel=\"noopener\">1\u00ba TRIMESTRE 3\u00ba S\u00c9RIE<\/a><\/li><li><a href=\"https:\/\/curriculo.sedu.es.gov.br\/curriculo\/wp-content\/uploads\/2024\/04\/A-Lingua-Espanhola-na-America-Latina-2o-TRI-3a-serie.pdf\" target=\"_blank\" rel=\"noopener\">2\u00ba TRIMESTRE 3\u00ba S\u00c9RIE<\/a><\/li><li><a href=\"https:\/\/curriculo.sedu.es.gov.br\/curriculo\/wp-content\/uploads\/2024\/04\/A-Lingua-espanhola-na-America-Latina-3o-TRI-3a-serie.pdf\" target=\"_blank\" rel=\"noopener\">3\u00ba TRIMESTRE 3\u00ba S\u00c9RIE<\/a><\/li><\/ul><hr \/><p><span style=\"color: #000080;\"><strong>ARTE E PATRIM\u00d4NIO CULTURAL<\/strong><\/span><\/p><ul><li><a href=\"https:\/\/curriculo.sedu.es.gov.br\/curriculo\/wp-content\/uploads\/2024\/04\/Arte-e-Patrimonio-Cultural-1o-TRI-2a-serie.pdf\" target=\"_blank\" rel=\"noopener\">1\u00ba TRIMESTRE 2\u00ba S\u00c9RIE<\/a><\/li><li><a href=\"https:\/\/curriculo.sedu.es.gov.br\/curriculo\/wp-content\/uploads\/2024\/04\/Arte-e-Patrimonio-Cultural-2o-TRI-2a-serie_compressed.pdf\" target=\"_blank\" rel=\"noopener\">2\u00ba TRIMESTRE 2\u00ba S\u00c9RIE<\/a><\/li><li><a href=\"https:\/\/curriculo.sedu.es.gov.br\/curriculo\/wp-content\/uploads\/2024\/04\/Arte-e-Patrimonio-3o-TRI-2a-serie.pdf\" target=\"_blank\" rel=\"noopener\">3\u00ba TRIMESTRE 2\u00ba S\u00c9RIE<\/a><\/li><\/ul><ul><li><a href=\"https:\/\/curriculo.sedu.es.gov.br\/curriculo\/wp-content\/uploads\/2024\/04\/Arte-e-Patrimonio-Cultural-1o-TRI-3a-serie.pdf\" target=\"_blank\" rel=\"noopener\">1\u00ba TRIMESTRE 3\u00ba S\u00c9RIE<\/a><\/li><li><a href=\"https:\/\/curriculo.sedu.es.gov.br\/curriculo\/wp-content\/uploads\/2024\/04\/Arte-e-Patrimonio-Cultural-2o-TRI-3a-serie_compressed.pdf\" target=\"_blank\" rel=\"noopener\">2\u00ba TRIMESTRE 3\u00ba S\u00c9RIE<\/a><\/li><li><a href=\"https:\/\/curriculo.sedu.es.gov.br\/curriculo\/wp-content\/uploads\/2024\/04\/Arte-e-Patrimonio-3o-TRI-3a-serie.pdf\" target=\"_blank\" rel=\"noopener\">3\u00ba TRIMESTRE 3\u00ba S\u00c9RIE<\/a><\/li><\/ul><hr \/><p><span style=\"color: #000080;\"><strong>HISPANIDADES E BRASILIDADES<\/strong><\/span><\/p><ul><li><a href=\"https:\/\/curriculo.sedu.es.gov.br\/curriculo\/wp-content\/uploads\/2024\/04\/Hispanidades-e-Brasilidades-1o-TRI-2a-serie.pdf\" target=\"_blank\" rel=\"noopener\">1\u00ba TRIMESTRE 2\u00ba S\u00c9RIE<\/a><\/li><li><a href=\"https:\/\/curriculo.sedu.es.gov.br\/curriculo\/wp-content\/uploads\/2024\/04\/Hispanidades-e-Brasilidades-2o-TRI-2a-serie_compressed.pdf\" target=\"_blank\" rel=\"noopener\">2\u00ba TRIMESTRE 2\u00ba S\u00c9RIE<\/a><\/li><li><a href=\"https:\/\/curriculo.sedu.es.gov.br\/curriculo\/wp-content\/uploads\/2024\/04\/Hispanidades-e-Brasilidades-3o-TRI-2a-serie.pdf\" target=\"_blank\" rel=\"noopener\">3\u00ba TRIMESTRE 2\u00ba S\u00c9RIE<\/a><\/li><\/ul><hr \/><p><span style=\"color: #000080;\"><strong>INGL\u00caS COMO L\u00cdNGUA FRANCA NA CULTURA DIGITAL<\/strong><\/span><\/p><ul><li><a href=\"https:\/\/curriculo.sedu.es.gov.br\/curriculo\/wp-content\/uploads\/2024\/04\/Ingles-como-Lingua-Franca-na-Cultura-Digital-1o-TRI-2a-serie.pdf\" target=\"_blank\" rel=\"noopener\">1\u00ba TRIMESTRE 2\u00ba S\u00c9RIE<\/a><\/li><li><a href=\"https:\/\/curriculo.sedu.es.gov.br\/curriculo\/wp-content\/uploads\/2024\/04\/Ingles-como-Lingua-Franca-na-Cultura-Digital-2o-TRI-2a-serie.pdf\" target=\"_blank\" rel=\"noopener\">2\u00ba TRIMESTRE 2\u00ba S\u00c9RIE<\/a><\/li><li><a href=\"https:\/\/curriculo.sedu.es.gov.br\/curriculo\/wp-content\/uploads\/2024\/04\/Ingles-como-Lingua-Franca-na-Cultura-3o-TRI-2a-serie.pdf\" target=\"_blank\" rel=\"noopener\">3\u00ba TRIMESTRE 2\u00ba S\u00c9RIE<\/a><\/li><\/ul><hr \/><p><span style=\"color: #000080;\"><strong>L\u00cdNGUA INGLESA E AS M\u00cdDIAS DIGITAIS<\/strong><\/span><\/p><ul><li><a href=\"https:\/\/curriculo.sedu.es.gov.br\/curriculo\/wp-content\/uploads\/2024\/04\/Lingua-Inglesa-e-as-midias-digitais-1o-TRI-3a-serie.pdf\" target=\"_blank\" rel=\"noopener\">1\u00ba TRIMESTRE 3\u00ba S\u00c9RIE<\/a><\/li><li><a href=\"https:\/\/curriculo.sedu.es.gov.br\/curriculo\/wp-content\/uploads\/2024\/04\/Lingua-Inglesa-e-as-midias-digitais-2o-TRI-3a-serie.pdf\" target=\"_blank\" rel=\"noopener\">2\u00ba TRIMESTRE 3\u00ba S\u00c9RIE<\/a><\/li><li><a href=\"https:\/\/curriculo.sedu.es.gov.br\/curriculo\/wp-content\/uploads\/2024\/04\/Lingua-Inglesa-e-as-Midias-Digitais-3o-TRI-3a-serie.pdf\" target=\"_blank\" rel=\"noopener\">3\u00ba TRIMESTRE 3\u00ba S\u00c9RIE<\/a><\/li><\/ul><hr \/><p><span style=\"color: #000080;\"><strong>L\u00cdNGUA PORTUGUESA E LINGUAGENS DIGITAIS<\/strong><\/span><\/p><ul><li><a href=\"https:\/\/curriculo.sedu.es.gov.br\/curriculo\/wp-content\/uploads\/2024\/04\/Lingua-Portuguesa-e-linguagens-digitais-1o-TRI-2a-serie.pdf\" target=\"_blank\" rel=\"noopener\">1\u00ba TRIMESTRE 2\u00ba S\u00c9RIE<\/a><\/li><li><a href=\"https:\/\/curriculo.sedu.es.gov.br\/curriculo\/wp-content\/uploads\/2024\/04\/Lingua-Portuguesa-e-linguagens-digitais-2o-TRI-2a-serie_compressed.pdf\" target=\"_blank\" rel=\"noopener\">2\u00ba TRIMESTRE 2\u00ba S\u00c9RIE<\/a><\/li><li><a href=\"https:\/\/curriculo.sedu.es.gov.br\/curriculo\/wp-content\/uploads\/2024\/04\/Lingua-Portuguesa-e-linguagens-digitais-3o-TRI-2a-serie.pdf\" target=\"_blank\" rel=\"noopener\">3\u00ba TRIMESTRE 2\u00ba S\u00c9RIE<\/a><\/li><\/ul><hr \/><p><span style=\"color: #000080;\"><strong>LINGUAGEM, COMUNICA\u00c7\u00c3O E M\u00cdDIA<\/strong><\/span><\/p><ul><li><a href=\"https:\/\/curriculo.sedu.es.gov.br\/curriculo\/wp-content\/uploads\/2024\/04\/Linguagem-comunicacao-e-midia-1o-TRI-3a-serie.pdf\" target=\"_blank\" rel=\"noopener\">1\u00ba TRIMESTRE 3\u00ba S\u00c9RIE<\/a><\/li><li><a href=\"https:\/\/curriculo.sedu.es.gov.br\/curriculo\/wp-content\/uploads\/2024\/04\/Linguagem-comunicacao-e-midia-2o-TRI-3a-serie_compressed.pdf\" target=\"_blank\" rel=\"noopener\">2\u00ba TRIMESTRE 3\u00ba S\u00c9RIE<\/a><\/li><li><a href=\"https:\/\/curriculo.sedu.es.gov.br\/curriculo\/wp-content\/uploads\/2024\/04\/Linguagem-comunicacao-e-midia-3o-TRI-3a-serie.pdf\" target=\"_blank\" rel=\"noopener\">3\u00ba TRIMESTRE 3\u00ba S\u00c9RIE<\/a><\/li><\/ul><hr \/><p><span style=\"color: #000080;\"><strong>M\u00cdDIAS DIGITAIS E PR\u00c1TICAS CORPORAIS<\/strong><\/span><\/p><ul><li><a href=\"https:\/\/curriculo.sedu.es.gov.br\/curriculo\/wp-content\/uploads\/2024\/04\/Midias-Digitais-e-as-Praticas-Corporais-1o-TRI-2a-serie.pdf\" target=\"_blank\" rel=\"noopener\">1\u00ba TRIMESTRE 2\u00ba S\u00c9RIE<\/a><\/li><li><a href=\"https:\/\/curriculo.sedu.es.gov.br\/curriculo\/wp-content\/uploads\/2024\/04\/Midias-Digitais-e-as-Praticas-Corporais-2o-TRI-2a-serie_compressed.pdf\" target=\"_blank\" rel=\"noopener\">2\u00ba TRIMESTRE 2\u00ba S\u00c9RIE<\/a><\/li><li><a href=\"https:\/\/curriculo.sedu.es.gov.br\/curriculo\/wp-content\/uploads\/2024\/04\/Midias-Digitais-e-praticas-corporais-3o-TRI-2a-serie.pdf\" target=\"_blank\" rel=\"noopener\">3\u00ba TRIMESTRE 2\u00ba S\u00c9RIE<\/a><\/li><\/ul><ul><li><a href=\"https:\/\/curriculo.sedu.es.gov.br\/curriculo\/wp-content\/uploads\/2024\/04\/Midias-Digitais-e-as-Praticas-Corporais-1o-TRI-3a-serie.pdf\" target=\"_blank\" rel=\"noopener\">1\u00ba TRIMESTRE 3\u00ba S\u00c9RIE<\/a><\/li><li><a href=\"https:\/\/curriculo.sedu.es.gov.br\/curriculo\/wp-content\/uploads\/2024\/04\/Midias-Digitais-e-as-Praticas-Corporais-2o-TRI-3a-serie_compressed.pdf\" target=\"_blank\" rel=\"noopener\">2\u00ba TRIMESTRE 3\u00ba S\u00c9RIE<\/a><\/li><li><a href=\"https:\/\/curriculo.sedu.es.gov.br\/curriculo\/wp-content\/uploads\/2024\/04\/Midias-Digitais-e-praticas-corporais-3o-TRI-3a-serie.pdf\" target=\"_blank\" rel=\"noopener\">3\u00ba TRIMESTRE 3\u00ba S\u00c9RIE<\/a><\/li><\/ul>\t\t\t\t\t\t\t\t<\/div>\n\t\t\t\t<\/div>\n\t\t\t\t\t<\/details>\n\t\t\t\t\t\t<details id=\"e-n-accordion-item-1038\" class=\"e-n-accordion-item\" >\n\t\t\t\t<summary class=\"e-n-accordion-item-title\" data-accordion-index=\"9\" tabindex=\"-1\" aria-expanded=\"false\" aria-controls=\"e-n-accordion-item-1038\" >\n\t\t\t\t\t<span class='e-n-accordion-item-title-header'><div class=\"e-n-accordion-item-title-text\"> O ESPORTE, A CI\u00caNCIA E SUAS LINGUAGENS <\/div><\/span>\n\t\t\t\t\t\t\t<span class='e-n-accordion-item-title-icon'>\n\t\t\t<span class='e-opened' ><svg aria-hidden=\"true\" class=\"e-font-icon-svg e-fas-arrow-circle-down\" viewBox=\"0 0 512 512\" xmlns=\"http:\/\/www.w3.org\/2000\/svg\"><path d=\"M504 256c0 137-111 248-248 248S8 393 8 256 119 8 256 8s248 111 248 248zm-143.6-28.9L288 302.6V120c0-13.3-10.7-24-24-24h-16c-13.3 0-24 10.7-24 24v182.6l-72.4-75.5c-9.3-9.7-24.8-9.9-34.3-.4l-10.9 11c-9.4 9.4-9.4 24.6 0 33.9L239 404.3c9.4 9.4 24.6 9.4 33.9 0l132.7-132.7c9.4-9.4 9.4-24.6 0-33.9l-10.9-11c-9.5-9.5-25-9.3-34.3.4z\"><\/path><\/svg><\/span>\n\t\t\t<span class='e-closed'><svg aria-hidden=\"true\" class=\"e-font-icon-svg e-fas-arrow-circle-down\" viewBox=\"0 0 512 512\" xmlns=\"http:\/\/www.w3.org\/2000\/svg\"><path d=\"M504 256c0 137-111 248-248 248S8 393 8 256 119 8 256 8s248 111 248 248zm-143.6-28.9L288 302.6V120c0-13.3-10.7-24-24-24h-16c-13.3 0-24 10.7-24 24v182.6l-72.4-75.5c-9.3-9.7-24.8-9.9-34.3-.4l-10.9 11c-9.4 9.4-9.4 24.6 0 33.9L239 404.3c9.4 9.4 24.6 9.4 33.9 0l132.7-132.7c9.4-9.4 9.4-24.6 0-33.9l-10.9-11c-9.5-9.5-25-9.3-34.3.4z\"><\/path><\/svg><\/span>\n\t\t<\/span>\n\n\t\t\t\t\t\t<\/summary>\n\t\t\t\t<div role=\"region region\" aria-labelledby=\"e-n-accordion-item-1380 e-n-accordion-item-1038\" class=\"elementor-element elementor-element-1e25f8a0 e-con-full e-flex e-con e-child\" data-id=\"1e25f8a0\" data-element_type=\"container\" data-e-type=\"container\">\n\t\t\t\t<div class=\"elementor-element elementor-element-64e7a6dc elementor-widget elementor-widget-text-editor\" data-id=\"64e7a6dc\" data-element_type=\"widget\" data-e-type=\"widget\" data-widget_type=\"text-editor.default\">\n\t\t\t\t\t\t\t\t\t<p><span style=\"color: #000080;\"><strong>DA MEC\u00c2NICA A BIOMEC\u00c2NICA<\/strong><\/span><\/p><ul><li><a href=\"https:\/\/curriculo.sedu.es.gov.br\/curriculo\/wp-content\/uploads\/2024\/04\/Da-mecanica-a-Biomecanica-1o-TRI-3a-serie.pdf\" target=\"_blank\" rel=\"noopener\">1\u00ba TRIMESTRE 3\u00ba S\u00c9RIE<\/a><\/li><li><a href=\"https:\/\/curriculo.sedu.es.gov.br\/curriculo\/wp-content\/uploads\/2024\/04\/Da-mecanica-a-Biomecanica-2o-TRI-3a-serie.pdf\" target=\"_blank\" rel=\"noopener\">2\u00ba TRIMESTRE 3\u00ba S\u00c9RIE<\/a><\/li><li><a href=\"https:\/\/curriculo.sedu.es.gov.br\/curriculo\/wp-content\/uploads\/2024\/04\/Da-mecanica-a-biomecanica-3oTRI-3a-serie.pdf\" target=\"_blank\" rel=\"noopener\">3\u00ba TRIMESTRE 3\u00ba S\u00c9RIE<\/a><\/li><\/ul><hr \/><p><span style=\"color: #000080;\"><strong>ENHANCE MUCH USO DE INGL\u00caS COMO FERRAMENTA DE INTEGRA\u00c7\u00c3O<\/strong><\/span><\/p><ul><li><a href=\"https:\/\/curriculo.sedu.es.gov.br\/curriculo\/wp-content\/uploads\/2024\/04\/Enhance-Much-Uso-do-Ingles-1o-TRI-2a-serie.pdf\" target=\"_blank\" rel=\"noopener\">1\u00ba TRIMESTRE 2\u00ba S\u00c9RIE<\/a><\/li><li><a href=\"https:\/\/curriculo.sedu.es.gov.br\/curriculo\/wp-content\/uploads\/2024\/04\/Enhance-Much-Uso-do-Ingles-como-ferramenta-2o-TRI-2a-serie.pdf\" target=\"_blank\" rel=\"noopener\">2\u00ba TRIMESTRE 2\u00ba S\u00c9RIE<\/a><\/li><li><a href=\"https:\/\/curriculo.sedu.es.gov.br\/curriculo\/wp-content\/uploads\/2024\/04\/Enhance-Much-Uso-do-Ingles-como-ferramenta-3o-TRI-2a-serie.pdf\" target=\"_blank\" rel=\"noopener\">3\u00ba TRIMESTRE 2\u00ba S\u00c9RIE<\/a><\/li><\/ul><ul><li><a href=\"https:\/\/curriculo.sedu.es.gov.br\/curriculo\/wp-content\/uploads\/2024\/04\/Enhance-Much-Uso-do-Ingles-1o-TRI-3aserie.pdf\" target=\"_blank\" rel=\"noopener\">1\u00ba TRIMESTRE 3\u00ba S\u00c9RIE<\/a><\/li><li><a href=\"https:\/\/curriculo.sedu.es.gov.br\/curriculo\/wp-content\/uploads\/2024\/04\/Enhance-Much-Uso-do-Ingles-como-ferramenta-2o-TRI-3a-serie.pdf\" target=\"_blank\" rel=\"noopener\">2\u00ba TRIMESTRE 3\u00ba S\u00c9RIE<\/a><\/li><li><a href=\"https:\/\/curriculo.sedu.es.gov.br\/curriculo\/wp-content\/uploads\/2024\/04\/Enhance-Much-Uso-do-Ingles-como-ferramenta-3o-TRI-3a-serie.pdf\" target=\"_blank\" rel=\"noopener\">3\u00ba TRIMESTRE 3\u00ba S\u00c9RIE<\/a><\/li><\/ul><hr \/><p><span style=\"color: #000080;\"><strong>MORFOLOGIA HUMANA\u00a0 &amp; ATIVIDADES F\u00cdSICAS<\/strong><\/span><\/p><ul><li><a href=\"https:\/\/curriculo.sedu.es.gov.br\/curriculo\/wp-content\/uploads\/2024\/04\/Morfologia-Humana-Atividades-Fisicas-1o-TRI-2o-serie.pdf\" target=\"_blank\" rel=\"noopener\">1\u00ba TRIMESTRE 2\u00ba S\u00c9RIE<\/a><\/li><li><a href=\"https:\/\/curriculo.sedu.es.gov.br\/curriculo\/wp-content\/uploads\/2024\/04\/Morfologia-Humana-Atividades-Fisicas-2o-TRI-2o-serie.pdf\" target=\"_blank\" rel=\"noopener\">2\u00ba TRIMESTRE 2\u00ba S\u00c9RIE<\/a><\/li><li><a href=\"https:\/\/curriculo.sedu.es.gov.br\/curriculo\/wp-content\/uploads\/2024\/04\/Morfologia-humana-3o-TRI-2a-serie.pdf\" target=\"_blank\" rel=\"noopener\">3\u00ba TRIMESTRE 2\u00ba S\u00c9RIE<\/a><\/li><\/ul><ul><li><a href=\"https:\/\/curriculo.sedu.es.gov.br\/curriculo\/wp-content\/uploads\/2024\/04\/Morfologia-Humana-Atividades-Fisicas-1o-TRI-3o-serie.pdf\" target=\"_blank\" rel=\"noopener\">1\u00ba TRIMESTRE 3\u00ba S\u00c9RIE<\/a><\/li><li><a href=\"https:\/\/curriculo.sedu.es.gov.br\/curriculo\/wp-content\/uploads\/2024\/04\/Morfologia-Humana-Atividades-Fisicas-2o-TRI-3o-serie.pdf\" target=\"_blank\" rel=\"noopener\">2\u00ba TRIMESTRE 3\u00ba S\u00c9RIE<\/a><\/li><li><a href=\"https:\/\/curriculo.sedu.es.gov.br\/curriculo\/wp-content\/uploads\/2024\/04\/Morfologia-humana-3o-TRI-3a-serie.pdf\" target=\"_blank\" rel=\"noopener\">3\u00ba TRIMESTRE 3\u00ba S\u00c9RIE<\/a><\/li><\/ul><hr \/><p><span style=\"color: #000080;\"><strong>QU\u00cdMICA &amp; ESPORTE<\/strong><\/span><\/p><ul><li><a href=\"https:\/\/curriculo.sedu.es.gov.br\/curriculo\/wp-content\/uploads\/2024\/04\/Quimica-Esporte-1o-TRI-2a-serie.pdf\" target=\"_blank\" rel=\"noopener\">1\u00ba TRIMESTRE 2\u00ba S\u00c9RIE<\/a><\/li><li><a href=\"https:\/\/curriculo.sedu.es.gov.br\/curriculo\/wp-content\/uploads\/2024\/04\/Quimica-Esporte-2o-TRI-2a-serie.pdf\" target=\"_blank\" rel=\"noopener\">2\u00ba TRIMESTRE 2\u00ba S\u00c9RIE<\/a><\/li><li><a href=\"https:\/\/curriculo.sedu.es.gov.br\/curriculo\/wp-content\/uploads\/2024\/04\/Quimica-e-esporte-3o-TRI-2a-serie.pdf\" target=\"_blank\" rel=\"noopener\">3\u00ba TRIMESTRE 2\u00ba S\u00c9RIE<\/a><\/li><\/ul><ul><li><a href=\"https:\/\/curriculo.sedu.es.gov.br\/curriculo\/wp-content\/uploads\/2024\/04\/Quimica-Esporte-1o-TRI-3a-serie.pdf\" target=\"_blank\" rel=\"noopener\">1\u00ba TRIMESTRE 3\u00ba S\u00c9RIE<\/a><\/li><li><a href=\"https:\/\/curriculo.sedu.es.gov.br\/curriculo\/wp-content\/uploads\/2024\/04\/Quimica-Esporte-2o-TRI-3a-serie.pdf\" target=\"_blank\" rel=\"noopener\">2\u00ba TRIMESTRE 3\u00ba S\u00c9RIE<\/a><\/li><li><a href=\"https:\/\/curriculo.sedu.es.gov.br\/curriculo\/wp-content\/uploads\/2024\/04\/Quimica-e-esporte-3o-TRI-3a-serie.pdf\" target=\"_blank\" rel=\"noopener\">3\u00ba TRIMESTRE 3\u00ba S\u00c9RIE<\/a><\/li><\/ul><hr \/><p><span style=\"color: #000080;\"><strong>ROMPENDO OS LIMITES DO ESPORTE<\/strong><\/span><\/p><ul><li><a href=\"https:\/\/curriculo.sedu.es.gov.br\/curriculo\/wp-content\/uploads\/2024\/04\/Rompendo-os-Limites-do-Esporte-1o-TRI-2a-serie.pdf\" target=\"_blank\" rel=\"noopener\">1\u00ba TRIMESTRE 2\u00ba S\u00c9RIE<\/a><\/li><li><a href=\"https:\/\/curriculo.sedu.es.gov.br\/curriculo\/wp-content\/uploads\/2024\/04\/Rompendo-os-Limites-do-Esporte-2o-TRI-2a-serie.pdf\" target=\"_blank\" rel=\"noopener\">2\u00ba TRIMESTRE 2\u00ba S\u00c9RIE<\/a><\/li><li><a href=\"https:\/\/curriculo.sedu.es.gov.br\/curriculo\/wp-content\/uploads\/2024\/09\/APROFUNDAMENTO-2024-Esporte-a-Ciencia-e-suas-Linguagens-2a-Serie-3o-Trimestre-09-09-2024.pdf\" target=\"_blank\" rel=\"noopener\">3\u00ba TRIMESTRE 2\u00ba S\u00c9RIE<\/a><\/li><\/ul><ul><li><a href=\"https:\/\/curriculo.sedu.es.gov.br\/curriculo\/wp-content\/uploads\/2024\/04\/Rompendo-os-Limites-do-Esporte-1o-TRI-3a-serie.pdf\" target=\"_blank\" rel=\"noopener\">1\u00ba TRIMESTRE 3\u00ba S\u00c9RIE<\/a><\/li><li><a href=\"https:\/\/curriculo.sedu.es.gov.br\/curriculo\/wp-content\/uploads\/2024\/09\/APROFUNDAMENTO-2024-Esporte-a-Ciencia-e-suas-Linguagens-2o-Trimestre-3a-serie-09-04-2024.pdf\" target=\"_blank\" rel=\"noopener\">2\u00ba TRIMESTRE 3\u00ba S\u00c9RIE<\/a><\/li><li><a href=\"https:\/\/curriculo.sedu.es.gov.br\/curriculo\/wp-content\/uploads\/2024\/09\/APROFUNDAMENTO-2024-Esporte-a-Ciencia-e-suas-Linguagens-3a-Serie-3o-Trimestre-09-09-2024.pdf\" target=\"_blank\" rel=\"noopener\">3\u00ba TRIMESTRE 3\u00ba S\u00c9RIE<\/a><\/li><\/ul>\t\t\t\t\t\t\t\t<\/div>\n\t\t\t\t<\/div>\n\t\t\t\t\t<\/details>\n\t\t\t\t\t<\/div>\n\t\t\t\t\t\t<\/div>\n\t\t\t\t\t<\/div>\n\t\t\t\t<\/div>\n\t\t\t\t<\/div>\n\t\t\t\t\t<\/details>\n\t\t\t\t\t<\/div>\n\t\t\t\t\t\t<\/div>\n\t\t\t\t<\/div>\n\t\t\t\t<\/div>\n\t\t\t\t<\/div>\n\t\t<div class=\"elementor-element elementor-element-43d91436 e-con-full e-grid e-con e-child\" data-id=\"43d91436\" data-element_type=\"container\" data-e-type=\"container\">\n\t\t\t\t<div class=\"elementor-element elementor-element-22a71571 elementor-widget elementor-widget-spacer\" data-id=\"22a71571\" data-element_type=\"widget\" data-e-type=\"widget\" data-widget_type=\"spacer.default\">\n\t\t\t\t\t\t\t<div class=\"elementor-spacer\">\n\t\t\t<div class=\"elementor-spacer-inner\"><\/div>\n\t\t<\/div>\n\t\t\t\t\t\t<\/div>\n\t\t\t\t<\/div>\n\t\t<div class=\"elementor-element elementor-element-5377e8ff e-con-full e-grid e-con e-child\" data-id=\"5377e8ff\" data-element_type=\"container\" data-e-type=\"container\">\n\t\t\t\t<div class=\"elementor-element elementor-element-4bf582b1 elementor-widget elementor-widget-spacer\" data-id=\"4bf582b1\" data-element_type=\"widget\" data-e-type=\"widget\" data-widget_type=\"spacer.default\">\n\t\t\t\t\t\t\t<div class=\"elementor-spacer\">\n\t\t\t<div class=\"elementor-spacer-inner\"><\/div>\n\t\t<\/div>\n\t\t\t\t\t\t<\/div>\n\t\t\t\t<\/div>\n\t\t<div class=\"elementor-element elementor-element-3121b08f e-con-full e-grid e-con e-child\" data-id=\"3121b08f\" data-element_type=\"container\" data-e-type=\"container\">\n\t\t\t\t<div class=\"elementor-element elementor-element-5198c6bd elementor-view-stacked elementor-shape-circle elementor-widget elementor-widget-icon\" data-id=\"5198c6bd\" data-element_type=\"widget\" data-e-type=\"widget\" data-widget_type=\"icon.default\">\n\t\t\t\t\t\t\t<div class=\"elementor-icon-wrapper\">\n\t\t\t<a class=\"elementor-icon\" href=\"https:\/\/curriculo.sedu.es.gov.br\/curriculo\">\n\t\t\t<svg aria-hidden=\"true\" class=\"e-font-icon-svg e-fas-undo\" viewBox=\"0 0 512 512\" xmlns=\"http:\/\/www.w3.org\/2000\/svg\"><path d=\"M212.333 224.333H12c-6.627 0-12-5.373-12-12V12C0 5.373 5.373 0 12 0h48c6.627 0 12 5.373 12 12v78.112C117.773 39.279 184.26 7.47 258.175 8.007c136.906.994 246.448 111.623 246.157 248.532C504.041 393.258 393.12 504 256.333 504c-64.089 0-122.496-24.313-166.51-64.215-5.099-4.622-5.334-12.554-.467-17.42l33.967-33.967c4.474-4.474 11.662-4.717 16.401-.525C170.76 415.336 211.58 432 256.333 432c97.268 0 176-78.716 176-176 0-97.267-78.716-176-176-176-58.496 0-110.28 28.476-142.274 72.333h98.274c6.627 0 12 5.373 12 12v48c0 6.627-5.373 12-12 12z\"><\/path><\/svg>\t\t\t<\/a>\n\t\t<\/div>\n\t\t\t\t\t\t<\/div>\n\t\t\t\t<\/div>\n\t\t<div class=\"elementor-element elementor-element-f3f79fd e-con-full e-flex e-con e-child\" data-id=\"f3f79fd\" data-element_type=\"container\" data-e-type=\"container\">\n\t\t\t\t<\/div>\n\t\t\t\t\t<\/div>\n\t\t\t\t<\/div>\n\t\t<div class=\"elementor-element elementor-element-4d672f8c e-flex e-con-boxed e-con e-parent\" data-id=\"4d672f8c\" data-element_type=\"container\" data-e-type=\"container\">\n\t\t\t\t\t<div class=\"e-con-inner\">\n\t\t\t\t<div class=\"elementor-element elementor-element-452e104f elementor-widget elementor-widget-html\" data-id=\"452e104f\" data-element_type=\"widget\" data-e-type=\"widget\" data-widget_type=\"html.default\">\n\t\t\t\t\t<body> <!-- Inicio do corpo da p\u00e1gina -->\r\n\r\n  ... <!-- Conte\u00fado da p\u00e1gina -->\r\n\r\n  <div vw class=\"enabled\">\r\n    <div vw-access-button class=\"active\"><\/div>\r\n    <div vw-plugin-wrapper>\r\n      <div class=\"vw-plugin-top-wrapper\"><\/div>\r\n    <\/div>\r\n  <\/div>\r\n  <script src=\"https:\/\/vlibras.gov.br\/app\/vlibras-plugin.js\"><\/script>\r\n  <script>\r\n    new window.VLibras.Widget('https:\/\/vlibras.gov.br\/app');\r\n  <\/script>\r\n<\/body> <!-- Fim do corpo da p\u00e1gina -->\t\t\t\t<\/div>\n\t\t\t\t\t<\/div>\n\t\t\t\t<\/div>\n\t\t\t\t<\/div>\n\t\t","protected":false},"excerpt":{"rendered":"<p>Caro(a) Professor(a)!A Ger\u00eancia de Curr\u00edculo da Educa\u00e7\u00e3o B\u00e1sica (GECEB), da Secretaria de Estado da Educa\u00e7\u00e3o do Esp\u00edrito Santo (SEDU), convida voc\u00eas a conhecerem as Orienta\u00e7\u00f5es Curriculares, elaboradas por Etapas de Ensino e Componentes Curriculares a partir do Curr\u00edculo do nosso estado. Orienta\u00e7\u00f5es Curriculares 2024 ENSINO FUNDAMENTAL ANOS INICIAIS ARTE 1\u00ba TRIMESTRE\u00a0 2\u00ba TRIMESTRE\u00a0 3\u00ba TRIMESTRE [&hellip;]<\/p>\n","protected":false},"author":1,"featured_media":0,"parent":0,"menu_order":0,"comment_status":"open","ping_status":"closed","template":"elementor_header_footer","meta":{"footnotes":""},"class_list":["post-27542","page","type-page","status-publish","hentry"],"_links":{"self":[{"href":"https:\/\/curriculo.sedu.es.gov.br\/curriculo\/wp-json\/wp\/v2\/pages\/27542","targetHints":{"allow":["GET"]}}],"collection":[{"href":"https:\/\/curriculo.sedu.es.gov.br\/curriculo\/wp-json\/wp\/v2\/pages"}],"about":[{"href":"https:\/\/curriculo.sedu.es.gov.br\/curriculo\/wp-json\/wp\/v2\/types\/page"}],"author":[{"embeddable":true,"href":"https:\/\/curriculo.sedu.es.gov.br\/curriculo\/wp-json\/wp\/v2\/users\/1"}],"replies":[{"embeddable":true,"href":"https:\/\/curriculo.sedu.es.gov.br\/curriculo\/wp-json\/wp\/v2\/comments?post=27542"}],"version-history":[{"count":3,"href":"https:\/\/curriculo.sedu.es.gov.br\/curriculo\/wp-json\/wp\/v2\/pages\/27542\/revisions"}],"predecessor-version":[{"id":34588,"href":"https:\/\/curriculo.sedu.es.gov.br\/curriculo\/wp-json\/wp\/v2\/pages\/27542\/revisions\/34588"}],"wp:attachment":[{"href":"https:\/\/curriculo.sedu.es.gov.br\/curriculo\/wp-json\/wp\/v2\/media?parent=27542"}],"curies":[{"name":"wp","href":"https:\/\/api.w.org\/{rel}","templated":true}]}}