{"id":9952,"date":"2022-02-08T11:29:34","date_gmt":"2022-02-08T14:29:34","guid":{"rendered":"https:\/\/curriculo.sedu.es.gov.br\/curriculo\/?page_id=9952"},"modified":"2026-02-26T16:49:48","modified_gmt":"2026-02-26T19:49:48","slug":"sucessoescolar","status":"publish","type":"page","link":"https:\/\/curriculo.sedu.es.gov.br\/curriculo\/sucessoescolar\/","title":{"rendered":"Programa Sucesso Escolar"},"content":{"rendered":"\t\t<div data-elementor-type=\"wp-page\" data-elementor-id=\"9952\" class=\"elementor elementor-9952\" data-elementor-post-type=\"page\">\n\t\t\t\t<div class=\"elementor-element elementor-element-652b260e e-flex e-con-boxed e-con e-parent\" data-id=\"652b260e\" data-element_type=\"container\" data-e-type=\"container\" data-settings=\"{&quot;background_background&quot;:&quot;classic&quot;}\">\n\t\t\t\t\t<div class=\"e-con-inner\">\n\t\t<div class=\"elementor-element elementor-element-4a3b059d e-con-full e-flex e-con e-child\" data-id=\"4a3b059d\" data-element_type=\"container\" data-e-type=\"container\">\n\t\t\t\t<div class=\"elementor-element elementor-element-100f8585 elementor-widget elementor-widget-image\" data-id=\"100f8585\" data-element_type=\"widget\" data-e-type=\"widget\" data-widget_type=\"image.default\">\n\t\t\t\t\t\t\t\t\t\t\t\t\t\t\t<img fetchpriority=\"high\" decoding=\"async\" width=\"2696\" height=\"157\" src=\"https:\/\/curriculo.sedu.es.gov.br\/curriculo\/wp-content\/uploads\/2024\/09\/PROGRAMA-SUCESSO-ESCOLAR-1.png\" class=\"attachment-full size-full wp-image-25247\" alt=\"\" srcset=\"https:\/\/curriculo.sedu.es.gov.br\/curriculo\/wp-content\/uploads\/2024\/09\/PROGRAMA-SUCESSO-ESCOLAR-1.png 2696w, https:\/\/curriculo.sedu.es.gov.br\/curriculo\/wp-content\/uploads\/2024\/09\/PROGRAMA-SUCESSO-ESCOLAR-1-300x17.png 300w, https:\/\/curriculo.sedu.es.gov.br\/curriculo\/wp-content\/uploads\/2024\/09\/PROGRAMA-SUCESSO-ESCOLAR-1-1024x60.png 1024w, https:\/\/curriculo.sedu.es.gov.br\/curriculo\/wp-content\/uploads\/2024\/09\/PROGRAMA-SUCESSO-ESCOLAR-1-768x45.png 768w, https:\/\/curriculo.sedu.es.gov.br\/curriculo\/wp-content\/uploads\/2024\/09\/PROGRAMA-SUCESSO-ESCOLAR-1-1536x89.png 1536w, https:\/\/curriculo.sedu.es.gov.br\/curriculo\/wp-content\/uploads\/2024\/09\/PROGRAMA-SUCESSO-ESCOLAR-1-2048x119.png 2048w, https:\/\/curriculo.sedu.es.gov.br\/curriculo\/wp-content\/uploads\/2024\/09\/PROGRAMA-SUCESSO-ESCOLAR-1-500x29.png 500w, https:\/\/curriculo.sedu.es.gov.br\/curriculo\/wp-content\/uploads\/2024\/09\/PROGRAMA-SUCESSO-ESCOLAR-1-800x47.png 800w, https:\/\/curriculo.sedu.es.gov.br\/curriculo\/wp-content\/uploads\/2024\/09\/PROGRAMA-SUCESSO-ESCOLAR-1-1280x75.png 1280w, https:\/\/curriculo.sedu.es.gov.br\/curriculo\/wp-content\/uploads\/2024\/09\/PROGRAMA-SUCESSO-ESCOLAR-1-1920x112.png 1920w\" sizes=\"(max-width: 2696px) 100vw, 2696px\" \/>\t\t\t\t\t\t\t\t\t\t\t\t\t\t\t<\/div>\n\t\t<div class=\"elementor-element elementor-element-69de0049 e-flex e-con-boxed e-con e-child\" data-id=\"69de0049\" data-element_type=\"container\" data-e-type=\"container\">\n\t\t\t\t\t<div class=\"e-con-inner\">\n\t\t\t\t<div class=\"elementor-element elementor-element-7dfece86 elementor-widget elementor-widget-text-editor\" data-id=\"7dfece86\" data-element_type=\"widget\" data-e-type=\"widget\" data-widget_type=\"text-editor.default\">\n\t\t\t\t\t\t\t\t\t<p class=\"has-medium-font-size\">A Secretaria da Educa\u00e7\u00e3o (Sedu) instituiu, por meio da Portaria n\u00ba 348-R\/2022, o funcionamento do Programa Sucesso Escolar, destinado aos estudantes em situa\u00e7\u00e3o de distor\u00e7\u00e3o idade-s\u00e9rie, matriculados nos 6\u00ba e 7\u00ba anos do Ensino Fundamental das unidades escolares da Rede Estadual.<\/p><p class=\"has-medium-font-size\">O Programa \u00e9 uma proposta constru\u00edda de forma coletiva, coordenada pela Ger\u00eancia de Educa\u00e7\u00e3o Infantil e Ensino Fundamental (GEIEF) da Sedu, e tem como objetivo geral assegurar aos estudantes a progress\u00e3o da aprendizagem e a continuidade dos estudos com sucesso escolar, a fim de garantir a equidade na Rede Estadual de Ensino.<\/p>\t\t\t\t\t\t\t\t<\/div>\n\t\t\t\t\t<\/div>\n\t\t\t\t<\/div>\n\t\t<div class=\"elementor-element elementor-element-694b71a8 e-con-full e-flex e-con e-child\" data-id=\"694b71a8\" data-element_type=\"container\" data-e-type=\"container\">\n\t\t<div class=\"elementor-element elementor-element-5b2ef333 e-grid e-con-boxed e-con e-child\" data-id=\"5b2ef333\" data-element_type=\"container\" data-e-type=\"container\">\n\t\t\t\t\t<div class=\"e-con-inner\">\n\t\t\t\t<div class=\"elementor-element elementor-element-7bc43e6 elementor-widget elementor-widget-n-accordion\" data-id=\"7bc43e6\" data-element_type=\"widget\" data-e-type=\"widget\" data-settings=\"{&quot;default_state&quot;:&quot;all_collapsed&quot;,&quot;max_items_expended&quot;:&quot;one&quot;,&quot;n_accordion_animation_duration&quot;:{&quot;unit&quot;:&quot;ms&quot;,&quot;size&quot;:400,&quot;sizes&quot;:[]}}\" data-widget_type=\"nested-accordion.default\">\n\t\t\t\t\t\t\t<div class=\"e-n-accordion\" aria-label=\"Accordion. Open links with Enter or Space, close with Escape, and navigate with Arrow Keys\">\n\t\t\t\t\t\t<details id=\"e-n-accordion-item-1290\" class=\"e-n-accordion-item\" >\n\t\t\t\t<summary class=\"e-n-accordion-item-title\" data-accordion-index=\"1\" tabindex=\"0\" aria-expanded=\"false\" aria-controls=\"e-n-accordion-item-1290\" >\n\t\t\t\t\t<span class='e-n-accordion-item-title-header'><div class=\"e-n-accordion-item-title-text\"> ARTE <\/div><\/span>\n\t\t\t\t\t\t\t<span class='e-n-accordion-item-title-icon'>\n\t\t\t<span class='e-opened' ><svg aria-hidden=\"true\" class=\"e-font-icon-svg e-fas-arrow-circle-down\" viewBox=\"0 0 512 512\" xmlns=\"http:\/\/www.w3.org\/2000\/svg\"><path d=\"M504 256c0 137-111 248-248 248S8 393 8 256 119 8 256 8s248 111 248 248zm-143.6-28.9L288 302.6V120c0-13.3-10.7-24-24-24h-16c-13.3 0-24 10.7-24 24v182.6l-72.4-75.5c-9.3-9.7-24.8-9.9-34.3-.4l-10.9 11c-9.4 9.4-9.4 24.6 0 33.9L239 404.3c9.4 9.4 24.6 9.4 33.9 0l132.7-132.7c9.4-9.4 9.4-24.6 0-33.9l-10.9-11c-9.5-9.5-25-9.3-34.3.4z\"><\/path><\/svg><\/span>\n\t\t\t<span class='e-closed'><svg aria-hidden=\"true\" class=\"e-font-icon-svg e-fas-arrow-circle-down\" viewBox=\"0 0 512 512\" xmlns=\"http:\/\/www.w3.org\/2000\/svg\"><path d=\"M504 256c0 137-111 248-248 248S8 393 8 256 119 8 256 8s248 111 248 248zm-143.6-28.9L288 302.6V120c0-13.3-10.7-24-24-24h-16c-13.3 0-24 10.7-24 24v182.6l-72.4-75.5c-9.3-9.7-24.8-9.9-34.3-.4l-10.9 11c-9.4 9.4-9.4 24.6 0 33.9L239 404.3c9.4 9.4 24.6 9.4 33.9 0l132.7-132.7c9.4-9.4 9.4-24.6 0-33.9l-10.9-11c-9.5-9.5-25-9.3-34.3.4z\"><\/path><\/svg><\/span>\n\t\t<\/span>\n\n\t\t\t\t\t\t<\/summary>\n\t\t\t\t<div role=\"region\" aria-labelledby=\"e-n-accordion-item-1290\" class=\"elementor-element elementor-element-17b28648 e-con-full e-flex e-con e-child\" data-id=\"17b28648\" data-element_type=\"container\" data-e-type=\"container\">\n\t\t\t\t<div class=\"elementor-element elementor-element-112f0dcf elementor-widget elementor-widget-text-editor\" data-id=\"112f0dcf\" data-element_type=\"widget\" data-e-type=\"widget\" data-widget_type=\"text-editor.default\">\n\t\t\t\t\t\t\t\t\t<h5 style=\"text-align: left;\">1\u00ba TRIMESTRE<\/h5><ul style=\"text-align: center;\"><li style=\"text-align: left;\"><a href=\"https:\/\/curriculo.sedu.es.gov.br\/curriculo\/wp-content\/uploads\/2022\/02\/ARTE-EMENTAS.pdf\" target=\"_blank\" rel=\"noopener\"><strong>Ementas<\/strong><\/a><\/li><li style=\"text-align: left;\"><a href=\"https:\/\/curriculo.sedu.es.gov.br\/curriculo\/wp-content\/uploads\/2022\/02\/ARTE-1o-Trimestre-Curriculo-Diferenciado-com-a-Pratica.pdf\" target=\"_blank\" rel=\"noopener\"><strong>Curr\u00edculo Diferenciado com Pr\u00e1ticas Pedag\u00f3gicas<\/strong><\/a><\/li><li style=\"text-align: left;\"><a href=\"https:\/\/curriculo.sedu.es.gov.br\/curriculo\/wp-content\/uploads\/2022\/02\/ARTE-1o-Trimestre-Descricao-das-Praticas-Pedagogicas-Sugeridas.pdf\" target=\"_blank\" rel=\"noopener\"><strong>Descri\u00e7\u00e3o de Pr\u00e1ticas Pedag\u00f3gicas Sugeridas<\/strong><\/a><\/li><li style=\"text-align: left;\"><a href=\"https:\/\/curriculo.sedu.es.gov.br\/curriculo\/wp-content\/uploads\/2022\/02\/ARTE-1o-Trimestre-Projeto-Sugerido.pdf\" target=\"_blank\" rel=\"noopener\"><strong>Projeto Interdisciplinar Sugerido<\/strong><\/a><\/li><\/ul><h5>\u00a0<\/h5><h5 style=\"text-align: left;\">2\u00ba TRIMESTRE<\/h5><ul><li style=\"text-align: left;\"><a href=\"https:\/\/curriculo.sedu.es.gov.br\/curriculo\/wp-content\/uploads\/2022\/02\/ARTE-EMENTAS.pdf\" target=\"_blank\" rel=\"noopener\"><strong>Ementas<\/strong><\/a><\/li><li style=\"text-align: left;\"><a href=\"https:\/\/curriculo.sedu.es.gov.br\/curriculo\/wp-content\/uploads\/2022\/05\/ARTE-2o-Trimeste-Curriculo-Diferenciado-com-a-Pratica-1.pdf\" target=\"_blank\" rel=\"noopener\"><strong>Curr\u00edculo Diferenciado com Pr\u00e1ticas Pedag\u00f3gicas<\/strong><\/a><\/li><li style=\"text-align: left;\"><a href=\"https:\/\/curriculo.sedu.es.gov.br\/curriculo\/wp-content\/uploads\/2022\/05\/ARTE-2o-Trimeste-Descricao-das-Praticas-Pedagogicas-1.pdf\" target=\"_blank\" rel=\"noopener\"><strong>Descri\u00e7\u00e3o de Pr\u00e1ticas Pedag\u00f3gicas Sugeridas<\/strong><\/a><\/li><li style=\"text-align: left;\"><a href=\"https:\/\/curriculo.sedu.es.gov.br\/curriculo\/wp-content\/uploads\/2022\/05\/ARTE-2o-Trimeste-Projeto-Sugerido-1.pdf\" target=\"_blank\" rel=\"noopener\"><strong>Projeto Interdisciplinar Sugerido<\/strong><\/a><\/li><\/ul><h5>\u00a0<\/h5><h5 style=\"text-align: left;\">3\u00ba TRIMESTRE<\/h5><ul style=\"text-align: center;\"><li style=\"text-align: left;\"><a href=\"https:\/\/curriculo.sedu.es.gov.br\/curriculo\/wp-content\/uploads\/2022\/02\/ARTE-EMENTAS.pdf\" target=\"_blank\" rel=\"noopener\"><strong>Ementas<\/strong><\/a><\/li><li style=\"text-align: left;\"><a href=\"https:\/\/curriculo.sedu.es.gov.br\/curriculo\/wp-content\/uploads\/2022\/08\/ARTE-3o-Trimeste-Curriculo-Diferenciado-com-a-Pratica.pdf\" target=\"_blank\" rel=\"noopener\"><strong>Curr\u00edculo Diferenciado com Pr\u00e1ticas Pedag\u00f3gicas<\/strong><\/a><\/li><li style=\"text-align: left;\"><a href=\"https:\/\/curriculo.sedu.es.gov.br\/curriculo\/wp-content\/uploads\/2022\/08\/ARTE-3o-Trimeste-Descricao-das-Praticas-Pedagogicas-Sugeridas.pdf\" target=\"_blank\" rel=\"noopener\"><strong>Descri\u00e7\u00e3o de Pr\u00e1ticas Pedag\u00f3gicas Sugeridas<\/strong><\/a><\/li><li style=\"text-align: left;\"><strong><a href=\"https:\/\/curriculo.sedu.es.gov.br\/curriculo\/wp-content\/uploads\/2022\/08\/ARTE-3o-Trimeste-Projeto-Sugerido.pdf\" target=\"_blank\" rel=\"noopener\">P<\/a><a href=\"https:\/\/curriculo.sedu.es.gov.br\/curriculo\/wp-content\/uploads\/2022\/08\/ARTE-3o-Trimeste-Projeto-Sugerido.pdf\" target=\"_blank\" rel=\"noopener\">rojeto Interdisciplinar Sugerido<\/a><\/strong><\/li><\/ul><div>\u00a0<\/div>\t\t\t\t\t\t\t\t<\/div>\n\t\t\t\t<\/div>\n\t\t\t\t\t<\/details>\n\t\t\t\t\t<\/div>\n\t\t\t\t\t\t<\/div>\n\t\t\t\t<div class=\"elementor-element elementor-element-46320f1f elementor-widget elementor-widget-n-accordion\" data-id=\"46320f1f\" data-element_type=\"widget\" data-e-type=\"widget\" data-settings=\"{&quot;default_state&quot;:&quot;all_collapsed&quot;,&quot;max_items_expended&quot;:&quot;one&quot;,&quot;n_accordion_animation_duration&quot;:{&quot;unit&quot;:&quot;ms&quot;,&quot;size&quot;:400,&quot;sizes&quot;:[]}}\" data-widget_type=\"nested-accordion.default\">\n\t\t\t\t\t\t\t<div class=\"e-n-accordion\" aria-label=\"Accordion. Open links with Enter or Space, close with Escape, and navigate with Arrow Keys\">\n\t\t\t\t\t\t<details id=\"e-n-accordion-item-1170\" class=\"e-n-accordion-item\" >\n\t\t\t\t<summary class=\"e-n-accordion-item-title\" data-accordion-index=\"1\" tabindex=\"0\" aria-expanded=\"false\" aria-controls=\"e-n-accordion-item-1170\" >\n\t\t\t\t\t<span class='e-n-accordion-item-title-header'><div class=\"e-n-accordion-item-title-text\"> CI\u00caNCIAS <\/div><\/span>\n\t\t\t\t\t\t\t<span class='e-n-accordion-item-title-icon'>\n\t\t\t<span class='e-opened' ><svg aria-hidden=\"true\" class=\"e-font-icon-svg e-fas-arrow-circle-down\" viewBox=\"0 0 512 512\" xmlns=\"http:\/\/www.w3.org\/2000\/svg\"><path d=\"M504 256c0 137-111 248-248 248S8 393 8 256 119 8 256 8s248 111 248 248zm-143.6-28.9L288 302.6V120c0-13.3-10.7-24-24-24h-16c-13.3 0-24 10.7-24 24v182.6l-72.4-75.5c-9.3-9.7-24.8-9.9-34.3-.4l-10.9 11c-9.4 9.4-9.4 24.6 0 33.9L239 404.3c9.4 9.4 24.6 9.4 33.9 0l132.7-132.7c9.4-9.4 9.4-24.6 0-33.9l-10.9-11c-9.5-9.5-25-9.3-34.3.4z\"><\/path><\/svg><\/span>\n\t\t\t<span class='e-closed'><svg aria-hidden=\"true\" class=\"e-font-icon-svg e-fas-arrow-circle-down\" viewBox=\"0 0 512 512\" xmlns=\"http:\/\/www.w3.org\/2000\/svg\"><path d=\"M504 256c0 137-111 248-248 248S8 393 8 256 119 8 256 8s248 111 248 248zm-143.6-28.9L288 302.6V120c0-13.3-10.7-24-24-24h-16c-13.3 0-24 10.7-24 24v182.6l-72.4-75.5c-9.3-9.7-24.8-9.9-34.3-.4l-10.9 11c-9.4 9.4-9.4 24.6 0 33.9L239 404.3c9.4 9.4 24.6 9.4 33.9 0l132.7-132.7c9.4-9.4 9.4-24.6 0-33.9l-10.9-11c-9.5-9.5-25-9.3-34.3.4z\"><\/path><\/svg><\/span>\n\t\t<\/span>\n\n\t\t\t\t\t\t<\/summary>\n\t\t\t\t<div role=\"region\" aria-labelledby=\"e-n-accordion-item-1170\" class=\"elementor-element elementor-element-471bdac0 e-con-full e-flex e-con e-child\" data-id=\"471bdac0\" data-element_type=\"container\" data-e-type=\"container\">\n\t\t\t\t<div class=\"elementor-element elementor-element-1c9e16b4 elementor-widget elementor-widget-text-editor\" data-id=\"1c9e16b4\" data-element_type=\"widget\" data-e-type=\"widget\" data-widget_type=\"text-editor.default\">\n\t\t\t\t\t\t\t\t\t<h5 style=\"text-align: left;\">1\u00ba TRIMESTRE<\/h5><ul style=\"text-align: center;\"><li style=\"text-align: left;\"><a href=\"https:\/\/curriculo.sedu.es.gov.br\/curriculo\/wp-content\/uploads\/2022\/02\/CIENCIAS-EMENTA.pdf\" target=\"_blank\" rel=\"noopener\"><strong>Ementas<\/strong><\/a><\/li><li style=\"text-align: left;\"><a href=\"https:\/\/curriculo.sedu.es.gov.br\/curriculo\/wp-content\/uploads\/2022\/02\/CIENCIAS-1o-Trimestre-Curriculo-Diferenciado-com-Praticas-Pedagogicas.pdf\" target=\"_blank\" rel=\"noopener\"><strong>Curr\u00edculo Diferenciado com Pr\u00e1ticas Pedag\u00f3gicas<\/strong><\/a><\/li><li style=\"text-align: left;\"><a href=\"https:\/\/curriculo.sedu.es.gov.br\/curriculo\/wp-content\/uploads\/2022\/02\/CIENCIAS-1o-Trimestre-Descricao-das-Praticas-Pedagogicas.pdf\" target=\"_blank\" rel=\"noopener\"><strong>Descri\u00e7\u00e3o de Pr\u00e1ticas Pedag\u00f3gicas Sugeridas<\/strong><\/a><\/li><li style=\"text-align: left;\"><a href=\"https:\/\/curriculo.sedu.es.gov.br\/curriculo\/wp-content\/uploads\/2022\/02\/CIENCIAS-1o-Trimestre-Projeto-Sugerido.pdf\" target=\"_blank\" rel=\"noopener\"><strong>Projeto Interdisciplinar Sugerido<\/strong><\/a><\/li><\/ul><h5>\u00a0<\/h5><h5 style=\"text-align: left;\">2\u00ba TRIMESTRE<\/h5><ul><li style=\"text-align: left;\"><a href=\"https:\/\/curriculo.sedu.es.gov.br\/curriculo\/wp-content\/uploads\/2022\/02\/CIENCIAS-EMENTA.pdf\" target=\"_blank\" rel=\"noopener\"><strong>Ementas<\/strong><\/a><\/li><li style=\"text-align: left;\"><a href=\"https:\/\/curriculo.sedu.es.gov.br\/curriculo\/wp-content\/uploads\/2022\/05\/Ciencias-2o-Trimestre-Curriculo-Diferenciado-com-Praticas-Pedagogicas.pdf\" target=\"_blank\" rel=\"noopener\"><strong>Curr\u00edculo Diferenciado com Pr\u00e1ticas Pedag\u00f3gicas<\/strong><\/a><\/li><li style=\"text-align: left;\"><a href=\"https:\/\/curriculo.sedu.es.gov.br\/curriculo\/wp-content\/uploads\/2022\/05\/Ciencias-2o-trimestre-Descricao-das-Praticas-Pedagogicas.pdf\" target=\"_blank\" rel=\"noopener\"><strong>Descri\u00e7\u00e3o de Pr\u00e1ticas Pedag\u00f3gicas Sugeridas<\/strong><\/a><\/li><li style=\"text-align: left;\"><a href=\"https:\/\/curriculo.sedu.es.gov.br\/curriculo\/wp-content\/uploads\/2022\/05\/Ciencias-2o-trimestre-Projeto-Sugerido.pdf\" target=\"_blank\" rel=\"noopener\"><strong>Projeto Interdisciplinar Sugerido<\/strong><\/a><\/li><\/ul><h5>\u00a0<\/h5><h5 style=\"text-align: left;\">3\u00ba TRIMESTRE<\/h5><ul style=\"text-align: center;\"><li style=\"text-align: left;\"><a href=\"https:\/\/curriculo.sedu.es.gov.br\/curriculo\/wp-content\/uploads\/2022\/02\/CIENCIAS-EMENTA.pdf\" target=\"_blank\" rel=\"noopener\"><strong>Ementas<\/strong><\/a><\/li><li style=\"text-align: left;\"><a href=\"https:\/\/curriculo.sedu.es.gov.br\/curriculo\/wp-content\/uploads\/2022\/08\/Ciencias-Curriculo-diferenciado-3o-trimestre.pdf\" target=\"_blank\" rel=\"noopener\"><strong>Curr\u00edculo Diferenciado com Pr\u00e1ticas Pedag\u00f3gicas<\/strong><\/a><\/li><li style=\"text-align: left;\"><a href=\"https:\/\/curriculo.sedu.es.gov.br\/curriculo\/wp-content\/uploads\/2022\/08\/Ciencias-3o-trimestre-Descricao-das-Praticas-Pedagogicas.pdf\" target=\"_blank\" rel=\"noopener\"><strong>Descri\u00e7\u00e3o de Pr\u00e1ticas Pedag\u00f3gicas Sugeridas<\/strong><\/a><\/li><li style=\"text-align: left;\"><a href=\"https:\/\/curriculo.sedu.es.gov.br\/curriculo\/wp-content\/uploads\/2022\/08\/Ciencias-3o-trimestre-Projeto-Sugerido.pdf\" target=\"_blank\" rel=\"noopener\"><strong>Projeto Interdisciplinar Sugerido<\/strong><\/a><\/li><\/ul><div>\u00a0<\/div>\t\t\t\t\t\t\t\t<\/div>\n\t\t\t\t<\/div>\n\t\t\t\t\t<\/details>\n\t\t\t\t\t<\/div>\n\t\t\t\t\t\t<\/div>\n\t\t\t\t<div class=\"elementor-element elementor-element-4a7c49f4 elementor-widget elementor-widget-n-accordion\" data-id=\"4a7c49f4\" data-element_type=\"widget\" data-e-type=\"widget\" data-settings=\"{&quot;default_state&quot;:&quot;all_collapsed&quot;,&quot;max_items_expended&quot;:&quot;one&quot;,&quot;n_accordion_animation_duration&quot;:{&quot;unit&quot;:&quot;ms&quot;,&quot;size&quot;:400,&quot;sizes&quot;:[]}}\" data-widget_type=\"nested-accordion.default\">\n\t\t\t\t\t\t\t<div class=\"e-n-accordion\" aria-label=\"Accordion. Open links with Enter or Space, close with Escape, and navigate with Arrow Keys\">\n\t\t\t\t\t\t<details id=\"e-n-accordion-item-1240\" class=\"e-n-accordion-item\" >\n\t\t\t\t<summary class=\"e-n-accordion-item-title\" data-accordion-index=\"1\" tabindex=\"0\" aria-expanded=\"false\" aria-controls=\"e-n-accordion-item-1240\" >\n\t\t\t\t\t<span class='e-n-accordion-item-title-header'><div class=\"e-n-accordion-item-title-text\"> EDUCA\u00c7\u00c3O F\u00cdSICA <\/div><\/span>\n\t\t\t\t\t\t\t<span class='e-n-accordion-item-title-icon'>\n\t\t\t<span class='e-opened' ><svg aria-hidden=\"true\" class=\"e-font-icon-svg e-fas-arrow-circle-down\" viewBox=\"0 0 512 512\" xmlns=\"http:\/\/www.w3.org\/2000\/svg\"><path d=\"M504 256c0 137-111 248-248 248S8 393 8 256 119 8 256 8s248 111 248 248zm-143.6-28.9L288 302.6V120c0-13.3-10.7-24-24-24h-16c-13.3 0-24 10.7-24 24v182.6l-72.4-75.5c-9.3-9.7-24.8-9.9-34.3-.4l-10.9 11c-9.4 9.4-9.4 24.6 0 33.9L239 404.3c9.4 9.4 24.6 9.4 33.9 0l132.7-132.7c9.4-9.4 9.4-24.6 0-33.9l-10.9-11c-9.5-9.5-25-9.3-34.3.4z\"><\/path><\/svg><\/span>\n\t\t\t<span class='e-closed'><svg aria-hidden=\"true\" class=\"e-font-icon-svg e-fas-arrow-circle-down\" viewBox=\"0 0 512 512\" xmlns=\"http:\/\/www.w3.org\/2000\/svg\"><path d=\"M504 256c0 137-111 248-248 248S8 393 8 256 119 8 256 8s248 111 248 248zm-143.6-28.9L288 302.6V120c0-13.3-10.7-24-24-24h-16c-13.3 0-24 10.7-24 24v182.6l-72.4-75.5c-9.3-9.7-24.8-9.9-34.3-.4l-10.9 11c-9.4 9.4-9.4 24.6 0 33.9L239 404.3c9.4 9.4 24.6 9.4 33.9 0l132.7-132.7c9.4-9.4 9.4-24.6 0-33.9l-10.9-11c-9.5-9.5-25-9.3-34.3.4z\"><\/path><\/svg><\/span>\n\t\t<\/span>\n\n\t\t\t\t\t\t<\/summary>\n\t\t\t\t<div role=\"region\" aria-labelledby=\"e-n-accordion-item-1240\" class=\"elementor-element elementor-element-e365fce e-con-full e-flex e-con e-child\" data-id=\"e365fce\" data-element_type=\"container\" data-e-type=\"container\">\n\t\t\t\t<div class=\"elementor-element elementor-element-5aed2700 elementor-widget elementor-widget-text-editor\" data-id=\"5aed2700\" data-element_type=\"widget\" data-e-type=\"widget\" data-widget_type=\"text-editor.default\">\n\t\t\t\t\t\t\t\t\t<h5 style=\"text-align: left;\">1\u00ba TRIMESTRE<\/h5><ul style=\"text-align: center;\"><li style=\"text-align: left;\"><a href=\"https:\/\/curriculo.sedu.es.gov.br\/curriculo\/wp-content\/uploads\/2022\/02\/ED.-FISICA-EMENTA.pdf\" target=\"_blank\" rel=\"noopener\"><strong>Ementas<\/strong><\/a><\/li><li style=\"text-align: left;\"><a href=\"https:\/\/curriculo.sedu.es.gov.br\/curriculo\/wp-content\/uploads\/2022\/02\/ED.-FISICA-1o-Trimestre-Curriculo-Diferenciado-com-a-Pratica.pdf\" target=\"_blank\" rel=\"noopener\"><strong>Curr\u00edculo Diferenciado com Pr\u00e1ticas Pedag\u00f3gicas<\/strong><\/a><\/li><li style=\"text-align: left;\"><a href=\"https:\/\/curriculo.sedu.es.gov.br\/curriculo\/wp-content\/uploads\/2022\/02\/ED.-FISICA-1o-Trimestre-Descricao-das-Praticas-Pedagogicas-Sugeridas.pdf\" target=\"_blank\" rel=\"noopener\"><strong>Descri\u00e7\u00e3o de Pr\u00e1ticas Pedag\u00f3gicas Sugeridas<\/strong><\/a><\/li><li style=\"text-align: left;\"><a href=\"https:\/\/curriculo.sedu.es.gov.br\/curriculo\/wp-content\/uploads\/2022\/02\/ED.-FISICA-1o-Trimestre-Projeto-Sugerido.pdf\" target=\"_blank\" rel=\"noopener\"><strong>Projeto Interdisciplinar Sugerido<\/strong><\/a><\/li><\/ul><h5>\u00a0<\/h5><h5 style=\"text-align: left;\">2\u00ba TRIMESTRE<\/h5><ul><li style=\"text-align: left;\"><a href=\"https:\/\/curriculo.sedu.es.gov.br\/curriculo\/wp-content\/uploads\/2022\/02\/ED.-FISICA-EMENTA.pdf\" target=\"_blank\" rel=\"noopener\"><strong>Ementas<\/strong><\/a><\/li><li style=\"text-align: left;\"><a href=\"https:\/\/curriculo.sedu.es.gov.br\/curriculo\/wp-content\/uploads\/2022\/05\/EDUCACAO-FISICA-2o-Trimestre-Curriculo-Diferenciado-com-a-Pratica.pdf\" target=\"_blank\" rel=\"noopener\"><strong>Curr\u00edculo Diferenciado com Pr\u00e1ticas Pedag\u00f3gicas<\/strong><\/a><\/li><li style=\"text-align: left;\"><a href=\"https:\/\/curriculo.sedu.es.gov.br\/curriculo\/wp-content\/uploads\/2022\/05\/EDUCACAO-FISICA-2o-Trimestre-Descricao-das-Praticas-Pedagogicas-Sugeridas.pdf\" target=\"_blank\" rel=\"noopener\"><strong>Descri\u00e7\u00e3o de Pr\u00e1ticas Pedag\u00f3gicas Sugeridas<\/strong><\/a><\/li><li style=\"text-align: left;\"><a href=\"https:\/\/curriculo.sedu.es.gov.br\/curriculo\/wp-content\/uploads\/2022\/05\/EDUCACAO-FISICA-2o-Trimestre-Projetos-Sugeridos.pdf\" target=\"_blank\" rel=\"noopener\"><strong>Projeto Interdisciplinar Sugerido<\/strong><\/a><\/li><\/ul><h5>\u00a0<\/h5><h5 style=\"text-align: left;\">3\u00ba TRIMESTRE<\/h5><ul style=\"text-align: center;\"><li style=\"text-align: left;\"><a href=\"https:\/\/curriculo.sedu.es.gov.br\/curriculo\/wp-content\/uploads\/2022\/02\/ED.-FISICA-EMENTA.pdf\" target=\"_blank\" rel=\"noopener\"><strong>Ementas<\/strong><\/a><\/li><li style=\"text-align: left;\"><a href=\"https:\/\/curriculo.sedu.es.gov.br\/curriculo\/wp-content\/uploads\/2023\/04\/EDUCACAO-FISICA-3o-Trimeste-Curriculo-Diferenciado-com-a-Pratica.pdf\" target=\"_blank\" rel=\"noopener\"><strong>Curr\u00edculo Diferenciado com Pr\u00e1ticas Pedag\u00f3gicas<\/strong><\/a><\/li><li style=\"text-align: left;\"><a href=\"https:\/\/curriculo.sedu.es.gov.br\/curriculo\/wp-content\/uploads\/2023\/09\/EDUCACAO-FISICA-3o-Trimeste-Descricao-das-Praticas-Pedagogicas-Sugeridas.pdf\" target=\"_blank\" rel=\"noopener\"><strong>Descri\u00e7\u00e3o de Pr\u00e1ticas Pedag\u00f3gicas Sugeridas<\/strong><\/a><\/li><li style=\"text-align: left;\"><a href=\"https:\/\/curriculo.sedu.es.gov.br\/curriculo\/wp-content\/uploads\/2023\/08\/EDUCACAO-FISICA-3o-Trimeste-Projeto-Sugerido.pdf\" target=\"_blank\" rel=\"noopener\"><strong>Projeto Interdisciplinar Sugerido<\/strong><\/a><\/li><\/ul><div>\u00a0<\/div>\t\t\t\t\t\t\t\t<\/div>\n\t\t\t\t<\/div>\n\t\t\t\t\t<\/details>\n\t\t\t\t\t<\/div>\n\t\t\t\t\t\t<\/div>\n\t\t\t\t<div class=\"elementor-element elementor-element-1dbb9c49 elementor-widget elementor-widget-n-accordion\" data-id=\"1dbb9c49\" data-element_type=\"widget\" data-e-type=\"widget\" data-settings=\"{&quot;default_state&quot;:&quot;all_collapsed&quot;,&quot;max_items_expended&quot;:&quot;one&quot;,&quot;n_accordion_animation_duration&quot;:{&quot;unit&quot;:&quot;ms&quot;,&quot;size&quot;:400,&quot;sizes&quot;:[]}}\" data-widget_type=\"nested-accordion.default\">\n\t\t\t\t\t\t\t<div class=\"e-n-accordion\" aria-label=\"Accordion. Open links with Enter or Space, close with Escape, and navigate with Arrow Keys\">\n\t\t\t\t\t\t<details id=\"e-n-accordion-item-4980\" class=\"e-n-accordion-item\" >\n\t\t\t\t<summary class=\"e-n-accordion-item-title\" data-accordion-index=\"1\" tabindex=\"0\" aria-expanded=\"false\" aria-controls=\"e-n-accordion-item-4980\" >\n\t\t\t\t\t<span class='e-n-accordion-item-title-header'><div class=\"e-n-accordion-item-title-text\"> ENSINO RELIGIOSO <\/div><\/span>\n\t\t\t\t\t\t\t<span class='e-n-accordion-item-title-icon'>\n\t\t\t<span class='e-opened' ><svg aria-hidden=\"true\" class=\"e-font-icon-svg e-fas-arrow-circle-down\" viewBox=\"0 0 512 512\" xmlns=\"http:\/\/www.w3.org\/2000\/svg\"><path d=\"M504 256c0 137-111 248-248 248S8 393 8 256 119 8 256 8s248 111 248 248zm-143.6-28.9L288 302.6V120c0-13.3-10.7-24-24-24h-16c-13.3 0-24 10.7-24 24v182.6l-72.4-75.5c-9.3-9.7-24.8-9.9-34.3-.4l-10.9 11c-9.4 9.4-9.4 24.6 0 33.9L239 404.3c9.4 9.4 24.6 9.4 33.9 0l132.7-132.7c9.4-9.4 9.4-24.6 0-33.9l-10.9-11c-9.5-9.5-25-9.3-34.3.4z\"><\/path><\/svg><\/span>\n\t\t\t<span class='e-closed'><svg aria-hidden=\"true\" class=\"e-font-icon-svg e-fas-arrow-circle-down\" viewBox=\"0 0 512 512\" xmlns=\"http:\/\/www.w3.org\/2000\/svg\"><path d=\"M504 256c0 137-111 248-248 248S8 393 8 256 119 8 256 8s248 111 248 248zm-143.6-28.9L288 302.6V120c0-13.3-10.7-24-24-24h-16c-13.3 0-24 10.7-24 24v182.6l-72.4-75.5c-9.3-9.7-24.8-9.9-34.3-.4l-10.9 11c-9.4 9.4-9.4 24.6 0 33.9L239 404.3c9.4 9.4 24.6 9.4 33.9 0l132.7-132.7c9.4-9.4 9.4-24.6 0-33.9l-10.9-11c-9.5-9.5-25-9.3-34.3.4z\"><\/path><\/svg><\/span>\n\t\t<\/span>\n\n\t\t\t\t\t\t<\/summary>\n\t\t\t\t<div role=\"region\" aria-labelledby=\"e-n-accordion-item-4980\" class=\"elementor-element elementor-element-74169a1a e-con-full e-flex e-con e-child\" data-id=\"74169a1a\" data-element_type=\"container\" data-e-type=\"container\">\n\t\t\t\t<div class=\"elementor-element elementor-element-83d2b5c elementor-widget elementor-widget-text-editor\" data-id=\"83d2b5c\" data-element_type=\"widget\" data-e-type=\"widget\" data-widget_type=\"text-editor.default\">\n\t\t\t\t\t\t\t\t\t<h5 style=\"text-align: left;\">1\u00ba TRIMESTRE<\/h5><ul style=\"text-align: center;\"><li style=\"text-align: left;\"><a href=\"https:\/\/curriculo.sedu.es.gov.br\/curriculo\/wp-content\/uploads\/2022\/02\/ENSINO-RELIGIOSO-EMENTA.pdf\" target=\"_blank\" rel=\"noopener\"><strong>Ementas<\/strong><\/a><\/li><li style=\"text-align: left;\"><a href=\"https:\/\/curriculo.sedu.es.gov.br\/curriculo\/wp-content\/uploads\/2022\/02\/ENSINO-RELIGIOSO-1o-Trimestre-Curriculo-Diferenciado-com-Pratica.pdf\" target=\"_blank\" rel=\"noopener\"><strong>Curr\u00edculo Diferenciado com Pr\u00e1ticas Pedag\u00f3gicas<\/strong><\/a><\/li><li style=\"text-align: left;\"><a href=\"https:\/\/curriculo.sedu.es.gov.br\/curriculo\/wp-content\/uploads\/2022\/02\/ENSINO-RELIGIOSO-1o-Trimestre-Descricao-de-Praticas-Pedagogicas-Sugeridas-1.pdf\" target=\"_blank\" rel=\"noopener\"><strong>Descri\u00e7\u00e3o de Pr\u00e1ticas Pedag\u00f3gicas Sugeridas<\/strong><\/a><\/li><li style=\"text-align: left;\"><a href=\"https:\/\/curriculo.sedu.es.gov.br\/curriculo\/wp-content\/uploads\/2022\/02\/Projeto-de-Ensino-Religioso-1o-Trimestre.pdf\" target=\"_blank\" rel=\"noopener\"><strong>Projeto Interdisciplinar Sugerido<\/strong><\/a><\/li><\/ul><h5>\u00a0<\/h5><h5 style=\"text-align: left;\">2\u00ba TRIMESTRE<\/h5><ul><li style=\"text-align: left;\"><a href=\"https:\/\/curriculo.sedu.es.gov.br\/curriculo\/wp-content\/uploads\/2022\/02\/ENSINO-RELIGIOSO-EMENTA.pdf\" target=\"_blank\" rel=\"noopener\"><strong>Ementas<\/strong><\/a><\/li><li style=\"text-align: left;\"><a href=\"https:\/\/curriculo.sedu.es.gov.br\/curriculo\/wp-content\/uploads\/2022\/05\/ENSINO-RELIGIOSO-2o-Trimestre-Curriculo-Diferenciado-com-a-Pratica.pdf\" target=\"_blank\" rel=\"noopener\"><strong>Curr\u00edculo Diferenciado com Pr\u00e1ticas Pedag\u00f3gicas<\/strong><\/a><\/li><li style=\"text-align: left;\"><a href=\"https:\/\/curriculo.sedu.es.gov.br\/curriculo\/wp-content\/uploads\/2022\/05\/ENSINO-RELIGIOSO-2o-TRIMESTRE-Descricao-das-Praticas-Pedagogicas-Sugeridas.pdf\" target=\"_blank\" rel=\"noopener\"><strong>Descri\u00e7\u00e3o de Pr\u00e1ticas Pedag\u00f3gicas Sugeridas<\/strong><\/a><\/li><li style=\"text-align: left;\"><a href=\"https:\/\/curriculo.sedu.es.gov.br\/curriculo\/wp-content\/uploads\/2022\/05\/ENSINO-RELIGIOSO-2o-Trimestre-Projeto-Sugerido.pdf\" target=\"_blank\" rel=\"noopener\"><strong>Projeto Interdisciplinar Sugerido<\/strong><\/a><\/li><\/ul><h5>\u00a0<\/h5><h5 style=\"text-align: left;\">3\u00ba TRIMESTRE<\/h5><ul style=\"text-align: center;\"><li style=\"text-align: left;\"><a href=\"https:\/\/curriculo.sedu.es.gov.br\/curriculo\/wp-content\/uploads\/2022\/02\/ENSINO-RELIGIOSO-EMENTA.pdf\" target=\"_blank\" rel=\"noopener\"><strong>Ementas<\/strong><\/a><\/li><li style=\"text-align: left;\"><a href=\"https:\/\/curriculo.sedu.es.gov.br\/curriculo\/wp-content\/uploads\/2022\/08\/ENSINO-RELIGIOSO-3o-Trimestre-Curriculo-Diferenciado-com-Praticas-Pedagogicas.pdf\" target=\"_blank\" rel=\"noopener\"><strong>Curr\u00edculo Diferenciado com Pr\u00e1ticas Pedag\u00f3gicas<\/strong><\/a><\/li><li style=\"text-align: left;\"><a href=\"https:\/\/curriculo.sedu.es.gov.br\/curriculo\/wp-content\/uploads\/2022\/08\/ENSINO-RELIGIOSO-3o-Trimestre-Descricao-das-Praticas-Pedagogicas-Sugeridas.pdf\" target=\"_blank\" rel=\"noopener\"><strong>Descri\u00e7\u00e3o de Pr\u00e1ticas Pedag\u00f3gicas Sugeridas<\/strong><\/a><\/li><li style=\"text-align: left;\"><a href=\"https:\/\/curriculo.sedu.es.gov.br\/curriculo\/wp-content\/uploads\/2022\/08\/ENSINO-RELIGIOSO-3o-Trimestre-Projeto-Sugerido.pdf\" target=\"_blank\" rel=\"noopener\"><strong>Projeto Interdisciplinar Sugerido<\/strong><\/a><\/li><\/ul><div>\u00a0<\/div>\t\t\t\t\t\t\t\t<\/div>\n\t\t\t\t<\/div>\n\t\t\t\t\t<\/details>\n\t\t\t\t\t<\/div>\n\t\t\t\t\t\t<\/div>\n\t\t\t\t<div class=\"elementor-element elementor-element-15dd505b elementor-widget elementor-widget-n-accordion\" data-id=\"15dd505b\" data-element_type=\"widget\" data-e-type=\"widget\" data-settings=\"{&quot;default_state&quot;:&quot;all_collapsed&quot;,&quot;max_items_expended&quot;:&quot;one&quot;,&quot;n_accordion_animation_duration&quot;:{&quot;unit&quot;:&quot;ms&quot;,&quot;size&quot;:400,&quot;sizes&quot;:[]}}\" data-widget_type=\"nested-accordion.default\">\n\t\t\t\t\t\t\t<div class=\"e-n-accordion\" aria-label=\"Accordion. Open links with Enter or Space, close with Escape, and navigate with Arrow Keys\">\n\t\t\t\t\t\t<details id=\"e-n-accordion-item-3660\" class=\"e-n-accordion-item\" >\n\t\t\t\t<summary class=\"e-n-accordion-item-title\" data-accordion-index=\"1\" tabindex=\"0\" aria-expanded=\"false\" aria-controls=\"e-n-accordion-item-3660\" >\n\t\t\t\t\t<span class='e-n-accordion-item-title-header'><div class=\"e-n-accordion-item-title-text\"> GEOGRAFIA <\/div><\/span>\n\t\t\t\t\t\t\t<span class='e-n-accordion-item-title-icon'>\n\t\t\t<span class='e-opened' ><svg aria-hidden=\"true\" class=\"e-font-icon-svg e-fas-arrow-circle-down\" viewBox=\"0 0 512 512\" xmlns=\"http:\/\/www.w3.org\/2000\/svg\"><path d=\"M504 256c0 137-111 248-248 248S8 393 8 256 119 8 256 8s248 111 248 248zm-143.6-28.9L288 302.6V120c0-13.3-10.7-24-24-24h-16c-13.3 0-24 10.7-24 24v182.6l-72.4-75.5c-9.3-9.7-24.8-9.9-34.3-.4l-10.9 11c-9.4 9.4-9.4 24.6 0 33.9L239 404.3c9.4 9.4 24.6 9.4 33.9 0l132.7-132.7c9.4-9.4 9.4-24.6 0-33.9l-10.9-11c-9.5-9.5-25-9.3-34.3.4z\"><\/path><\/svg><\/span>\n\t\t\t<span class='e-closed'><svg aria-hidden=\"true\" class=\"e-font-icon-svg e-fas-arrow-circle-down\" viewBox=\"0 0 512 512\" xmlns=\"http:\/\/www.w3.org\/2000\/svg\"><path d=\"M504 256c0 137-111 248-248 248S8 393 8 256 119 8 256 8s248 111 248 248zm-143.6-28.9L288 302.6V120c0-13.3-10.7-24-24-24h-16c-13.3 0-24 10.7-24 24v182.6l-72.4-75.5c-9.3-9.7-24.8-9.9-34.3-.4l-10.9 11c-9.4 9.4-9.4 24.6 0 33.9L239 404.3c9.4 9.4 24.6 9.4 33.9 0l132.7-132.7c9.4-9.4 9.4-24.6 0-33.9l-10.9-11c-9.5-9.5-25-9.3-34.3.4z\"><\/path><\/svg><\/span>\n\t\t<\/span>\n\n\t\t\t\t\t\t<\/summary>\n\t\t\t\t<div role=\"region\" aria-labelledby=\"e-n-accordion-item-3660\" class=\"elementor-element elementor-element-370b783 e-con-full e-flex e-con e-child\" data-id=\"370b783\" data-element_type=\"container\" data-e-type=\"container\">\n\t\t\t\t<div class=\"elementor-element elementor-element-78642094 elementor-widget elementor-widget-text-editor\" data-id=\"78642094\" data-element_type=\"widget\" data-e-type=\"widget\" data-widget_type=\"text-editor.default\">\n\t\t\t\t\t\t\t\t\t<h5 style=\"text-align: left;\">1\u00ba TRIMESTRE<\/h5><ul style=\"text-align: center;\"><li style=\"text-align: left;\"><a href=\"https:\/\/curriculo.sedu.es.gov.br\/curriculo\/wp-content\/uploads\/2022\/02\/GEOGRAFIA-EMENTAS.pdf\" target=\"_blank\" rel=\"noopener\"><strong>Ementas<\/strong><\/a><\/li><li style=\"text-align: left;\"><a href=\"https:\/\/curriculo.sedu.es.gov.br\/curriculo\/wp-content\/uploads\/2022\/02\/GEOGRAFIA-1o-Trimestre-Curriculo-Diferenciado-com-Praticas-Pedagogicas.pdf\" target=\"_blank\" rel=\"noopener\"><strong>Curr\u00edculo Diferenciado com Pr\u00e1ticas Pedag\u00f3gicas<\/strong><\/a><\/li><li style=\"text-align: left;\"><a href=\"https:\/\/curriculo.sedu.es.gov.br\/curriculo\/wp-content\/uploads\/2022\/02\/GEOGRAFIA-1o-Trimestre-Descricao-das-Praticas-Pedagogicas-Sugeridas.pdf\" target=\"_blank\" rel=\"noopener\"><strong>Descri\u00e7\u00e3o de Pr\u00e1ticas Pedag\u00f3gicas Sugeridas<\/strong><\/a><\/li><li style=\"text-align: left;\"><a href=\"https:\/\/curriculo.sedu.es.gov.br\/curriculo\/wp-content\/uploads\/2022\/02\/GEOGRAFIA-1o-Trimestre-Projeto-Sugerido.pdf\" target=\"_blank\" rel=\"noopener\"><strong>Projeto Interdisciplinar Sugerido<\/strong><\/a><\/li><\/ul><h5>\u00a0<\/h5><h5 style=\"text-align: left;\">2\u00ba TRIMESTRE<\/h5><ul><li style=\"text-align: left;\"><a href=\"https:\/\/curriculo.sedu.es.gov.br\/curriculo\/wp-content\/uploads\/2022\/02\/GEOGRAFIA-EMENTAS.pdf\" target=\"_blank\" rel=\"noopener\"><strong>Ementas<\/strong><\/a><\/li><li style=\"text-align: left;\"><a href=\"https:\/\/curriculo.sedu.es.gov.br\/curriculo\/wp-content\/uploads\/2022\/05\/GEOGRAFIA-2o-Trimestre-Curriculo-Diferenciado-com-Praticas-Pedagogicas.pdf\" target=\"_blank\" rel=\"noopener\"><strong>Curr\u00edculo Diferenciado com Pr\u00e1ticas Pedag\u00f3gicas<\/strong><\/a><\/li><li style=\"text-align: left;\"><a href=\"https:\/\/curriculo.sedu.es.gov.br\/curriculo\/wp-content\/uploads\/2022\/05\/GEOGRAFIA-2o-Trimestre-Descricao-das-Praticas-Pedagogicas-Sugeridas.pdf\" target=\"_blank\" rel=\"noopener\"><strong>Descri\u00e7\u00e3o de Pr\u00e1ticas Pedag\u00f3gicas Sugeridas<\/strong><\/a><\/li><li style=\"text-align: left;\"><a href=\"https:\/\/curriculo.sedu.es.gov.br\/curriculo\/wp-content\/uploads\/2022\/05\/GEOGRAFIA-2o-Trimestre-Projeto-Sugerido.pdf\" target=\"_blank\" rel=\"noopener\"><strong>Projeto Interdisciplinar Sugerido<\/strong><\/a><\/li><\/ul><h5>\u00a0<\/h5><h5 style=\"text-align: left;\">3\u00ba TRIMESTRE<\/h5><ul style=\"text-align: center;\"><li style=\"text-align: left;\"><a href=\"https:\/\/curriculo.sedu.es.gov.br\/curriculo\/wp-content\/uploads\/2022\/02\/GEOGRAFIA-EMENTAS.pdf\" target=\"_blank\" rel=\"noopener\"><strong>Ementas<\/strong><\/a><\/li><li style=\"text-align: left;\"><a href=\"https:\/\/curriculo.sedu.es.gov.br\/curriculo\/wp-content\/uploads\/2022\/08\/GEOGRAFIA-3o-Trimestre-Curriculo-Diferenciado-com-as-Praticas-Pedagogicas.pdf\" target=\"_blank\" rel=\"noopener\"><strong>Curr\u00edculo Diferenciado com Pr\u00e1ticas Pedag\u00f3gicas<\/strong><\/a><\/li><li style=\"text-align: left;\"><a href=\"https:\/\/curriculo.sedu.es.gov.br\/curriculo\/wp-content\/uploads\/2022\/08\/GEOGRAFIA-3o-Trimestre-Curriculo-Diferenciado-com-as-Praticas-Pedagogicas.pdf\" target=\"_blank\" rel=\"noopener\"><strong>Descri\u00e7\u00e3o de Pr\u00e1ticas Pedag\u00f3gicas Sugeridas<\/strong><\/a><\/li><li style=\"text-align: left;\"><a href=\"https:\/\/curriculo.sedu.es.gov.br\/curriculo\/wp-content\/uploads\/2022\/08\/GEOGRAFIA-3o-Trimestre-Projeto-Sugerido.pdf\" target=\"_blank\" rel=\"noopener\"><strong>Projeto Interdisciplinar Sugerido<\/strong><\/a><\/li><\/ul><div>\u00a0<\/div>\t\t\t\t\t\t\t\t<\/div>\n\t\t\t\t<\/div>\n\t\t\t\t\t<\/details>\n\t\t\t\t\t<\/div>\n\t\t\t\t\t\t<\/div>\n\t\t\t\t<div class=\"elementor-element elementor-element-1947297f elementor-widget elementor-widget-n-accordion\" data-id=\"1947297f\" data-element_type=\"widget\" data-e-type=\"widget\" data-settings=\"{&quot;default_state&quot;:&quot;all_collapsed&quot;,&quot;max_items_expended&quot;:&quot;one&quot;,&quot;n_accordion_animation_duration&quot;:{&quot;unit&quot;:&quot;ms&quot;,&quot;size&quot;:400,&quot;sizes&quot;:[]}}\" data-widget_type=\"nested-accordion.default\">\n\t\t\t\t\t\t\t<div class=\"e-n-accordion\" aria-label=\"Accordion. Open links with Enter or Space, close with Escape, and navigate with Arrow Keys\">\n\t\t\t\t\t\t<details id=\"e-n-accordion-item-4240\" class=\"e-n-accordion-item\" >\n\t\t\t\t<summary class=\"e-n-accordion-item-title\" data-accordion-index=\"1\" tabindex=\"0\" aria-expanded=\"false\" aria-controls=\"e-n-accordion-item-4240\" >\n\t\t\t\t\t<span class='e-n-accordion-item-title-header'><div class=\"e-n-accordion-item-title-text\"> HIST\u00d3RIA <\/div><\/span>\n\t\t\t\t\t\t\t<span class='e-n-accordion-item-title-icon'>\n\t\t\t<span class='e-opened' ><svg aria-hidden=\"true\" class=\"e-font-icon-svg e-fas-arrow-circle-down\" viewBox=\"0 0 512 512\" xmlns=\"http:\/\/www.w3.org\/2000\/svg\"><path d=\"M504 256c0 137-111 248-248 248S8 393 8 256 119 8 256 8s248 111 248 248zm-143.6-28.9L288 302.6V120c0-13.3-10.7-24-24-24h-16c-13.3 0-24 10.7-24 24v182.6l-72.4-75.5c-9.3-9.7-24.8-9.9-34.3-.4l-10.9 11c-9.4 9.4-9.4 24.6 0 33.9L239 404.3c9.4 9.4 24.6 9.4 33.9 0l132.7-132.7c9.4-9.4 9.4-24.6 0-33.9l-10.9-11c-9.5-9.5-25-9.3-34.3.4z\"><\/path><\/svg><\/span>\n\t\t\t<span class='e-closed'><svg aria-hidden=\"true\" class=\"e-font-icon-svg e-fas-arrow-circle-down\" viewBox=\"0 0 512 512\" xmlns=\"http:\/\/www.w3.org\/2000\/svg\"><path d=\"M504 256c0 137-111 248-248 248S8 393 8 256 119 8 256 8s248 111 248 248zm-143.6-28.9L288 302.6V120c0-13.3-10.7-24-24-24h-16c-13.3 0-24 10.7-24 24v182.6l-72.4-75.5c-9.3-9.7-24.8-9.9-34.3-.4l-10.9 11c-9.4 9.4-9.4 24.6 0 33.9L239 404.3c9.4 9.4 24.6 9.4 33.9 0l132.7-132.7c9.4-9.4 9.4-24.6 0-33.9l-10.9-11c-9.5-9.5-25-9.3-34.3.4z\"><\/path><\/svg><\/span>\n\t\t<\/span>\n\n\t\t\t\t\t\t<\/summary>\n\t\t\t\t<div role=\"region\" aria-labelledby=\"e-n-accordion-item-4240\" class=\"elementor-element elementor-element-3468d90e e-con-full e-flex e-con e-child\" data-id=\"3468d90e\" data-element_type=\"container\" data-e-type=\"container\">\n\t\t\t\t<div class=\"elementor-element elementor-element-1fa2e900 elementor-widget elementor-widget-text-editor\" data-id=\"1fa2e900\" data-element_type=\"widget\" data-e-type=\"widget\" data-widget_type=\"text-editor.default\">\n\t\t\t\t\t\t\t\t\t<h5 style=\"text-align: left;\">1\u00ba TRIMESTRE<\/h5><ul style=\"text-align: center;\"><li style=\"text-align: left;\"><a href=\"https:\/\/curriculo.sedu.es.gov.br\/curriculo\/wp-content\/uploads\/2022\/02\/HISTORIA-EMENTAS.pdf\" target=\"_blank\" rel=\"noopener\"><strong>Ementas<\/strong><\/a><\/li><li style=\"text-align: left;\"><a href=\"https:\/\/curriculo.sedu.es.gov.br\/curriculo\/wp-content\/uploads\/2022\/02\/HISTORIA-1o-Trimestre-Curriculo-Diferenciado-com-Praticas-Pedagogicas.pdf\" target=\"_blank\" rel=\"noopener\"><strong>Curr\u00edculo Diferenciado com Pr\u00e1ticas Pedag\u00f3gicas<\/strong><\/a><\/li><li style=\"text-align: left;\"><a href=\"https:\/\/curriculo.sedu.es.gov.br\/curriculo\/wp-content\/uploads\/2022\/02\/HISTORIA-1o-Trimestre-Descricao-das-Praticas-Pedagogicas-Sugeridas.pdf\" target=\"_blank\" rel=\"noopener\"><strong>Descri\u00e7\u00e3o de Pr\u00e1ticas Pedag\u00f3gicas Sugeridas<\/strong><\/a><\/li><li style=\"text-align: left;\"><a href=\"https:\/\/curriculo.sedu.es.gov.br\/curriculo\/wp-content\/uploads\/2022\/02\/HISTORIA-1o-Trimestre-Projeto-Sugerido.pdf\" target=\"_blank\" rel=\"noopener\"><strong>Projeto Interdisciplinar Sugerido<\/strong><\/a><\/li><\/ul><h5>\u00a0<\/h5><h5 style=\"text-align: left;\">2\u00ba TRIMESTRE<\/h5><ul><li style=\"text-align: left;\"><a href=\"https:\/\/curriculo.sedu.es.gov.br\/curriculo\/wp-content\/uploads\/2022\/02\/HISTORIA-EMENTAS.pdf\" target=\"_blank\" rel=\"noopener\"><strong>Ementas<\/strong><\/a><\/li><li style=\"text-align: left;\"><a href=\"https:\/\/curriculo.sedu.es.gov.br\/curriculo\/wp-content\/uploads\/2022\/05\/HISTORIA-2o-Trimestre-Curriculo-Diferenciado-com-Praticas-Pedagogicas.pdf\" target=\"_blank\" rel=\"noopener\"><strong>Curr\u00edculo Diferenciado com Pr\u00e1ticas Pedag\u00f3gicas<\/strong><\/a><\/li><li style=\"text-align: left;\"><a href=\"https:\/\/curriculo.sedu.es.gov.br\/curriculo\/wp-content\/uploads\/2022\/05\/HISTORIA-2o-Trimestre-Descricao-das-Praticas-Pedagogicas-Sugeridas.pdf\" target=\"_blank\" rel=\"noopener\"><strong>Descri\u00e7\u00e3o de Pr\u00e1ticas Pedag\u00f3gicas Sugeridas<\/strong><\/a><\/li><li style=\"text-align: left;\"><a href=\"https:\/\/curriculo.sedu.es.gov.br\/curriculo\/wp-content\/uploads\/2022\/05\/HISTORIA-2o-Trimestre-Projeto-Sugerido.pdf\" target=\"_blank\" rel=\"noopener\"><strong>Projeto Interdisciplinar Sugerido<\/strong><\/a><\/li><\/ul><h5>\u00a0<\/h5><h5 style=\"text-align: left;\">3\u00ba TRIMESTRE<\/h5><ul style=\"text-align: center;\"><li style=\"text-align: left;\"><a href=\"https:\/\/curriculo.sedu.es.gov.br\/curriculo\/wp-content\/uploads\/2022\/02\/HISTORIA-EMENTAS.pdf\" target=\"_blank\" rel=\"noopener\"><strong>Ementas<\/strong><\/a><\/li><li style=\"text-align: left;\"><a href=\"https:\/\/curriculo.sedu.es.gov.br\/curriculo\/wp-content\/uploads\/2022\/08\/HISTORIA-3o-Trimestre-Curriculo-Diferenciado-com-as-Praticas-Pedagogicas.pdf\" target=\"_blank\" rel=\"noopener\"><strong>Curr\u00edculo Diferenciado com Pr\u00e1ticas Pedag\u00f3gicas<\/strong><\/a><\/li><li style=\"text-align: left;\"><a href=\"https:\/\/curriculo.sedu.es.gov.br\/curriculo\/wp-content\/uploads\/2022\/08\/HISTORIA-3o-Trimestre-Descricao-das-Praticas-Pedagogicas-Sugeridas.pdf\" target=\"_blank\" rel=\"noopener\"><strong>Descri\u00e7\u00e3o de Pr\u00e1ticas Pedag\u00f3gicas Sugeridas<\/strong><\/a><\/li><li style=\"text-align: left;\"><a href=\"https:\/\/curriculo.sedu.es.gov.br\/curriculo\/wp-content\/uploads\/2022\/08\/HISTORIA-3o-Trimestre-Projeto-Sugerido.pdf\" target=\"_blank\" rel=\"noopener\"><strong>Projeto Interdisciplinar Sugerido<\/strong><\/a><\/li><\/ul><div>\u00a0<\/div>\t\t\t\t\t\t\t\t<\/div>\n\t\t\t\t<\/div>\n\t\t\t\t\t<\/details>\n\t\t\t\t\t<\/div>\n\t\t\t\t\t\t<\/div>\n\t\t\t\t<div class=\"elementor-element elementor-element-2a3530f3 elementor-widget elementor-widget-n-accordion\" data-id=\"2a3530f3\" data-element_type=\"widget\" data-e-type=\"widget\" data-settings=\"{&quot;default_state&quot;:&quot;all_collapsed&quot;,&quot;max_items_expended&quot;:&quot;one&quot;,&quot;n_accordion_animation_duration&quot;:{&quot;unit&quot;:&quot;ms&quot;,&quot;size&quot;:400,&quot;sizes&quot;:[]}}\" data-widget_type=\"nested-accordion.default\">\n\t\t\t\t\t\t\t<div class=\"e-n-accordion\" aria-label=\"Accordion. Open links with Enter or Space, close with Escape, and navigate with Arrow Keys\">\n\t\t\t\t\t\t<details id=\"e-n-accordion-item-7080\" class=\"e-n-accordion-item\" >\n\t\t\t\t<summary class=\"e-n-accordion-item-title\" data-accordion-index=\"1\" tabindex=\"0\" aria-expanded=\"false\" aria-controls=\"e-n-accordion-item-7080\" >\n\t\t\t\t\t<span class='e-n-accordion-item-title-header'><div class=\"e-n-accordion-item-title-text\"> L\u00cdNGUA INGLESA <\/div><\/span>\n\t\t\t\t\t\t\t<span class='e-n-accordion-item-title-icon'>\n\t\t\t<span class='e-opened' ><svg aria-hidden=\"true\" class=\"e-font-icon-svg e-fas-arrow-circle-down\" viewBox=\"0 0 512 512\" xmlns=\"http:\/\/www.w3.org\/2000\/svg\"><path d=\"M504 256c0 137-111 248-248 248S8 393 8 256 119 8 256 8s248 111 248 248zm-143.6-28.9L288 302.6V120c0-13.3-10.7-24-24-24h-16c-13.3 0-24 10.7-24 24v182.6l-72.4-75.5c-9.3-9.7-24.8-9.9-34.3-.4l-10.9 11c-9.4 9.4-9.4 24.6 0 33.9L239 404.3c9.4 9.4 24.6 9.4 33.9 0l132.7-132.7c9.4-9.4 9.4-24.6 0-33.9l-10.9-11c-9.5-9.5-25-9.3-34.3.4z\"><\/path><\/svg><\/span>\n\t\t\t<span class='e-closed'><svg aria-hidden=\"true\" class=\"e-font-icon-svg e-fas-arrow-circle-down\" viewBox=\"0 0 512 512\" xmlns=\"http:\/\/www.w3.org\/2000\/svg\"><path d=\"M504 256c0 137-111 248-248 248S8 393 8 256 119 8 256 8s248 111 248 248zm-143.6-28.9L288 302.6V120c0-13.3-10.7-24-24-24h-16c-13.3 0-24 10.7-24 24v182.6l-72.4-75.5c-9.3-9.7-24.8-9.9-34.3-.4l-10.9 11c-9.4 9.4-9.4 24.6 0 33.9L239 404.3c9.4 9.4 24.6 9.4 33.9 0l132.7-132.7c9.4-9.4 9.4-24.6 0-33.9l-10.9-11c-9.5-9.5-25-9.3-34.3.4z\"><\/path><\/svg><\/span>\n\t\t<\/span>\n\n\t\t\t\t\t\t<\/summary>\n\t\t\t\t<div role=\"region\" aria-labelledby=\"e-n-accordion-item-7080\" class=\"elementor-element elementor-element-70622fc6 e-con-full e-flex e-con e-child\" data-id=\"70622fc6\" data-element_type=\"container\" data-e-type=\"container\">\n\t\t\t\t<div class=\"elementor-element elementor-element-7b7d2b07 elementor-widget elementor-widget-text-editor\" data-id=\"7b7d2b07\" data-element_type=\"widget\" data-e-type=\"widget\" data-widget_type=\"text-editor.default\">\n\t\t\t\t\t\t\t\t\t<h5 style=\"text-align: left;\">1\u00ba TRIMESTRE<\/h5><ul style=\"text-align: center;\"><li style=\"text-align: left;\"><a href=\"https:\/\/curriculo.sedu.es.gov.br\/curriculo\/wp-content\/uploads\/2022\/02\/LINGUA-INGLESA-EMENTA.pdf\" target=\"_blank\" rel=\"noopener\"><strong>Ementas<\/strong><\/a><\/li><li style=\"text-align: left;\"><a href=\"https:\/\/curriculo.sedu.es.gov.br\/curriculo\/wp-content\/uploads\/2022\/02\/LINGUA-INGLESA-1o-Trimestre-Curriculo-Diferenciado-com-a-Pratica.pdf\" target=\"_blank\" rel=\"noopener\"><strong>Curr\u00edculo Diferenciado com Pr\u00e1ticas Pedag\u00f3gicas<\/strong><\/a><\/li><li style=\"text-align: left;\"><a href=\"https:\/\/curriculo.sedu.es.gov.br\/curriculo\/wp-content\/uploads\/2022\/02\/LINGUA-INGLESA-1o-Trimestre-Descricao-das-Praticas-Pedagogicas-Sugeridas.pdf\" target=\"_blank\" rel=\"noopener\"><strong>Descri\u00e7\u00e3o de Pr\u00e1ticas Pedag\u00f3gicas Sugeridas<\/strong><\/a><\/li><li style=\"text-align: left;\"><a href=\"https:\/\/curriculo.sedu.es.gov.br\/curriculo\/wp-content\/uploads\/2023\/02\/LINGUA-INGLESA-1o-Trimestre-Projeto-Sugerido.pdf\" target=\"_blank\" rel=\"noopener\"><strong>Projeto Interdisciplinar Sugerido<\/strong><\/a><\/li><\/ul><h5>\u00a0<\/h5><h5 style=\"text-align: left;\">2\u00ba TRIMESTRE<\/h5><ul><li style=\"text-align: left;\"><a href=\"https:\/\/curriculo.sedu.es.gov.br\/curriculo\/wp-content\/uploads\/2022\/02\/LINGUA-INGLESA-EMENTA.pdf\" target=\"_blank\" rel=\"noopener\"><strong>Ementas<\/strong><\/a><\/li><li style=\"text-align: left;\"><a href=\"https:\/\/curriculo.sedu.es.gov.br\/curriculo\/wp-content\/uploads\/2022\/05\/LINGUA-INGLESA-2o-Trimeste-Curriculo-Diferenciado-com-a-Pratica.pdf\" target=\"_blank\" rel=\"noopener\"><strong>Curr\u00edculo Diferenciado com Pr\u00e1ticas Pedag\u00f3gicas<\/strong><\/a><\/li><li style=\"text-align: left;\"><a href=\"https:\/\/curriculo.sedu.es.gov.br\/curriculo\/wp-content\/uploads\/2022\/05\/LINGUA-INGLESA-2o-Trimeste-Descricao-das-Praticas-Pedagogicas-Sugeridas.pdf\" target=\"_blank\" rel=\"noopener\"><strong>Descri\u00e7\u00e3o de Pr\u00e1ticas Pedag\u00f3gicas Sugeridas<\/strong><\/a><\/li><li style=\"text-align: left;\"><a href=\"https:\/\/curriculo.sedu.es.gov.br\/curriculo\/wp-content\/uploads\/2022\/05\/LINGUA-INGLESA-2o-Trimeste-Projeto-Sugetiro.pdf\" target=\"_blank\" rel=\"noopener\"><strong>Projeto Interdisciplinar Sugerido<\/strong><\/a><\/li><\/ul><h5>\u00a0<\/h5><h5 style=\"text-align: left;\">3\u00ba TRIMESTRE<\/h5><ul style=\"text-align: center;\"><li style=\"text-align: left;\"><a href=\"https:\/\/curriculo.sedu.es.gov.br\/curriculo\/wp-content\/uploads\/2022\/02\/LINGUA-INGLESA-EMENTA.pdf\" target=\"_blank\" rel=\"noopener\"><strong>Ementas<\/strong><\/a><\/li><li style=\"text-align: left;\"><a href=\"https:\/\/curriculo.sedu.es.gov.br\/curriculo\/wp-content\/uploads\/2022\/08\/LINGUA-INGLESA-3o-Trimeste-Curriculo-Diferenciado-com-a-Pratica.pdf\" target=\"_blank\" rel=\"noopener\"><strong>Curr\u00edculo Diferenciado com Pr\u00e1ticas Pedag\u00f3gicas<\/strong><\/a><\/li><li style=\"text-align: left;\"><a href=\"https:\/\/curriculo.sedu.es.gov.br\/curriculo\/wp-content\/uploads\/2022\/08\/LINGUA-INGLESA-3o-Trimeste-Descricao-das-Praticas-Pedagogicas-Sugeridas.pdf\" target=\"_blank\" rel=\"noopener\"><strong>Descri\u00e7\u00e3o de Pr\u00e1ticas Pedag\u00f3gicas Sugeridas<\/strong><\/a><\/li><li style=\"text-align: left;\"><a href=\"https:\/\/curriculo.sedu.es.gov.br\/curriculo\/wp-content\/uploads\/2022\/08\/LINGUA-INGLESA-3o-Trimeste-Projeto-Sugerido.pdf\" target=\"_blank\" rel=\"noopener\"><strong>Projeto Interdisciplinar Sugerido<\/strong><\/a><\/li><\/ul><div>\u00a0<\/div>\t\t\t\t\t\t\t\t<\/div>\n\t\t\t\t<\/div>\n\t\t\t\t\t<\/details>\n\t\t\t\t\t<\/div>\n\t\t\t\t\t\t<\/div>\n\t\t\t\t<div class=\"elementor-element elementor-element-3be130fb elementor-widget elementor-widget-n-accordion\" data-id=\"3be130fb\" data-element_type=\"widget\" data-e-type=\"widget\" data-settings=\"{&quot;default_state&quot;:&quot;all_collapsed&quot;,&quot;max_items_expended&quot;:&quot;one&quot;,&quot;n_accordion_animation_duration&quot;:{&quot;unit&quot;:&quot;ms&quot;,&quot;size&quot;:400,&quot;sizes&quot;:[]}}\" data-widget_type=\"nested-accordion.default\">\n\t\t\t\t\t\t\t<div class=\"e-n-accordion\" aria-label=\"Accordion. Open links with Enter or Space, close with Escape, and navigate with Arrow Keys\">\n\t\t\t\t\t\t<details id=\"e-n-accordion-item-1000\" class=\"e-n-accordion-item\" >\n\t\t\t\t<summary class=\"e-n-accordion-item-title\" data-accordion-index=\"1\" tabindex=\"0\" aria-expanded=\"false\" aria-controls=\"e-n-accordion-item-1000\" >\n\t\t\t\t\t<span class='e-n-accordion-item-title-header'><div class=\"e-n-accordion-item-title-text\"> L\u00cdNGUA PORTUGUESA <\/div><\/span>\n\t\t\t\t\t\t\t<span class='e-n-accordion-item-title-icon'>\n\t\t\t<span class='e-opened' ><svg aria-hidden=\"true\" class=\"e-font-icon-svg e-fas-arrow-circle-down\" viewBox=\"0 0 512 512\" xmlns=\"http:\/\/www.w3.org\/2000\/svg\"><path d=\"M504 256c0 137-111 248-248 248S8 393 8 256 119 8 256 8s248 111 248 248zm-143.6-28.9L288 302.6V120c0-13.3-10.7-24-24-24h-16c-13.3 0-24 10.7-24 24v182.6l-72.4-75.5c-9.3-9.7-24.8-9.9-34.3-.4l-10.9 11c-9.4 9.4-9.4 24.6 0 33.9L239 404.3c9.4 9.4 24.6 9.4 33.9 0l132.7-132.7c9.4-9.4 9.4-24.6 0-33.9l-10.9-11c-9.5-9.5-25-9.3-34.3.4z\"><\/path><\/svg><\/span>\n\t\t\t<span class='e-closed'><svg aria-hidden=\"true\" class=\"e-font-icon-svg e-fas-arrow-circle-down\" viewBox=\"0 0 512 512\" xmlns=\"http:\/\/www.w3.org\/2000\/svg\"><path d=\"M504 256c0 137-111 248-248 248S8 393 8 256 119 8 256 8s248 111 248 248zm-143.6-28.9L288 302.6V120c0-13.3-10.7-24-24-24h-16c-13.3 0-24 10.7-24 24v182.6l-72.4-75.5c-9.3-9.7-24.8-9.9-34.3-.4l-10.9 11c-9.4 9.4-9.4 24.6 0 33.9L239 404.3c9.4 9.4 24.6 9.4 33.9 0l132.7-132.7c9.4-9.4 9.4-24.6 0-33.9l-10.9-11c-9.5-9.5-25-9.3-34.3.4z\"><\/path><\/svg><\/span>\n\t\t<\/span>\n\n\t\t\t\t\t\t<\/summary>\n\t\t\t\t<div role=\"region\" aria-labelledby=\"e-n-accordion-item-1000\" class=\"elementor-element elementor-element-39179bb8 e-con-full e-flex e-con e-child\" data-id=\"39179bb8\" data-element_type=\"container\" data-e-type=\"container\">\n\t\t\t\t<div class=\"elementor-element elementor-element-5e0909ed elementor-widget elementor-widget-text-editor\" data-id=\"5e0909ed\" data-element_type=\"widget\" data-e-type=\"widget\" data-widget_type=\"text-editor.default\">\n\t\t\t\t\t\t\t\t\t<h5 style=\"text-align: left;\">1\u00ba TRIMESTRE<\/h5><ul style=\"text-align: center;\"><li style=\"text-align: left;\"><a href=\"https:\/\/curriculo.sedu.es.gov.br\/curriculo\/wp-content\/uploads\/2022\/02\/LINGUA-PORTUGUESA-EMENTAS.pdf\" target=\"_blank\" rel=\"noopener\"><strong>Ementas<\/strong><\/a><\/li><li style=\"text-align: left;\"><a href=\"https:\/\/curriculo.sedu.es.gov.br\/curriculo\/wp-content\/uploads\/2022\/02\/LINGUA-PORTUGUESA-1o-Trimestre-Curriculo-Diferenciado-com-a-Pratica.pdf\" target=\"_blank\" rel=\"noopener\"><strong>Curr\u00edculo Diferenciado com Pr\u00e1ticas Pedag\u00f3gicas<\/strong><\/a><\/li><li style=\"text-align: left;\"><a href=\"https:\/\/curriculo.sedu.es.gov.br\/curriculo\/wp-content\/uploads\/2022\/02\/LINGUA-PORTUGUESA-1o-Trimestre-Descricao-das-Praticas-Pedagogicas-Sugeridas.pdf\" target=\"_blank\" rel=\"noopener\"><strong>Descri\u00e7\u00e3o de Pr\u00e1ticas Pedag\u00f3gicas Sugeridas<\/strong><\/a><\/li><li style=\"text-align: left;\"><a href=\"https:\/\/curriculo.sedu.es.gov.br\/curriculo\/wp-content\/uploads\/2022\/02\/LINGUA-PORTUGUESA-1o-Trimestre-Projeto-Sugerido-1.pdf\" target=\"_blank\" rel=\"noopener\"><strong>Projeto Interdisciplinar Sugerido<\/strong><\/a><\/li><\/ul><h5>\u00a0<\/h5><h5 style=\"text-align: left;\">2\u00ba TRIMESTRE<\/h5><ul><li style=\"text-align: left;\"><a href=\"https:\/\/curriculo.sedu.es.gov.br\/curriculo\/wp-content\/uploads\/2022\/02\/LINGUA-PORTUGUESA-EMENTAS.pdf\" target=\"_blank\" rel=\"noopener\"><strong>Ementas<\/strong><\/a><\/li><li style=\"text-align: left;\"><a href=\"https:\/\/curriculo.sedu.es.gov.br\/curriculo\/wp-content\/uploads\/2022\/05\/LINGUA-PORTUGUESA-2o-Trimeste-Curriculo-Diferenciado-com-a-Pratica.pdf\" target=\"_blank\" rel=\"noopener\"><strong>Curr\u00edculo Diferenciado com Pr\u00e1ticas Pedag\u00f3gicas<\/strong><\/a><\/li><li style=\"text-align: left;\"><a href=\"https:\/\/curriculo.sedu.es.gov.br\/curriculo\/wp-content\/uploads\/2022\/05\/LINGUA-PORTUGUESA-2o-Trimeste-Descricao-das-Praticas-Pedagogicas-Sugeridas.pdf\" target=\"_blank\" rel=\"noopener\"><strong>Descri\u00e7\u00e3o de Pr\u00e1ticas Pedag\u00f3gicas Sugeridas<\/strong><\/a><\/li><li style=\"text-align: left;\"><a href=\"https:\/\/curriculo.sedu.es.gov.br\/curriculo\/wp-content\/uploads\/2022\/05\/LINGUA-PORTUGUESA-2o-Trimeste-Projeto-Sugerido.pdf\" target=\"_blank\" rel=\"noopener\"><strong>Projeto Interdisciplinar Sugerido<\/strong><\/a><\/li><\/ul><h5>\u00a0<\/h5><h5 style=\"text-align: left;\">3\u00ba TRIMESTRE<\/h5><ul style=\"text-align: center;\"><li style=\"text-align: left;\"><a href=\"https:\/\/curriculo.sedu.es.gov.br\/curriculo\/wp-content\/uploads\/2022\/02\/LINGUA-PORTUGUESA-EMENTAS.pdf\" target=\"_blank\" rel=\"noopener\"><strong>Ementas<\/strong><\/a><\/li><li style=\"text-align: left;\"><a href=\"https:\/\/curriculo.sedu.es.gov.br\/curriculo\/wp-content\/uploads\/2022\/08\/LINGUA-PORTUGUESA-3o-Trimeste-Curriculo-Diferenciado-com-a-Pratica.pdf\" target=\"_blank\" rel=\"noopener\"><strong>Curr\u00edculo Diferenciado com Pr\u00e1ticas Pedag\u00f3gicas<\/strong><\/a><\/li><li style=\"text-align: left;\"><a href=\"https:\/\/curriculo.sedu.es.gov.br\/curriculo\/wp-content\/uploads\/2022\/08\/LINGUA-PORTUGUESA-3o-Trimeste-Descricao-das-Praticas-Pedagogicas-Sugeridas.pdf\" target=\"_blank\" rel=\"noopener\"><strong>Descri\u00e7\u00e3o de Pr\u00e1ticas Pedag\u00f3gicas Sugeridas<\/strong><\/a><\/li><li style=\"text-align: left;\"><a href=\"https:\/\/curriculo.sedu.es.gov.br\/curriculo\/wp-content\/uploads\/2022\/08\/LINGUA-PORTUGUESA-3o-Trimeste-Projeto-Sugerido.pdf\" target=\"_blank\" rel=\"noopener\"><strong>Projeto Interdisciplinar Sugerido<\/strong><\/a><\/li><\/ul><div>\u00a0<\/div>\t\t\t\t\t\t\t\t<\/div>\n\t\t\t\t<\/div>\n\t\t\t\t\t<\/details>\n\t\t\t\t\t<\/div>\n\t\t\t\t\t\t<\/div>\n\t\t\t\t<div class=\"elementor-element elementor-element-655f0698 elementor-widget elementor-widget-n-accordion\" data-id=\"655f0698\" data-element_type=\"widget\" data-e-type=\"widget\" data-settings=\"{&quot;default_state&quot;:&quot;all_collapsed&quot;,&quot;max_items_expended&quot;:&quot;one&quot;,&quot;n_accordion_animation_duration&quot;:{&quot;unit&quot;:&quot;ms&quot;,&quot;size&quot;:400,&quot;sizes&quot;:[]}}\" data-widget_type=\"nested-accordion.default\">\n\t\t\t\t\t\t\t<div class=\"e-n-accordion\" aria-label=\"Accordion. Open links with Enter or Space, close with Escape, and navigate with Arrow Keys\">\n\t\t\t\t\t\t<details id=\"e-n-accordion-item-1700\" class=\"e-n-accordion-item\" >\n\t\t\t\t<summary class=\"e-n-accordion-item-title\" data-accordion-index=\"1\" tabindex=\"0\" aria-expanded=\"false\" aria-controls=\"e-n-accordion-item-1700\" >\n\t\t\t\t\t<span class='e-n-accordion-item-title-header'><div class=\"e-n-accordion-item-title-text\"> MATEM\u00c1TICA <\/div><\/span>\n\t\t\t\t\t\t\t<span class='e-n-accordion-item-title-icon'>\n\t\t\t<span class='e-opened' ><svg aria-hidden=\"true\" class=\"e-font-icon-svg e-fas-arrow-circle-down\" viewBox=\"0 0 512 512\" xmlns=\"http:\/\/www.w3.org\/2000\/svg\"><path d=\"M504 256c0 137-111 248-248 248S8 393 8 256 119 8 256 8s248 111 248 248zm-143.6-28.9L288 302.6V120c0-13.3-10.7-24-24-24h-16c-13.3 0-24 10.7-24 24v182.6l-72.4-75.5c-9.3-9.7-24.8-9.9-34.3-.4l-10.9 11c-9.4 9.4-9.4 24.6 0 33.9L239 404.3c9.4 9.4 24.6 9.4 33.9 0l132.7-132.7c9.4-9.4 9.4-24.6 0-33.9l-10.9-11c-9.5-9.5-25-9.3-34.3.4z\"><\/path><\/svg><\/span>\n\t\t\t<span class='e-closed'><svg aria-hidden=\"true\" class=\"e-font-icon-svg e-fas-arrow-circle-down\" viewBox=\"0 0 512 512\" xmlns=\"http:\/\/www.w3.org\/2000\/svg\"><path d=\"M504 256c0 137-111 248-248 248S8 393 8 256 119 8 256 8s248 111 248 248zm-143.6-28.9L288 302.6V120c0-13.3-10.7-24-24-24h-16c-13.3 0-24 10.7-24 24v182.6l-72.4-75.5c-9.3-9.7-24.8-9.9-34.3-.4l-10.9 11c-9.4 9.4-9.4 24.6 0 33.9L239 404.3c9.4 9.4 24.6 9.4 33.9 0l132.7-132.7c9.4-9.4 9.4-24.6 0-33.9l-10.9-11c-9.5-9.5-25-9.3-34.3.4z\"><\/path><\/svg><\/span>\n\t\t<\/span>\n\n\t\t\t\t\t\t<\/summary>\n\t\t\t\t<div role=\"region\" aria-labelledby=\"e-n-accordion-item-1700\" class=\"elementor-element elementor-element-3db29d81 e-con-full e-flex e-con e-child\" data-id=\"3db29d81\" data-element_type=\"container\" data-e-type=\"container\">\n\t\t\t\t<div class=\"elementor-element elementor-element-2ed053e6 elementor-widget elementor-widget-text-editor\" data-id=\"2ed053e6\" data-element_type=\"widget\" data-e-type=\"widget\" data-widget_type=\"text-editor.default\">\n\t\t\t\t\t\t\t\t\t<h5 style=\"text-align: left;\">1\u00ba TRIMESTRE<\/h5><ul style=\"text-align: center;\"><li style=\"text-align: left;\"><a href=\"https:\/\/curriculo.sedu.es.gov.br\/curriculo\/wp-content\/uploads\/2022\/02\/MATEMATICA-EMENTAS.pdf\" target=\"_blank\" rel=\"noopener\"><strong>Ementas<\/strong><\/a><\/li><li style=\"text-align: left;\"><a href=\"https:\/\/curriculo.sedu.es.gov.br\/curriculo\/wp-content\/uploads\/2024\/01\/MATEMATICA-1o-Trimestre-Curriculo-Diferenciado-com-a-Pratica.pdf\" target=\"_blank\" rel=\"noopener\"><strong>Curr\u00edculo Diferenciado com Pr\u00e1ticas Pedag\u00f3gicas<\/strong><\/a><\/li><li style=\"text-align: left;\"><a href=\"https:\/\/curriculo.sedu.es.gov.br\/curriculo\/wp-content\/uploads\/2024\/01\/MATEMATICA-1%C2%B0-Trimestre-Projeto-Sugerido.pdf\" target=\"_blank\" rel=\"noopener\"><strong>Descri\u00e7\u00e3o de Pr\u00e1ticas Pedag\u00f3gicas Sugeridas<\/strong><\/a><\/li><li style=\"text-align: left;\"><a href=\"https:\/\/curriculo.sedu.es.gov.br\/curriculo\/wp-content\/uploads\/2022\/02\/MATEMATICA-1%C2%B0-Trimestre-Projeto-Sugerido.pdf\" target=\"_blank\" rel=\"noopener\"><strong>Projeto Interdisciplinar Sugerido<\/strong><\/a><\/li><\/ul><h5>\u00a0<\/h5><h5 style=\"text-align: left;\">2\u00ba TRIMESTRE<\/h5><ul><li style=\"text-align: left;\"><a href=\"https:\/\/curriculo.sedu.es.gov.br\/curriculo\/wp-content\/uploads\/2022\/02\/MATEMATICA-EMENTAS.pdf\" target=\"_blank\" rel=\"noopener\"><strong>Ementas<\/strong><\/a><\/li><li style=\"text-align: left;\"><a href=\"https:\/\/curriculo.sedu.es.gov.br\/curriculo\/wp-content\/uploads\/2024\/01\/MATEMATICA-2o-Trimestre-Curriculo-Diferenciado-com-a-Pratica.pdf\" target=\"_blank\" rel=\"noopener\"><strong>Curr\u00edculo Diferenciado com Pr\u00e1ticas Pedag\u00f3gicas<\/strong><\/a><\/li><li style=\"text-align: left;\"><a href=\"https:\/\/curriculo.sedu.es.gov.br\/curriculo\/wp-content\/uploads\/2024\/01\/MATEMATICA-2o-Trimestre-Descricao-das-Praticas-Pedagogicas-Sugeridas.pdf\" target=\"_blank\" rel=\"noopener\"><strong>Descri\u00e7\u00e3o de Pr\u00e1ticas Pedag\u00f3gicas Sugeridas<\/strong><\/a><\/li><li style=\"text-align: left;\"><a href=\"https:\/\/curriculo.sedu.es.gov.br\/curriculo\/wp-content\/uploads\/2022\/05\/MATEMATICA-2o-Trimestre-Projeto-Sugerido.pdf\" target=\"_blank\" rel=\"noopener\"><strong>Projeto Interdisciplinar Sugerido<\/strong><\/a><\/li><\/ul><h5>\u00a0<\/h5><h5 style=\"text-align: left;\">3\u00ba TRIMESTRE<\/h5><ul style=\"text-align: center;\"><li style=\"text-align: left;\"><a href=\"https:\/\/curriculo.sedu.es.gov.br\/curriculo\/wp-content\/uploads\/2022\/02\/MATEMATICA-EMENTAS.pdf\" target=\"_blank\" rel=\"noopener\"><strong>Ementas<\/strong><\/a><\/li><li style=\"text-align: left;\"><a href=\"https:\/\/curriculo.sedu.es.gov.br\/curriculo\/wp-content\/uploads\/2024\/01\/MATEMATICA-3o-Trimestre-Curriculo-Diferenciado-com-a-Pratica-1.pdf\" target=\"_blank\" rel=\"noopener\"><strong>Curr\u00edculo Diferenciado com Pr\u00e1ticas Pedag\u00f3gicas<\/strong><\/a><\/li><li style=\"text-align: left;\"><a href=\"https:\/\/curriculo.sedu.es.gov.br\/curriculo\/wp-content\/uploads\/2024\/01\/MATEMATICA-3o-Trimestre-Descricao-das-Praticas-Pedagogicas-Sugeridas.pdf\" target=\"_blank\" rel=\"noopener\"><strong>Descri\u00e7\u00e3o de Pr\u00e1ticas Pedag\u00f3gicas Sugeridas<\/strong><\/a><\/li><li style=\"text-align: left;\"><a href=\"https:\/\/curriculo.sedu.es.gov.br\/curriculo\/wp-content\/uploads\/2022\/08\/MATEMATICA-3o-Trimestre-Projeto-Sugerido.pdf\" target=\"_blank\" rel=\"noopener\"><strong>Projeto Interdisciplinar Sugerido<\/strong><\/a><\/li><\/ul><div>\u00a0<\/div>\t\t\t\t\t\t\t\t<\/div>\n\t\t\t\t<\/div>\n\t\t\t\t\t<\/details>\n\t\t\t\t\t<\/div>\n\t\t\t\t\t\t<\/div>\n\t\t\t\t<div class=\"elementor-element elementor-element-332b61ba elementor-widget elementor-widget-n-accordion\" data-id=\"332b61ba\" data-element_type=\"widget\" data-e-type=\"widget\" data-settings=\"{&quot;default_state&quot;:&quot;all_collapsed&quot;,&quot;max_items_expended&quot;:&quot;one&quot;,&quot;n_accordion_animation_duration&quot;:{&quot;unit&quot;:&quot;ms&quot;,&quot;size&quot;:400,&quot;sizes&quot;:[]}}\" data-widget_type=\"nested-accordion.default\">\n\t\t\t\t\t\t\t<div class=\"e-n-accordion\" aria-label=\"Accordion. Open links with Enter or Space, close with Escape, and navigate with Arrow Keys\">\n\t\t\t\t\t\t<details id=\"e-n-accordion-item-8580\" class=\"e-n-accordion-item\" >\n\t\t\t\t<summary class=\"e-n-accordion-item-title\" data-accordion-index=\"1\" tabindex=\"0\" aria-expanded=\"false\" aria-controls=\"e-n-accordion-item-8580\" >\n\t\t\t\t\t<span class='e-n-accordion-item-title-header'><div class=\"e-n-accordion-item-title-text\"> EDUCA\u00c7\u00c3O DE TEMPO INTEGRAL <\/div><\/span>\n\t\t\t\t\t\t\t<span class='e-n-accordion-item-title-icon'>\n\t\t\t<span class='e-opened' ><svg aria-hidden=\"true\" class=\"e-font-icon-svg e-fas-arrow-circle-down\" viewBox=\"0 0 512 512\" xmlns=\"http:\/\/www.w3.org\/2000\/svg\"><path d=\"M504 256c0 137-111 248-248 248S8 393 8 256 119 8 256 8s248 111 248 248zm-143.6-28.9L288 302.6V120c0-13.3-10.7-24-24-24h-16c-13.3 0-24 10.7-24 24v182.6l-72.4-75.5c-9.3-9.7-24.8-9.9-34.3-.4l-10.9 11c-9.4 9.4-9.4 24.6 0 33.9L239 404.3c9.4 9.4 24.6 9.4 33.9 0l132.7-132.7c9.4-9.4 9.4-24.6 0-33.9l-10.9-11c-9.5-9.5-25-9.3-34.3.4z\"><\/path><\/svg><\/span>\n\t\t\t<span class='e-closed'><svg aria-hidden=\"true\" class=\"e-font-icon-svg e-fas-arrow-circle-down\" viewBox=\"0 0 512 512\" xmlns=\"http:\/\/www.w3.org\/2000\/svg\"><path d=\"M504 256c0 137-111 248-248 248S8 393 8 256 119 8 256 8s248 111 248 248zm-143.6-28.9L288 302.6V120c0-13.3-10.7-24-24-24h-16c-13.3 0-24 10.7-24 24v182.6l-72.4-75.5c-9.3-9.7-24.8-9.9-34.3-.4l-10.9 11c-9.4 9.4-9.4 24.6 0 33.9L239 404.3c9.4 9.4 24.6 9.4 33.9 0l132.7-132.7c9.4-9.4 9.4-24.6 0-33.9l-10.9-11c-9.5-9.5-25-9.3-34.3.4z\"><\/path><\/svg><\/span>\n\t\t<\/span>\n\n\t\t\t\t\t\t<\/summary>\n\t\t\t\t<div role=\"region\" aria-labelledby=\"e-n-accordion-item-8580\" class=\"elementor-element elementor-element-5a2611ea e-con-full e-flex e-con e-child\" data-id=\"5a2611ea\" data-element_type=\"container\" data-e-type=\"container\">\n\t\t\t\t<div class=\"elementor-element elementor-element-60e6c469 elementor-widget elementor-widget-text-editor\" data-id=\"60e6c469\" data-element_type=\"widget\" data-e-type=\"widget\" data-widget_type=\"text-editor.default\">\n\t\t\t\t\t\t\t\t\t<h5 style=\"text-align: left;\"><a href=\"https:\/\/curriculo.sedu.es.gov.br\/curriculo\/wp-content\/uploads\/2025\/05\/Curriculo-diferenciado-PSE.pdf\" target=\"_blank\" rel=\"noopener\">ELETIVA, ESTUDO ORIENTADO, PENSAMENTO CIENT\u00cdFICO, PROTAGONISMO<\/a><\/h5>\t\t\t\t\t\t\t\t<\/div>\n\t\t\t\t<\/div>\n\t\t\t\t\t<\/details>\n\t\t\t\t\t<\/div>\n\t\t\t\t\t\t<\/div>\n\t\t\t\t<div class=\"elementor-element elementor-element-e06afb2 elementor-widget elementor-widget-n-accordion\" data-id=\"e06afb2\" data-element_type=\"widget\" data-e-type=\"widget\" data-settings=\"{&quot;default_state&quot;:&quot;all_collapsed&quot;,&quot;max_items_expended&quot;:&quot;one&quot;,&quot;n_accordion_animation_duration&quot;:{&quot;unit&quot;:&quot;ms&quot;,&quot;size&quot;:400,&quot;sizes&quot;:[]}}\" data-widget_type=\"nested-accordion.default\">\n\t\t\t\t\t\t\t<div class=\"e-n-accordion\" aria-label=\"Accordion. Open links with Enter or Space, close with Escape, and navigate with Arrow Keys\">\n\t\t\t\t\t\t<details id=\"e-n-accordion-item-2350\" class=\"e-n-accordion-item\" >\n\t\t\t\t<summary class=\"e-n-accordion-item-title\" data-accordion-index=\"1\" tabindex=\"0\" aria-expanded=\"false\" aria-controls=\"e-n-accordion-item-2350\" >\n\t\t\t\t\t<span class='e-n-accordion-item-title-header'><div class=\"e-n-accordion-item-title-text\"> PROJETO DE VIDA <\/div><\/span>\n\t\t\t\t\t\t\t<span class='e-n-accordion-item-title-icon'>\n\t\t\t<span class='e-opened' ><svg aria-hidden=\"true\" class=\"e-font-icon-svg e-fas-arrow-circle-down\" viewBox=\"0 0 512 512\" xmlns=\"http:\/\/www.w3.org\/2000\/svg\"><path d=\"M504 256c0 137-111 248-248 248S8 393 8 256 119 8 256 8s248 111 248 248zm-143.6-28.9L288 302.6V120c0-13.3-10.7-24-24-24h-16c-13.3 0-24 10.7-24 24v182.6l-72.4-75.5c-9.3-9.7-24.8-9.9-34.3-.4l-10.9 11c-9.4 9.4-9.4 24.6 0 33.9L239 404.3c9.4 9.4 24.6 9.4 33.9 0l132.7-132.7c9.4-9.4 9.4-24.6 0-33.9l-10.9-11c-9.5-9.5-25-9.3-34.3.4z\"><\/path><\/svg><\/span>\n\t\t\t<span class='e-closed'><svg aria-hidden=\"true\" class=\"e-font-icon-svg e-fas-arrow-circle-down\" viewBox=\"0 0 512 512\" xmlns=\"http:\/\/www.w3.org\/2000\/svg\"><path d=\"M504 256c0 137-111 248-248 248S8 393 8 256 119 8 256 8s248 111 248 248zm-143.6-28.9L288 302.6V120c0-13.3-10.7-24-24-24h-16c-13.3 0-24 10.7-24 24v182.6l-72.4-75.5c-9.3-9.7-24.8-9.9-34.3-.4l-10.9 11c-9.4 9.4-9.4 24.6 0 33.9L239 404.3c9.4 9.4 24.6 9.4 33.9 0l132.7-132.7c9.4-9.4 9.4-24.6 0-33.9l-10.9-11c-9.5-9.5-25-9.3-34.3.4z\"><\/path><\/svg><\/span>\n\t\t<\/span>\n\n\t\t\t\t\t\t<\/summary>\n\t\t\t\t<div role=\"region\" aria-labelledby=\"e-n-accordion-item-2350\" class=\"elementor-element elementor-element-df1d839 e-con-full e-flex e-con e-child\" data-id=\"df1d839\" data-element_type=\"container\" data-e-type=\"container\">\n\t\t\t\t<div class=\"elementor-element elementor-element-4197acf elementor-widget elementor-widget-text-editor\" data-id=\"4197acf\" data-element_type=\"widget\" data-e-type=\"widget\" data-widget_type=\"text-editor.default\">\n\t\t\t\t\t\t\t\t\t<h5 style=\"text-align: left;\">1\u00ba TRIMESTRE<\/h5><ul style=\"text-align: center;\"><li style=\"text-align: left;\"><a href=\"https:\/\/curriculo.sedu.es.gov.br\/curriculo\/wp-content\/uploads\/2022\/02\/PROJETO-DE-VIDA-EMENTAS.pdf\" target=\"_blank\" rel=\"noopener\"><strong>Ementas<\/strong><\/a><\/li><li style=\"text-align: left;\"><a href=\"https:\/\/curriculo.sedu.es.gov.br\/curriculo\/wp-content\/uploads\/2022\/02\/PROJETO-DE-VIDA-1o-Trimestre-Curriculo-Diferenciado-com-as-Praticas-Pedagoggicas.pdf\" target=\"_blank\" rel=\"noopener\"><strong>Curr\u00edculo Diferenciado com Pr\u00e1ticas Pedag\u00f3gicas<\/strong><\/a><\/li><li style=\"text-align: left;\"><a href=\"https:\/\/curriculo.sedu.es.gov.br\/curriculo\/wp-content\/uploads\/2022\/02\/PROJETO-DE-VIDA-1o-Trimestre-Descricao-das-Praticas-Pedagogicas-Sugeridas.pdf\" target=\"_blank\" rel=\"noopener\"><strong>Descri\u00e7\u00e3o de Pr\u00e1ticas Pedag\u00f3gicas Sugeridas<\/strong><\/a><\/li><li style=\"text-align: left;\"><a href=\"https:\/\/curriculo.sedu.es.gov.br\/curriculo\/wp-content\/uploads\/2022\/02\/PROJETO-DE-VIDA-1o-Trimestre-Projeto-Sugerido.pdf\" target=\"_blank\" rel=\"noopener\"><strong>Projeto Interdisciplinar Sugerido<\/strong><\/a><\/li><\/ul><h5>\u00a0<\/h5><h5 style=\"text-align: left;\">2\u00ba TRIMESTRE<\/h5><ul><li style=\"text-align: left;\"><a href=\"https:\/\/curriculo.sedu.es.gov.br\/curriculo\/wp-content\/uploads\/2022\/02\/PROJETO-DE-VIDA-EMENTAS.pdf\" target=\"_blank\" rel=\"noopener\"><strong>Ementas<\/strong><\/a><\/li><li style=\"text-align: left;\"><a href=\"https:\/\/curriculo.sedu.es.gov.br\/curriculo\/wp-content\/uploads\/2022\/05\/PROJETO-DE-VIDA-2o-Trimestre-Curriculo-Diferenciado-com-as-Praticas-Pedagoggicas.pdf\" target=\"_blank\" rel=\"noopener\"><strong>Curr\u00edculo Diferenciado com Pr\u00e1ticas Pedag\u00f3gicas<\/strong><\/a><\/li><li style=\"text-align: left;\"><a href=\"https:\/\/curriculo.sedu.es.gov.br\/curriculo\/wp-content\/uploads\/2022\/05\/PROJETO-DE-VIDA-2o-Trimestre-Descricao-das-Praticas-Pedagoggicas.pdf\" target=\"_blank\" rel=\"noopener\"><strong>Descri\u00e7\u00e3o de Pr\u00e1ticas Pedag\u00f3gicas Sugeridas<\/strong><\/a><\/li><li style=\"text-align: left;\"><a href=\"https:\/\/curriculo.sedu.es.gov.br\/curriculo\/wp-content\/uploads\/2022\/05\/PROJETO-DE-VIDA-2o-Trimestre-Projeto-Sugerido.pdf\" target=\"_blank\" rel=\"noopener\"><strong>Projeto Interdisciplinar Sugerido<\/strong><\/a><\/li><\/ul><h5>\u00a0<\/h5><h5 style=\"text-align: left;\">3\u00ba TRIMESTRE<\/h5><ul style=\"text-align: center;\"><li style=\"text-align: left;\"><a href=\"https:\/\/curriculo.sedu.es.gov.br\/curriculo\/wp-content\/uploads\/2022\/02\/PROJETO-DE-VIDA-EMENTAS.pdf\" target=\"_blank\" rel=\"noopener\"><strong>Ementas<\/strong><\/a><\/li><li style=\"text-align: left;\"><a href=\"https:\/\/curriculo.sedu.es.gov.br\/curriculo\/wp-content\/uploads\/2022\/08\/PROJETO-DE-VIDA-3o-Trimestre-Curriculo-Diferenciado-com-as-Praticas-Pedagogicas.pdf\" target=\"_blank\" rel=\"noopener\"><strong>Curr\u00edculo Diferenciado com Pr\u00e1ticas Pedag\u00f3gicas<\/strong><\/a><\/li><li style=\"text-align: left;\"><a href=\"https:\/\/curriculo.sedu.es.gov.br\/curriculo\/wp-content\/uploads\/2022\/08\/PROJETO-DE-VIDA-3o-Trimestre-Descricao-das-Praticas-Pedagogicas-Sugeridas.pdf\" target=\"_blank\" rel=\"noopener\"><strong>Descri\u00e7\u00e3o de Pr\u00e1ticas Pedag\u00f3gicas Sugeridas<\/strong><\/a><\/li><li style=\"text-align: left;\"><a href=\"https:\/\/curriculo.sedu.es.gov.br\/curriculo\/wp-content\/uploads\/2022\/08\/PROJETO-DE-VIDA-3o-Trimestre-Projeto-Sugerido.pdf\" target=\"_blank\" rel=\"noopener\"><strong>Projeto Interdisciplinar Sugerido<\/strong><\/a><\/li><\/ul><div>\u00a0<\/div>\t\t\t\t\t\t\t\t<\/div>\n\t\t\t\t<\/div>\n\t\t\t\t\t<\/details>\n\t\t\t\t\t<\/div>\n\t\t\t\t\t\t<\/div>\n\t\t\t\t<div class=\"elementor-element elementor-element-3db31847 elementor-widget elementor-widget-n-accordion\" data-id=\"3db31847\" data-element_type=\"widget\" data-e-type=\"widget\" data-settings=\"{&quot;default_state&quot;:&quot;all_collapsed&quot;,&quot;max_items_expended&quot;:&quot;one&quot;,&quot;n_accordion_animation_duration&quot;:{&quot;unit&quot;:&quot;ms&quot;,&quot;size&quot;:400,&quot;sizes&quot;:[]}}\" data-widget_type=\"nested-accordion.default\">\n\t\t\t\t\t\t\t<div class=\"e-n-accordion\" aria-label=\"Accordion. Open links with Enter or Space, close with Escape, and navigate with Arrow Keys\">\n\t\t\t\t\t\t<details id=\"e-n-accordion-item-1030\" class=\"e-n-accordion-item\" >\n\t\t\t\t<summary class=\"e-n-accordion-item-title\" data-accordion-index=\"1\" tabindex=\"0\" aria-expanded=\"false\" aria-controls=\"e-n-accordion-item-1030\" >\n\t\t\t\t\t<span class='e-n-accordion-item-title-header'><div class=\"e-n-accordion-item-title-text\"> DOCUMENTO DO PROGRAMA SUCESSO ESCOLAR <\/div><\/span>\n\t\t\t\t\t\t\t<span class='e-n-accordion-item-title-icon'>\n\t\t\t<span class='e-opened' ><svg aria-hidden=\"true\" class=\"e-font-icon-svg e-fas-arrow-circle-down\" viewBox=\"0 0 512 512\" xmlns=\"http:\/\/www.w3.org\/2000\/svg\"><path d=\"M504 256c0 137-111 248-248 248S8 393 8 256 119 8 256 8s248 111 248 248zm-143.6-28.9L288 302.6V120c0-13.3-10.7-24-24-24h-16c-13.3 0-24 10.7-24 24v182.6l-72.4-75.5c-9.3-9.7-24.8-9.9-34.3-.4l-10.9 11c-9.4 9.4-9.4 24.6 0 33.9L239 404.3c9.4 9.4 24.6 9.4 33.9 0l132.7-132.7c9.4-9.4 9.4-24.6 0-33.9l-10.9-11c-9.5-9.5-25-9.3-34.3.4z\"><\/path><\/svg><\/span>\n\t\t\t<span class='e-closed'><svg aria-hidden=\"true\" class=\"e-font-icon-svg e-fas-arrow-circle-down\" viewBox=\"0 0 512 512\" xmlns=\"http:\/\/www.w3.org\/2000\/svg\"><path d=\"M504 256c0 137-111 248-248 248S8 393 8 256 119 8 256 8s248 111 248 248zm-143.6-28.9L288 302.6V120c0-13.3-10.7-24-24-24h-16c-13.3 0-24 10.7-24 24v182.6l-72.4-75.5c-9.3-9.7-24.8-9.9-34.3-.4l-10.9 11c-9.4 9.4-9.4 24.6 0 33.9L239 404.3c9.4 9.4 24.6 9.4 33.9 0l132.7-132.7c9.4-9.4 9.4-24.6 0-33.9l-10.9-11c-9.5-9.5-25-9.3-34.3.4z\"><\/path><\/svg><\/span>\n\t\t<\/span>\n\n\t\t\t\t\t\t<\/summary>\n\t\t\t\t<div role=\"region\" aria-labelledby=\"e-n-accordion-item-1030\" class=\"elementor-element elementor-element-3fc83080 e-con-full e-flex e-con e-child\" data-id=\"3fc83080\" data-element_type=\"container\" data-e-type=\"container\">\n\t\t\t\t<div class=\"elementor-element elementor-element-5bdb16f elementor-align-center elementor-widget elementor-widget-button\" data-id=\"5bdb16f\" data-element_type=\"widget\" data-e-type=\"widget\" data-widget_type=\"button.default\">\n\t\t\t\t\t\t\t\t\t\t<a class=\"elementor-button elementor-button-link elementor-size-sm\" href=\"https:\/\/drive.google.com\/file\/d\/1NV7A2htnsClOpVacZyjeem9JGko72uzT\/view?usp=sharing\" target=\"_blank\">\n\t\t\t\t\t\t<span class=\"elementor-button-content-wrapper\">\n\t\t\t\t\t\t\t\t\t<span class=\"elementor-button-text\">PROGRAMA SUCESSO ESCOLAR<\/span>\n\t\t\t\t\t<\/span>\n\t\t\t\t\t<\/a>\n\t\t\t\t\t\t\t\t<\/div>\n\t\t\t\t<\/div>\n\t\t\t\t\t<\/details>\n\t\t\t\t\t<\/div>\n\t\t\t\t\t\t<\/div>\n\t\t\t\t\t<\/div>\n\t\t\t\t<\/div>\n\t\t\t\t<\/div>\n\t\t\t\t<\/div>\n\t\t\t\t\t<\/div>\n\t\t\t\t<\/div>\n\t\t<div class=\"elementor-element elementor-element-9acbb31 e-flex e-con-boxed e-con e-parent\" data-id=\"9acbb31\" data-element_type=\"container\" data-e-type=\"container\">\n\t\t\t\t\t<div class=\"e-con-inner\">\n\t\t\t\t<div class=\"elementor-element elementor-element-5bcbfede elementor-view-stacked elementor-shape-circle elementor-widget elementor-widget-icon\" data-id=\"5bcbfede\" data-element_type=\"widget\" data-e-type=\"widget\" data-widget_type=\"icon.default\">\n\t\t\t\t\t\t\t<div class=\"elementor-icon-wrapper\">\n\t\t\t<a class=\"elementor-icon\" href=\"https:\/\/curriculo.sedu.es.gov.br\/curriculo\">\n\t\t\t<svg aria-hidden=\"true\" class=\"e-font-icon-svg e-fas-undo\" viewBox=\"0 0 512 512\" xmlns=\"http:\/\/www.w3.org\/2000\/svg\"><path d=\"M212.333 224.333H12c-6.627 0-12-5.373-12-12V12C0 5.373 5.373 0 12 0h48c6.627 0 12 5.373 12 12v78.112C117.773 39.279 184.26 7.47 258.175 8.007c136.906.994 246.448 111.623 246.157 248.532C504.041 393.258 393.12 504 256.333 504c-64.089 0-122.496-24.313-166.51-64.215-5.099-4.622-5.334-12.554-.467-17.42l33.967-33.967c4.474-4.474 11.662-4.717 16.401-.525C170.76 415.336 211.58 432 256.333 432c97.268 0 176-78.716 176-176 0-97.267-78.716-176-176-176-58.496 0-110.28 28.476-142.274 72.333h98.274c6.627 0 12 5.373 12 12v48c0 6.627-5.373 12-12 12z\"><\/path><\/svg>\t\t\t<\/a>\n\t\t<\/div>\n\t\t\t\t\t\t<\/div>\n\t\t\t\t\t<\/div>\n\t\t\t\t<\/div>\n\t\t<div class=\"elementor-element elementor-element-e1e4725 e-flex e-con-boxed e-con e-parent\" data-id=\"e1e4725\" data-element_type=\"container\" data-e-type=\"container\">\n\t\t\t\t\t<div class=\"e-con-inner\">\n\t\t\t\t\t<\/div>\n\t\t\t\t<\/div>\n\t\t<div class=\"elementor-element elementor-element-67f126a e-flex e-con-boxed e-con e-parent\" data-id=\"67f126a\" data-element_type=\"container\" data-e-type=\"container\">\n\t\t\t\t\t<div class=\"e-con-inner\">\n\t\t\t\t<div class=\"elementor-element elementor-element-af6a496 elementor-widget elementor-widget-html\" data-id=\"af6a496\" data-element_type=\"widget\" data-e-type=\"widget\" data-widget_type=\"html.default\">\n\t\t\t\t\t<body> <!-- Inicio do corpo da p\u00e1gina -->\r\n\r\n  ... <!-- Conte\u00fado da p\u00e1gina -->\r\n\r\n  <div vw class=\"enabled\">\r\n    <div vw-access-button class=\"active\"><\/div>\r\n    <div vw-plugin-wrapper>\r\n      <div class=\"vw-plugin-top-wrapper\"><\/div>\r\n    <\/div>\r\n  <\/div>\r\n  <script src=\"https:\/\/vlibras.gov.br\/app\/vlibras-plugin.js\"><\/script>\r\n  <script>\r\n    new window.VLibras.Widget('https:\/\/vlibras.gov.br\/app');\r\n  <\/script>\r\n<\/body> <!-- Fim do corpo da p\u00e1gina -->\t\t\t\t<\/div>\n\t\t\t\t\t<\/div>\n\t\t\t\t<\/div>\n\t\t\t\t<\/div>\n\t\t","protected":false},"excerpt":{"rendered":"<p>A Secretaria da Educa\u00e7\u00e3o (Sedu) instituiu, por meio da Portaria n\u00ba 348-R\/2022, o funcionamento do Programa Sucesso Escolar, destinado aos estudantes em situa\u00e7\u00e3o de distor\u00e7\u00e3o idade-s\u00e9rie, matriculados nos 6\u00ba e 7\u00ba anos do Ensino Fundamental das unidades escolares da Rede Estadual.<\/p>\n<p>O Programa \u00e9 uma proposta constru\u00edda de forma coletiva, coordenada pela Ger\u00eancia de Educa\u00e7\u00e3o Infantil e Ensino Fundamental (GEIEF) da Sedu, e tem como objetivo geral assegurar aos estudantes a progress\u00e3o da aprendizagem e a continuidade dos estudos com sucesso escolar, a fim de garantir a equidade na Rede Estadual de Ensino.<\/p>\n","protected":false},"author":1,"featured_media":23424,"parent":0,"menu_order":0,"comment_status":"open","ping_status":"closed","template":"elementor_header_footer","meta":{"footnotes":""},"class_list":["post-9952","page","type-page","status-publish","has-post-thumbnail","hentry"],"_links":{"self":[{"href":"https:\/\/curriculo.sedu.es.gov.br\/curriculo\/wp-json\/wp\/v2\/pages\/9952","targetHints":{"allow":["GET"]}}],"collection":[{"href":"https:\/\/curriculo.sedu.es.gov.br\/curriculo\/wp-json\/wp\/v2\/pages"}],"about":[{"href":"https:\/\/curriculo.sedu.es.gov.br\/curriculo\/wp-json\/wp\/v2\/types\/page"}],"author":[{"embeddable":true,"href":"https:\/\/curriculo.sedu.es.gov.br\/curriculo\/wp-json\/wp\/v2\/users\/1"}],"replies":[{"embeddable":true,"href":"https:\/\/curriculo.sedu.es.gov.br\/curriculo\/wp-json\/wp\/v2\/comments?post=9952"}],"version-history":[{"count":3,"href":"https:\/\/curriculo.sedu.es.gov.br\/curriculo\/wp-json\/wp\/v2\/pages\/9952\/revisions"}],"predecessor-version":[{"id":34429,"href":"https:\/\/curriculo.sedu.es.gov.br\/curriculo\/wp-json\/wp\/v2\/pages\/9952\/revisions\/34429"}],"wp:featuredmedia":[{"embeddable":true,"href":"https:\/\/curriculo.sedu.es.gov.br\/curriculo\/wp-json\/wp\/v2\/media\/23424"}],"wp:attachment":[{"href":"https:\/\/curriculo.sedu.es.gov.br\/curriculo\/wp-json\/wp\/v2\/media?parent=9952"}],"curies":[{"name":"wp","href":"https:\/\/api.w.org\/{rel}","templated":true}]}}